{"id":30653,"date":"2024-01-08T17:11:41","date_gmt":"2024-01-08T16:11:41","guid":{"rendered":"https:\/\/fyriresort.com\/?page_id=30653"},"modified":"2026-08-31T11:50:27","modified_gmt":"2026-08-31T09:50:27","slug":"vinter-pa-fyri","status":"publish","type":"page","link":"https:\/\/fyriresort.com\/no\/vinter-pa-fyri\/","title":{"rendered":"Vinter p\u00e5 F\u00fdri Resort"},"content":{"rendered":"<p><div class=\"fusion-fullwidth fullwidth-box fusion-builder-row-1 fusion-flex-container nonhundred-percent-fullwidth non-hundred-percent-height-scrolling fusion-no-small-visibility fusion-no-medium-visibility\" style=\"--awb-border-radius-top-left:0px;--awb-border-radius-top-right:0px;--awb-border-radius-bottom-right:0px;--awb-border-radius-bottom-left:0px;--awb-padding-right:2%;--awb-padding-left:2%;--awb-padding-right-small:4%;--awb-padding-left-small:4%;--awb-min-height:95vh;--awb-flex-wrap:wrap;\" ><div class=\"awb-background-slider\" data-type=\"container\" data-loop=\"yes\" data-animation=\"fade\" data-slideshow-speed=\"5000\" data-animation-speed=\"800\" data-direction=\"up\" style=\"--awb-image-position:17% 50%;\"><div class=\"swiper-wrapper\"><div class=\"swiper-slide\"><img decoding=\"async\" width=\"1920\" height=\"1080\" src=\"https:\/\/fyriresort.com\/wp-content\/uploads\/2026\/02\/fyri-resort-eksterior-vinter-snofall-hemsedal.webp\" class=\"awb-background-slider__image lazyload\" alt=\"F\u00fdri Resort i Hemsedal med sn\u00f8dekte omgivelser og sn\u00f8fall om vinteren\" srcset=\"data:image\/svg+xml,%3Csvg%20xmlns%3D%27http%3A%2F%2Fwww.w3.org%2F2000%2Fsvg%27%20width%3D%271920%27%20height%3D%271080%27%20viewBox%3D%270%200%201920%201080%27%3E%3Crect%20width%3D%271920%27%20height%3D%271080%27%20fill-opacity%3D%220%22%2F%3E%3C%2Fsvg%3E\" data-orig-src=\"https:\/\/fyriresort.com\/wp-content\/uploads\/2026\/02\/fyri-resort-eksterior-vinter-snofall-hemsedal.webp\" data-srcset=\"https:\/\/fyriresort.com\/wp-content\/uploads\/2026\/02\/fyri-resort-eksterior-vinter-snofall-hemsedal-200x113.webp 200w, https:\/\/fyriresort.com\/wp-content\/uploads\/2026\/02\/fyri-resort-eksterior-vinter-snofall-hemsedal-300x169.webp 300w, https:\/\/fyriresort.com\/wp-content\/uploads\/2026\/02\/fyri-resort-eksterior-vinter-snofall-hemsedal-400x225.webp 400w, https:\/\/fyriresort.com\/wp-content\/uploads\/2026\/02\/fyri-resort-eksterior-vinter-snofall-hemsedal-600x338.webp 600w, https:\/\/fyriresort.com\/wp-content\/uploads\/2026\/02\/fyri-resort-eksterior-vinter-snofall-hemsedal-768x432.webp 768w, https:\/\/fyriresort.com\/wp-content\/uploads\/2026\/02\/fyri-resort-eksterior-vinter-snofall-hemsedal-800x450.webp 800w, https:\/\/fyriresort.com\/wp-content\/uploads\/2026\/02\/fyri-resort-eksterior-vinter-snofall-hemsedal-1024x576.webp 1024w, https:\/\/fyriresort.com\/wp-content\/uploads\/2026\/02\/fyri-resort-eksterior-vinter-snofall-hemsedal-1200x675.webp 1200w, https:\/\/fyriresort.com\/wp-content\/uploads\/2026\/02\/fyri-resort-eksterior-vinter-snofall-hemsedal-1536x864.webp 1536w, https:\/\/fyriresort.com\/wp-content\/uploads\/2026\/02\/fyri-resort-eksterior-vinter-snofall-hemsedal.webp 1920w\" data-sizes=\"auto\" \/><\/div><div class=\"swiper-slide\"><img decoding=\"async\" width=\"1920\" height=\"1080\" src=\"https:\/\/fyriresort.com\/wp-content\/uploads\/2026\/02\/fyri-resort-langrenn-venner-hemsedal-vinter.webp\" class=\"awb-background-slider__image lazyload\" alt=\"To kvinner p\u00e5 langrenn i vinterlandskap n\u00e6r F\u00fdri Resort i Hemsedal\" srcset=\"data:image\/svg+xml,%3Csvg%20xmlns%3D%27http%3A%2F%2Fwww.w3.org%2F2000%2Fsvg%27%20width%3D%271920%27%20height%3D%271080%27%20viewBox%3D%270%200%201920%201080%27%3E%3Crect%20width%3D%271920%27%20height%3D%271080%27%20fill-opacity%3D%220%22%2F%3E%3C%2Fsvg%3E\" data-orig-src=\"https:\/\/fyriresort.com\/wp-content\/uploads\/2026\/02\/fyri-resort-langrenn-venner-hemsedal-vinter.webp\" data-srcset=\"https:\/\/fyriresort.com\/wp-content\/uploads\/2026\/02\/fyri-resort-langrenn-venner-hemsedal-vinter-200x113.webp 200w, https:\/\/fyriresort.com\/wp-content\/uploads\/2026\/02\/fyri-resort-langrenn-venner-hemsedal-vinter-300x169.webp 300w, https:\/\/fyriresort.com\/wp-content\/uploads\/2026\/02\/fyri-resort-langrenn-venner-hemsedal-vinter-400x225.webp 400w, https:\/\/fyriresort.com\/wp-content\/uploads\/2026\/02\/fyri-resort-langrenn-venner-hemsedal-vinter-600x338.webp 600w, https:\/\/fyriresort.com\/wp-content\/uploads\/2026\/02\/fyri-resort-langrenn-venner-hemsedal-vinter-768x432.webp 768w, https:\/\/fyriresort.com\/wp-content\/uploads\/2026\/02\/fyri-resort-langrenn-venner-hemsedal-vinter-800x450.webp 800w, https:\/\/fyriresort.com\/wp-content\/uploads\/2026\/02\/fyri-resort-langrenn-venner-hemsedal-vinter-1024x576.webp 1024w, https:\/\/fyriresort.com\/wp-content\/uploads\/2026\/02\/fyri-resort-langrenn-venner-hemsedal-vinter-1200x675.webp 1200w, https:\/\/fyriresort.com\/wp-content\/uploads\/2026\/02\/fyri-resort-langrenn-venner-hemsedal-vinter-1536x864.webp 1536w, https:\/\/fyriresort.com\/wp-content\/uploads\/2026\/02\/fyri-resort-langrenn-venner-hemsedal-vinter.webp 1920w\" data-sizes=\"auto\" \/><\/div><div class=\"swiper-slide\"><img decoding=\"async\" width=\"1920\" height=\"1080\" src=\"https:\/\/fyriresort.com\/wp-content\/uploads\/2026\/02\/fyri-resort-langrenn-loyper-hemsedal-vinter.webp\" class=\"awb-background-slider__image lazyload\" alt=\"Preparerte langrennsl\u00f8yper i solfylt vinterlandskap n\u00e6r F\u00fdri Resort i Hemsedal\" srcset=\"data:image\/svg+xml,%3Csvg%20xmlns%3D%27http%3A%2F%2Fwww.w3.org%2F2000%2Fsvg%27%20width%3D%271920%27%20height%3D%271080%27%20viewBox%3D%270%200%201920%201080%27%3E%3Crect%20width%3D%271920%27%20height%3D%271080%27%20fill-opacity%3D%220%22%2F%3E%3C%2Fsvg%3E\" data-orig-src=\"https:\/\/fyriresort.com\/wp-content\/uploads\/2026\/02\/fyri-resort-langrenn-loyper-hemsedal-vinter.webp\" data-srcset=\"https:\/\/fyriresort.com\/wp-content\/uploads\/2026\/02\/fyri-resort-langrenn-loyper-hemsedal-vinter-200x113.webp 200w, https:\/\/fyriresort.com\/wp-content\/uploads\/2026\/02\/fyri-resort-langrenn-loyper-hemsedal-vinter-300x169.webp 300w, https:\/\/fyriresort.com\/wp-content\/uploads\/2026\/02\/fyri-resort-langrenn-loyper-hemsedal-vinter-400x225.webp 400w, https:\/\/fyriresort.com\/wp-content\/uploads\/2026\/02\/fyri-resort-langrenn-loyper-hemsedal-vinter-600x338.webp 600w, https:\/\/fyriresort.com\/wp-content\/uploads\/2026\/02\/fyri-resort-langrenn-loyper-hemsedal-vinter-768x432.webp 768w, https:\/\/fyriresort.com\/wp-content\/uploads\/2026\/02\/fyri-resort-langrenn-loyper-hemsedal-vinter-800x450.webp 800w, https:\/\/fyriresort.com\/wp-content\/uploads\/2026\/02\/fyri-resort-langrenn-loyper-hemsedal-vinter-1024x576.webp 1024w, https:\/\/fyriresort.com\/wp-content\/uploads\/2026\/02\/fyri-resort-langrenn-loyper-hemsedal-vinter-1200x675.webp 1200w, https:\/\/fyriresort.com\/wp-content\/uploads\/2026\/02\/fyri-resort-langrenn-loyper-hemsedal-vinter-1536x864.webp 1536w, https:\/\/fyriresort.com\/wp-content\/uploads\/2026\/02\/fyri-resort-langrenn-loyper-hemsedal-vinter.webp 1920w\" data-sizes=\"auto\" \/><\/div><\/div><\/div><div class=\"fusion-builder-row fusion-row fusion-flex-align-items-center fusion-flex-align-content-center fusion-flex-justify-content-center fusion-flex-content-wrap\" style=\"max-width:calc( 1590px + 0px );margin-left: calc(-0px \/ 2 );margin-right: calc(-0px \/ 2 );\"><div class=\"fusion-layout-column fusion_builder_column fusion-builder-column-0 fusion-flex-column fusion-flex-align-self-center\" style=\"--awb-bg-size:cover;--awb-width-large:500px;--awb-margin-top-large:50px;--awb-spacing-right-large:0px;--awb-margin-bottom-large:0px;--awb-spacing-left-large:0px;--awb-width-medium:500px;--awb-spacing-right-medium:0px;--awb-spacing-left-medium:0px;--awb-width-small:100%;--awb-spacing-right-small:0px;--awb-spacing-left-small:0px;\"><div class=\"fusion-column-wrapper fusion-column-has-shadow fusion-flex-justify-content-center fusion-content-layout-column\"><div class=\"fusion-title title fusion-title-1 fusion-sep-none fusion-title-center fusion-title-text fusion-title-size-one label\" style=\"--awb-text-color:var(--awb-color3);--awb-margin-top-small:0px;--awb-margin-right-small:0px;--awb-margin-bottom-small:30px;--awb-margin-left-small:0px;\"><h1 class=\"fusion-title-heading title-heading-center fusion-responsive-typography-calculated\" style=\"margin:0;--fontSize:58;line-height:var(--awb-typography1-line-height);text-shadow:0px;\">Vinter p\u00e5 F\u00fdri Resort, Hemsedal<\/h1><\/div><div class=\"fusion-title title fusion-title-2 fusion-sep-none fusion-title-center fusion-title-text fusion-title-size-two\" style=\"--awb-text-color:var(--awb-color3);--awb-margin-bottom:25px;--awb-margin-top-small:0px;--awb-margin-right-small:0px;--awb-margin-bottom-small:30px;--awb-margin-left-small:0px;--awb-font-size:4.1rem;\"><h2 class=\"fusion-title-heading title-heading-center fusion-responsive-typography-calculated\" style=\"margin:0;font-size:1em;--fontSize:59.45;line-height:var(--awb-typography1-line-height);text-shadow:0px;\">The mountains<br \/>at their best<\/h2><\/div><div class=\"fusion-text fusion-text-1\" style=\"--awb-content-alignment:center;--awb-font-size:18px;--awb-text-color:var(--awb-color3);--awb-text-font-family:&quot;ThePicnicClub-Regular&quot;;--awb-text-font-style:normal;--awb-text-font-weight:400;\"><p>Start dagen i bakken, med ski-in og ski-out, og avslutt dagen ved bassengkanten. Lange skidager, sn\u00f8dekte fjell og frisk vinterluft. Dette er vinter i Hemsedal.<\/p>\n<\/div><\/div><\/div><\/div><\/div><div class=\"fusion-fullwidth fullwidth-box fusion-builder-row-2 fusion-flex-container fusion-parallax-none nonhundred-percent-fullwidth non-hundred-percent-height-scrolling fusion-no-large-visibility lazyload\" style=\"--awb-background-position-small:center center;--awb-border-radius-top-left:0px;--awb-border-radius-top-right:0px;--awb-border-radius-bottom-right:0px;--awb-border-radius-bottom-left:0px;--awb-padding-right:5%;--awb-padding-left:5%;--awb-padding-right-small:4%;--awb-padding-left-small:4%;--awb-margin-bottom:0px;--awb-min-height:85vh;--awb-background-image:linear-gradient(180deg, rgba(0,0,0,0.81) 0%,rgba(0,0,0,0) 35%);;--awb-background-size:cover;--awb-flex-wrap:wrap;\" data-bg=\"https:\/\/fyriresort.com\/wp-content\/uploads\/2026\/02\/fyri-resort-langrenn-loyper-hemsedal-vinter.webp\" data-bg-gradient=\"linear-gradient(180deg, rgba(0,0,0,0.81) 0%,rgba(0,0,0,0) 35%)\" ><div class=\"fusion-builder-row fusion-row fusion-flex-align-items-center fusion-flex-align-content-center fusion-flex-justify-content-center fusion-flex-content-wrap\" style=\"max-width:calc( 1590px + 0px );margin-left: calc(-0px \/ 2 );margin-right: calc(-0px \/ 2 );\"><div class=\"fusion-layout-column fusion_builder_column fusion-builder-column-1 fusion_builder_column_3_4 3_4 fusion-flex-column fusion-flex-align-self-center\" style=\"--awb-padding-top-small:0px;--awb-padding-right-small:4%;--awb-padding-bottom-small:0px;--awb-padding-left-small:4%;--awb-bg-size:cover;--awb-width-large:75%;--awb-margin-top-large:10vh;--awb-spacing-right-large:0px;--awb-margin-bottom-large:7vh;--awb-spacing-left-large:0px;--awb-width-medium:75%;--awb-spacing-right-medium:0px;--awb-spacing-left-medium:0px;--awb-width-small:100%;--awb-margin-top-small:20vh;--awb-spacing-right-small:0px;--awb-margin-bottom-small:19vh;--awb-spacing-left-small:0px;\"><div class=\"fusion-column-wrapper fusion-column-has-shadow fusion-flex-justify-content-center fusion-content-layout-column\"><div class=\"fusion-title title fusion-title-3 fusion-sep-none fusion-title-center fusion-title-text fusion-title-size-one\" style=\"--awb-text-color:#ffffff;--awb-margin-bottom:20px;--awb-margin-top-small:10px;--awb-margin-right-small:0px;--awb-margin-bottom-small:30px;--awb-margin-left-small:0px;\"><h1 class=\"fusion-title-heading title-heading-center fusion-responsive-typography-calculated\" style=\"margin:0;text-transform:none;--fontSize:58;line-height:var(--awb-typography1-line-height);text-shadow:1px 1px 0px #000000;\">Vinter p\u00e5 F\u00fdri Resort<\/h1><\/div><div class=\"fusion-text fusion-text-2\" style=\"--awb-content-alignment:center;--awb-text-color:var(--awb-color5);\"><p>Hva vil du gj\u00f8re?<\/p>\n<\/div><div class=\"fusion-builder-row fusion-builder-row-inner fusion-row fusion-flex-align-items-center fusion-flex-align-content-center fusion-flex-justify-content-center fusion-flex-content-wrap\" style=\"--awb-flex-grow:0;--awb-flex-grow-medium:0;--awb-flex-grow-small:0;--awb-flex-shrink:0;--awb-flex-shrink-medium:0;--awb-flex-shrink-small:0;width:calc( 100% + 0px ) !important;max-width:calc( 100% + 0px ) !important;margin-left: calc(-0px \/ 2 );margin-right: calc(-0px \/ 2 );\"><div class=\"fusion-layout-column fusion_builder_column_inner fusion-builder-nested-column-0 fusion_builder_column_inner_1_1 1_1 fusion-flex-column fusion-no-small-visibility\" style=\"--awb-bg-size:cover;--awb-width-large:100%;--awb-margin-top-large:0px;--awb-spacing-right-large:0px;--awb-margin-bottom-large:30px;--awb-spacing-left-large:0px;--awb-width-medium:100%;--awb-order-medium:0;--awb-spacing-right-medium:0px;--awb-spacing-left-medium:0px;--awb-width-small:100%;--awb-order-small:0;--awb-spacing-right-small:0px;--awb-spacing-left-small:0px;\"><div class=\"fusion-column-wrapper fusion-column-has-shadow fusion-flex-justify-content-center fusion-content-layout-row\"><div style=\"text-align:center;\"><a class=\"fusion-button button-flat fusion-button-default-size button-default fusion-button-default button-1 fusion-button-default-span fusion-button-default-type\" style=\"--awb-margin-right:10px;--awb-margin-left:10px;--awb-padding-right:40px;--awb-padding-left:40px;\" target=\"_blank\" rel=\"noopener noreferrer\" href=\"https:\/\/booking.fyriresort.com\/no\/package\"><span class=\"fusion-button-text awb-button__text awb-button__text--default\">Bestill opphold<\/span><\/a><\/div><div style=\"text-align:center;\"><a class=\"fusion-button button-flat fusion-button-default-size button-default fusion-button-default button-2 fusion-button-default-span fusion-button-default-type\" style=\"--awb-margin-right:10px;--awb-margin-left:10px;--awb-padding-right:50px;--awb-padding-left:50px;\" target=\"_blank\" rel=\"noopener noreferrer\" href=\"https:\/\/rentals.fyriresort.com\/\"><span class=\"fusion-button-text awb-button__text awb-button__text--default\">Skiutleie<\/span><\/a><\/div><div class=\"sm-text-align-center\" style=\"text-align:left;\"><a class=\"fusion-button button-flat fusion-button-default-size button-custom fusion-button-default button-3 fusion-button-span-no fusion-button-default-type fusion-has-button-gradient\" style=\"--awb-margin-right:10px;--awb-margin-left:10px;--awb-padding-top:13px;--awb-padding-right:39px;--awb-padding-bottom:13px;--awb-padding-left:39px;--button_accent_color:#004951;--button_border_color:#004951;--button_accent_hover_color:var(--awb-color1);--button_border_hover_color:#004951;--button_border_width-top:1px;--button_border_width-right:1px;--button_border_width-bottom:1px;--button_border_width-left:1px;--button_gradient_top_color:#f9f7f4;--button_gradient_bottom_color:#f9f7f4(0,73,81,0);--button_gradient_top_color_hover:rgba(249,247,244,0);--button_gradient_bottom_color_hover:rgba(249,247,244,0);\" target=\"_self\" href=\"\/aktiviteter\/vinter\/\"><span class=\"fusion-button-text awb-button__text awb-button__text--default\">Vinteraktiviteter<\/span><\/a><\/div><\/div><\/div><\/div><div class=\"fusion-builder-row fusion-builder-row-inner fusion-row fusion-flex-align-items-center fusion-flex-align-content-center fusion-flex-justify-content-center fusion-flex-content-wrap\" style=\"--awb-flex-grow:0;--awb-flex-grow-medium:0;--awb-flex-grow-small:0;--awb-flex-shrink:0;--awb-flex-shrink-medium:0;--awb-flex-shrink-small:0;width:calc( 100% + 0px ) !important;max-width:calc( 100% + 0px ) !important;margin-left: calc(-0px \/ 2 );margin-right: calc(-0px \/ 2 );\"><div class=\"fusion-layout-column fusion_builder_column_inner fusion-builder-nested-column-1 fusion_builder_column_inner_1_1 1_1 fusion-flex-column fusion-no-medium-visibility fusion-no-large-visibility\" style=\"--awb-bg-size:cover;--awb-width-large:100%;--awb-margin-top-large:0px;--awb-spacing-right-large:0px;--awb-margin-bottom-large:30px;--awb-spacing-left-large:0px;--awb-width-medium:100%;--awb-order-medium:0;--awb-spacing-right-medium:0px;--awb-spacing-left-medium:0px;--awb-width-small:100%;--awb-order-small:0;--awb-spacing-right-small:0px;--awb-spacing-left-small:0px;\"><div class=\"fusion-column-wrapper fusion-column-has-shadow fusion-flex-justify-content-center fusion-content-layout-column\"><div style=\"text-align:center;\"><a class=\"fusion-button button-flat fusion-button-default-size button-default fusion-button-default button-4 fusion-button-span-yes fusion-button-default-type\" style=\"--awb-margin-right:10px;--awb-margin-bottom:15px;--awb-margin-left:10px;--awb-padding-right:40px;--awb-padding-left:40px;\" target=\"_blank\" rel=\"noopener noreferrer\" href=\"https:\/\/booking.fyriresort.com\/no\/package\"><span class=\"fusion-button-text awb-button__text awb-button__text--default\">Bestill opphold<\/span><\/a><\/div><div style=\"text-align:center;\"><a class=\"fusion-button button-flat fusion-button-default-size button-default fusion-button-default button-5 fusion-button-span-yes fusion-button-default-type\" style=\"--awb-margin-right:10px;--awb-margin-bottom:15px;--awb-margin-left:10px;--awb-padding-right:50px;--awb-padding-left:50px;\" target=\"_blank\" rel=\"noopener noreferrer\" href=\"https:\/\/rentals.fyriresort.com\/\"><span class=\"fusion-button-text awb-button__text awb-button__text--default\">Skiutleie<\/span><\/a><\/div><div class=\"sm-text-align-center\" style=\"text-align:left;\"><a class=\"fusion-button button-flat fusion-button-default-size button-custom fusion-button-default button-6 fusion-button-span-yes fusion-button-default-type fusion-has-button-gradient\" style=\"--awb-margin-right:10px;--awb-margin-left:10px;--awb-padding-top:13px;--awb-padding-right:39px;--awb-padding-bottom:13px;--awb-padding-left:39px;--button_accent_color:#004951;--button_border_color:#004951;--button_accent_hover_color:var(--awb-color1);--button_border_hover_color:#004951;--button_border_width-top:1px;--button_border_width-right:1px;--button_border_width-bottom:1px;--button_border_width-left:1px;--button_gradient_top_color:#f9f7f4;--button_gradient_bottom_color:#f9f7f4(0,73,81,0);--button_gradient_top_color_hover:rgba(249,247,244,0);--button_gradient_bottom_color_hover:rgba(249,247,244,0);\" target=\"_self\" href=\"\/aktiviteter\/vinter\/\"><span class=\"fusion-button-text awb-button__text awb-button__text--default\">Vinteraktiviteter<\/span><\/a><\/div><i class=\"fb-icon-element-1 fb-icon-element fontawesome-icon fa-angle-down fas circle-no fusion-text-flow fusion-animated\" style=\"--awb-font-size:22px;--awb-sm-align-self:center;--awb-margin-top:50px;\" data-animationType=\"bounceInUp\" data-animationDuration=\"0.3\" data-animationDelay=\"0.1\" data-animationOffset=\"top-into-view\"><\/i><\/div><\/div><\/div><\/div><\/div><\/div><\/div><div class=\"fusion-fullwidth fullwidth-box fusion-builder-row-3 fusion-flex-container nonhundred-percent-fullwidth non-hundred-percent-height-scrolling awb-cv-auto fusion-custom-z-index\" style=\"--awb-background-position:left top;--awb-border-radius-top-left:0px;--awb-border-radius-top-right:0px;--awb-border-radius-bottom-right:0px;--awb-border-radius-bottom-left:0px;--awb-z-index:99;--awb-flex-wrap:wrap;\" ><div class=\"fusion-builder-row fusion-row fusion-flex-align-items-stretch fusion-flex-justify-content-space-between fusion-flex-content-wrap\" style=\"max-width:calc( 1590px + 40px );margin-left: calc(-40px \/ 2 );margin-right: calc(-40px \/ 2 );\"><div class=\"fusion-layout-column fusion_builder_column fusion-builder-column-2 fusion-flex-column fusion-flex-align-self-stretch\" style=\"--awb-z-index:99;--awb-padding-bottom:180px;--awb-padding-bottom-small:75px;--awb-bg-size:cover;--awb-width-large:70%;--awb-margin-top-large:0px;--awb-spacing-right-large:20px;--awb-margin-bottom-large:0px;--awb-spacing-left-large:20px;--awb-width-medium:50%;--awb-order-medium:0;--awb-spacing-right-medium:20px;--awb-spacing-left-medium:20px;--awb-width-small:100%;--awb-order-small:0;--awb-spacing-right-small:20px;--awb-spacing-left-small:20px;\"><div class=\"fusion-column-wrapper fusion-column-has-shadow fusion-flex-justify-content-flex-start fusion-content-layout-column\"><div class=\"fusion-builder-row fusion-builder-row-inner fusion-row fusion-flex-align-items-stretch fusion-flex-content-wrap\" style=\"--awb-flex-grow:0;--awb-flex-grow-medium:0;--awb-flex-grow-small:0;--awb-flex-shrink:0;--awb-flex-shrink-medium:0;--awb-flex-shrink-small:0;width:calc( 100% + 40px ) !important;max-width:calc( 100% + 40px ) !important;margin-left: calc(-40px \/ 2 );margin-right: calc(-40px \/ 2 );\"><div class=\"fusion-layout-column fusion_builder_column_inner fusion-builder-nested-column-2 fusion_builder_column_inner_5_6 5_6 fusion-flex-column\" style=\"--awb-bg-size:cover;--awb-width-large:83.333333333333%;--awb-margin-top-large:0px;--awb-spacing-right-large:20px;--awb-margin-bottom-large:30px;--awb-spacing-left-large:20px;--awb-width-medium:83.333333333333%;--awb-order-medium:0;--awb-spacing-right-medium:20px;--awb-spacing-left-medium:20px;--awb-width-small:87.33%;--awb-order-small:0;--awb-spacing-right-small:20px;--awb-spacing-left-small:20px;\"><div class=\"fusion-column-wrapper fusion-column-has-shadow fusion-flex-justify-content-flex-start fusion-content-layout-column\"><div class=\"fusion-image-element\" style=\"--awb-aspect-ratio: 100 \/ 75;--awb-caption-title-font-family:var(--h2_typography-font-family);--awb-caption-title-font-weight:var(--h2_typography-font-weight);--awb-caption-title-font-style:var(--h2_typography-font-style);--awb-caption-title-size:var(--h2_typography-font-size);--awb-caption-title-transform:var(--h2_typography-text-transform);--awb-caption-title-line-height:var(--h2_typography-line-height);--awb-caption-title-letter-spacing:var(--h2_typography-letter-spacing);\"><span class=\" fusion-imageframe imageframe-none imageframe-1 hover-type-none has-aspect-ratio\"><img decoding=\"async\" width=\"1024\" height=\"768\" alt=\"F\u00fdri Resort i Hemsedal under kraftig sn\u00f8fall om vinteren med moderne tre- og steinfasade\" title=\"F\u00fdri Resort i Hemsedal \u2013 stemningsfull vinterdag\" src=\"https:\/\/fyriresort.com\/wp-content\/uploads\/2026\/02\/fyri-resort-vinter-snofall-hemsetal.webp\" data-orig-src=\"https:\/\/fyriresort.com\/wp-content\/uploads\/2026\/02\/fyri-resort-vinter-snofall-hemsetal.webp\" class=\"lazyload img-responsive wp-image-38792 img-with-aspect-ratio\" data-parent-fit=\"cover\" data-parent-container=\".fusion-image-element\" srcset=\"data:image\/svg+xml,%3Csvg%20xmlns%3D%27http%3A%2F%2Fwww.w3.org%2F2000%2Fsvg%27%20width%3D%271024%27%20height%3D%27768%27%20viewBox%3D%270%200%201024%20768%27%3E%3Crect%20width%3D%271024%27%20height%3D%27768%27%20fill-opacity%3D%220%22%2F%3E%3C%2Fsvg%3E\" data-srcset=\"https:\/\/fyriresort.com\/wp-content\/uploads\/2026\/02\/fyri-resort-vinter-snofall-hemsetal-200x150.webp 200w, https:\/\/fyriresort.com\/wp-content\/uploads\/2026\/02\/fyri-resort-vinter-snofall-hemsetal-400x300.webp 400w, https:\/\/fyriresort.com\/wp-content\/uploads\/2026\/02\/fyri-resort-vinter-snofall-hemsetal-600x450.webp 600w, https:\/\/fyriresort.com\/wp-content\/uploads\/2026\/02\/fyri-resort-vinter-snofall-hemsetal-800x600.webp 800w, https:\/\/fyriresort.com\/wp-content\/uploads\/2026\/02\/fyri-resort-vinter-snofall-hemsetal.webp 1024w\" data-sizes=\"auto\" data-orig-sizes=\"(max-width: 800px) 100vw, 1024px\" \/><\/span><\/div><\/div><\/div><div class=\"fusion-layout-column fusion_builder_column_inner fusion-builder-nested-column-3 fusion-flex-column fusion-animated\" style=\"--awb-absolute-right:0px;--awb-absolute-bottom:-90px;--awb-container-position:absolute;--awb-bg-size:cover;--awb-width-large:38%;--awb-margin-top-large:0px;--awb-spacing-right-large:20px;--awb-margin-bottom-large:30px;--awb-spacing-left-large:20px;--awb-width-medium:38%;--awb-order-medium:0;--awb-spacing-right-medium:20px;--awb-spacing-left-medium:20px;--awb-width-small:50%;--awb-order-small:0;--awb-spacing-right-small:20px;--awb-spacing-left-small:20px;\" data-animationType=\"fadeInUp\" data-animationDuration=\"0.3\" data-animationDelay=\"0.3\" data-animationOffset=\"top-mid-of-view\"><div class=\"fusion-column-wrapper fusion-column-has-shadow fusion-flex-justify-content-flex-start fusion-content-layout-column\"><div class=\"fusion-image-element\" style=\"--awb-aspect-ratio: 100 \/ 137;--awb-caption-title-font-family:var(--h2_typography-font-family);--awb-caption-title-font-weight:var(--h2_typography-font-weight);--awb-caption-title-font-style:var(--h2_typography-font-style);--awb-caption-title-size:var(--h2_typography-font-size);--awb-caption-title-transform:var(--h2_typography-text-transform);--awb-caption-title-line-height:var(--h2_typography-line-height);--awb-caption-title-letter-spacing:var(--h2_typography-letter-spacing);\"><span class=\" fusion-imageframe imageframe-none imageframe-2 hover-type-none has-aspect-ratio\"><img decoding=\"async\" width=\"1440\" height=\"1800\" alt=\"Fjellandskap med foss og innsj\u00f8 i Hemsedal ved solnedgang om sommeren\" title=\"Fjell og foss i Hemsedal \u2013 sommerstemning\" src=\"https:\/\/fyriresort.com\/wp-content\/uploads\/2026\/04\/hemsedal-fjell-foss-solnedgang-sommer.webp\" data-orig-src=\"https:\/\/fyriresort.com\/wp-content\/uploads\/2026\/04\/hemsedal-fjell-foss-solnedgang-sommer.webp\" class=\"lazyload img-responsive wp-image-39132 img-with-aspect-ratio\" data-parent-fit=\"cover\" data-parent-container=\".fusion-image-element\" srcset=\"data:image\/svg+xml,%3Csvg%20xmlns%3D%27http%3A%2F%2Fwww.w3.org%2F2000%2Fsvg%27%20width%3D%271440%27%20height%3D%271800%27%20viewBox%3D%270%200%201440%201800%27%3E%3Crect%20width%3D%271440%27%20height%3D%271800%27%20fill-opacity%3D%220%22%2F%3E%3C%2Fsvg%3E\" data-srcset=\"https:\/\/fyriresort.com\/wp-content\/uploads\/2026\/04\/hemsedal-fjell-foss-solnedgang-sommer-200x250.webp 200w, https:\/\/fyriresort.com\/wp-content\/uploads\/2026\/04\/hemsedal-fjell-foss-solnedgang-sommer-400x500.webp 400w, https:\/\/fyriresort.com\/wp-content\/uploads\/2026\/04\/hemsedal-fjell-foss-solnedgang-sommer-600x750.webp 600w, https:\/\/fyriresort.com\/wp-content\/uploads\/2026\/04\/hemsedal-fjell-foss-solnedgang-sommer-800x1000.webp 800w, https:\/\/fyriresort.com\/wp-content\/uploads\/2026\/04\/hemsedal-fjell-foss-solnedgang-sommer-1200x1500.webp 1200w, https:\/\/fyriresort.com\/wp-content\/uploads\/2026\/04\/hemsedal-fjell-foss-solnedgang-sommer.webp 1440w\" data-sizes=\"auto\" data-orig-sizes=\"(max-width: 800px) 100vw, 600px\" \/><\/span><\/div><\/div><\/div><\/div><\/div><\/div><div class=\"fusion-layout-column fusion_builder_column fusion-builder-column-3 fusion-flex-column fusion-flex-align-self-stretch\" style=\"--awb-padding-right:2%;--awb-padding-left:2%;--awb-padding-right-small:3%;--awb-padding-left-small:3%;--awb-bg-size:cover;--awb-width-large:30%;--awb-margin-top-large:0px;--awb-spacing-right-large:20px;--awb-margin-bottom-large:30px;--awb-spacing-left-large:20px;--awb-width-medium:50%;--awb-order-medium:0;--awb-spacing-right-medium:20px;--awb-spacing-left-medium:20px;--awb-width-small:100%;--awb-order-small:0;--awb-margin-top-small:40px;--awb-spacing-right-small:20px;--awb-spacing-left-small:20px;\"><div class=\"fusion-column-wrapper fusion-column-has-shadow fusion-flex-justify-content-center fusion-content-layout-column\"><div class=\"fusion-title title fusion-title-4 fusion-sep-none fusion-title-text fusion-title-size-two typing-heading\" style=\"--awb-margin-top-small:0px;--awb-margin-right-small:0px;--awb-margin-bottom-small:20px;--awb-margin-left-small:0px;\"><h2 class=\"fusion-title-heading title-heading-left fusion-responsive-typography-calculated\" style=\"margin:0;text-transform:none;--fontSize:43.5;line-height:var(--awb-typography1-line-height);\">De skandinaviske alper, midt i Norge<\/h2><\/div><div class=\"fusion-text fusion-text-3\" style=\"--awb-content-alignment:left;\"><p>Det er ikke uten grunn at Hemsedal kalles de skandinaviske alpene. Med h\u00f8ye fjell, sn\u00f8rike vintre og en lang skisesong er det et sted som har satt seg p\u00e5 kartet blant Norges beste skidestinasjoner.<\/p>\n<p>F\u00fdri ligger midt i Hemsedal, med skibakkene rett utenfor d\u00f8ren. Start dagen i sn\u00f8en og avslutt den med 35 \u00b0C i vannet, fyr p\u00e5 peisen og en god middag.<\/p>\n<\/div><div ><a class=\"fusion-button button-flat fusion-button-default-size button-custom fusion-button-default button-7 fusion-button-default-span fusion-button-default-type\" style=\"--button_accent_color:var(--awb-color1);--button_accent_hover_color:var(--awb-color1);--button_border_hover_color:#004953;--button_gradient_top_color:rgba(253,226,192,0);--button_gradient_bottom_color:rgba(253,226,192,0);--button_gradient_top_color_hover:rgba(253,226,192,0);--button_gradient_bottom_color_hover:rgba(253,226,192,0);\" target=\"_blank\" rel=\"noopener noreferrer\" href=\"https:\/\/booking.fyriresort.com\/no\/package\"><span class=\"fusion-button-text awb-button__text awb-button__text--default\">Se alle pakketilbud<\/span><\/a><\/div><\/div><\/div><\/div><\/div><div class=\"fusion-fullwidth fullwidth-box fusion-builder-row-4 fusion-flex-container has-pattern-background has-mask-background hundred-percent-fullwidth non-hundred-percent-height-scrolling awb-cv-auto\" style=\"--awb-border-radius-top-left:0px;--awb-border-radius-top-right:0px;--awb-border-radius-bottom-right:0px;--awb-border-radius-bottom-left:0px;--awb-padding-top:60px;--awb-padding-bottom:60px;--awb-padding-right-small:20px;--awb-padding-bottom-small:20px;--awb-padding-left-small:20px;--awb-flex-wrap:wrap;\" ><div class=\"fusion-builder-row fusion-row fusion-flex-align-items-flex-start fusion-flex-content-wrap\" style=\"width:calc( 100% + 40px ) !important;max-width:calc( 100% + 40px ) !important;margin-left: calc(-40px \/ 2 );margin-right: calc(-40px \/ 2 );\"><div class=\"fusion-layout-column fusion_builder_column fusion-builder-column-4 fusion_builder_column_1_1 1_1 fusion-flex-column\" style=\"--awb-bg-size:cover;--awb-width-large:100%;--awb-margin-top-large:0px;--awb-spacing-right-large:20px;--awb-margin-bottom-large:30px;--awb-spacing-left-large:20px;--awb-width-medium:100%;--awb-order-medium:0;--awb-spacing-right-medium:20px;--awb-spacing-left-medium:20px;--awb-width-small:100%;--awb-order-small:0;--awb-spacing-right-small:20px;--awb-spacing-left-small:20px;\"><div class=\"fusion-column-wrapper fusion-column-has-shadow fusion-flex-justify-content-flex-start fusion-content-layout-column\"><div class=\"fusion-title title fusion-title-5 fusion-sep-none fusion-title-center fusion-title-text fusion-title-size-two\" style=\"--awb-margin-bottom:20px;--awb-margin-top-small:0px;--awb-margin-right-small:0px;--awb-margin-bottom-small:20px;--awb-margin-left-small:0px;\"><h2 class=\"fusion-title-heading title-heading-center fusion-responsive-typography-calculated\" style=\"margin:0;text-transform:none;--fontSize:43.5;line-height:var(--awb-typography1-line-height);\">Pakker &amp; Tilbud<\/h2><\/div><\/div><\/div><div class=\"fusion-layout-column fusion_builder_column fusion-builder-column-5 fusion_builder_column_1_3 1_3 fusion-flex-column fusion-flex-align-self-stretch\" style=\"--awb-bg-size:cover;--awb-width-large:33.333333333333%;--awb-margin-top-large:0px;--awb-spacing-right-large:20px;--awb-margin-bottom-large:30px;--awb-spacing-left-large:20px;--awb-width-medium:33.333333333333%;--awb-order-medium:0;--awb-spacing-right-medium:20px;--awb-spacing-left-medium:20px;--awb-width-small:100%;--awb-order-small:0;--awb-spacing-right-small:20px;--awb-margin-bottom-small:20px;--awb-spacing-left-small:20px;\"><div class=\"fusion-column-wrapper fusion-column-has-shadow fusion-flex-justify-content-flex-start fusion-content-layout-column\"><div class=\"fusion-image-element\" style=\"--awb-caption-title-font-family:var(--h2_typography-font-family);--awb-caption-title-font-weight:var(--h2_typography-font-weight);--awb-caption-title-font-style:var(--h2_typography-font-style);--awb-caption-title-size:var(--h2_typography-font-size);--awb-caption-title-transform:var(--h2_typography-text-transform);--awb-caption-title-line-height:var(--h2_typography-line-height);--awb-caption-title-letter-spacing:var(--h2_typography-letter-spacing);\"><span class=\" fusion-imageframe imageframe-none imageframe-3 hover-type-none\"><img decoding=\"async\" width=\"1920\" height=\"1080\" title=\"Fy\u0301ri &#8211; Room &#038; Breakfast BV[56]\" src=\"https:\/\/fyriresort.com\/wp-content\/uploads\/2025\/08\/Fyri-Room-Breakfast-BV56.jpg\" data-orig-src=\"https:\/\/fyriresort.com\/wp-content\/uploads\/2025\/08\/Fyri-Room-Breakfast-BV56.jpg\" alt class=\"lazyload img-responsive wp-image-37648\" srcset=\"data:image\/svg+xml,%3Csvg%20xmlns%3D%27http%3A%2F%2Fwww.w3.org%2F2000%2Fsvg%27%20width%3D%271920%27%20height%3D%271080%27%20viewBox%3D%270%200%201920%201080%27%3E%3Crect%20width%3D%271920%27%20height%3D%271080%27%20fill-opacity%3D%220%22%2F%3E%3C%2Fsvg%3E\" data-srcset=\"https:\/\/fyriresort.com\/wp-content\/uploads\/2025\/08\/Fyri-Room-Breakfast-BV56-200x113.jpg 200w, https:\/\/fyriresort.com\/wp-content\/uploads\/2025\/08\/Fyri-Room-Breakfast-BV56-400x225.jpg 400w, https:\/\/fyriresort.com\/wp-content\/uploads\/2025\/08\/Fyri-Room-Breakfast-BV56-600x338.jpg 600w, https:\/\/fyriresort.com\/wp-content\/uploads\/2025\/08\/Fyri-Room-Breakfast-BV56-800x450.jpg 800w, https:\/\/fyriresort.com\/wp-content\/uploads\/2025\/08\/Fyri-Room-Breakfast-BV56-1200x675.jpg 1200w, https:\/\/fyriresort.com\/wp-content\/uploads\/2025\/08\/Fyri-Room-Breakfast-BV56.jpg 1920w\" data-sizes=\"auto\" data-orig-sizes=\"(max-width: 800px) 100vw, 600px\" \/><\/span><\/div><div class=\"fusion-builder-row fusion-builder-row-inner fusion-row fusion-flex-align-items-flex-start fusion-flex-content-wrap\" style=\"--awb-flex-grow:0;--awb-flex-grow-medium:0;--awb-flex-grow-small:0;--awb-flex-shrink:0;--awb-flex-shrink-medium:0;--awb-flex-shrink-small:0;width:calc( 100% + 40px ) !important;max-width:calc( 100% + 40px ) !important;margin-left: calc(-40px \/ 2 );margin-right: calc(-40px \/ 2 );\"><div class=\"fusion-layout-column fusion_builder_column_inner fusion-builder-nested-column-4 fusion_builder_column_inner_1_1 1_1 fusion-flex-column\" style=\"--awb-padding-top:25px;--awb-padding-right:20px;--awb-padding-bottom:25px;--awb-padding-left:20px;--awb-bg-size:cover;--awb-width-large:100%;--awb-margin-top-large:0px;--awb-spacing-right-large:20px;--awb-margin-bottom-large:30px;--awb-spacing-left-large:20px;--awb-width-medium:100%;--awb-order-medium:0;--awb-spacing-right-medium:20px;--awb-spacing-left-medium:20px;--awb-width-small:100%;--awb-order-small:0;--awb-spacing-right-small:20px;--awb-spacing-left-small:20px;\"><div class=\"fusion-column-wrapper fusion-column-has-shadow fusion-flex-justify-content-flex-start fusion-content-layout-column\"><div class=\"fusion-title title fusion-title-6 fusion-sep-none fusion-title-text fusion-title-size-three\" style=\"--awb-margin-bottom:20px;--awb-margin-top-small:0px;--awb-margin-right-small:0px;--awb-margin-bottom-small:20px;--awb-margin-left-small:0px;\"><h3 class=\"fusion-title-heading title-heading-left fusion-responsive-typography-calculated\" style=\"margin:0;letter-spacing:0px;text-transform:none;--fontSize:30.45;line-height:var(--awb-typography1-line-height);\">Room &amp; Breakfast<\/h3><\/div><div class=\"fusion-text fusion-text-4 fusion-text-no-margin\" style=\"--awb-content-alignment:left;--awb-margin-bottom:20px;\"><p>En god seng, en rolig morgen og frokost med fjellene rett utenfor. Alt du trenger for en god start p\u00e5 dagen.<\/p>\n<\/div><div style=\"text-align:left;\"><a class=\"fusion-button button-flat fusion-button-default-size button-default fusion-button-default button-8 fusion-button-span-no fusion-button-default-type\" target=\"_blank\" rel=\"noopener noreferrer\" href=\"https:\/\/booking.fyriresort.com\/no\/package\/package-details\/room-breakfast?packageid=ae27114c-bf78-41f3-9349-8bdd09dd107e\"><span class=\"fusion-button-text awb-button__text awb-button__text--default\">Bestill her<\/span><\/a><\/div><\/div><\/div><\/div><\/div><\/div><div class=\"fusion-layout-column fusion_builder_column fusion-builder-column-6 fusion_builder_column_1_3 1_3 fusion-flex-column fusion-flex-align-self-stretch\" style=\"--awb-bg-size:cover;--awb-width-large:33.333333333333%;--awb-margin-top-large:0px;--awb-spacing-right-large:20px;--awb-margin-bottom-large:30px;--awb-spacing-left-large:20px;--awb-width-medium:33.333333333333%;--awb-order-medium:0;--awb-spacing-right-medium:20px;--awb-spacing-left-medium:20px;--awb-width-small:100%;--awb-order-small:0;--awb-spacing-right-small:20px;--awb-margin-bottom-small:20px;--awb-spacing-left-small:20px;\"><div class=\"fusion-column-wrapper fusion-column-has-shadow fusion-flex-justify-content-flex-start fusion-content-layout-column\"><div class=\"fusion-image-element\" style=\"--awb-caption-title-font-family:var(--h2_typography-font-family);--awb-caption-title-font-weight:var(--h2_typography-font-weight);--awb-caption-title-font-style:var(--h2_typography-font-style);--awb-caption-title-size:var(--h2_typography-font-size);--awb-caption-title-transform:var(--h2_typography-text-transform);--awb-caption-title-line-height:var(--h2_typography-line-height);--awb-caption-title-letter-spacing:var(--h2_typography-letter-spacing);\"><span class=\" fusion-imageframe imageframe-none imageframe-4 hover-type-none\"><img decoding=\"async\" width=\"1920\" height=\"1080\" title=\"Fy\u0301ri &#8211; Pool Club &#038; Dine BV[67]\" src=\"https:\/\/fyriresort.com\/wp-content\/uploads\/2025\/08\/Fyri-Pool-Club-Dine-BV67.jpg\" data-orig-src=\"https:\/\/fyriresort.com\/wp-content\/uploads\/2025\/08\/Fyri-Pool-Club-Dine-BV67.jpg\" alt class=\"lazyload img-responsive wp-image-37651\" srcset=\"data:image\/svg+xml,%3Csvg%20xmlns%3D%27http%3A%2F%2Fwww.w3.org%2F2000%2Fsvg%27%20width%3D%271920%27%20height%3D%271080%27%20viewBox%3D%270%200%201920%201080%27%3E%3Crect%20width%3D%271920%27%20height%3D%271080%27%20fill-opacity%3D%220%22%2F%3E%3C%2Fsvg%3E\" data-srcset=\"https:\/\/fyriresort.com\/wp-content\/uploads\/2025\/08\/Fyri-Pool-Club-Dine-BV67-200x113.jpg 200w, https:\/\/fyriresort.com\/wp-content\/uploads\/2025\/08\/Fyri-Pool-Club-Dine-BV67-400x225.jpg 400w, https:\/\/fyriresort.com\/wp-content\/uploads\/2025\/08\/Fyri-Pool-Club-Dine-BV67-600x338.jpg 600w, https:\/\/fyriresort.com\/wp-content\/uploads\/2025\/08\/Fyri-Pool-Club-Dine-BV67-800x450.jpg 800w, https:\/\/fyriresort.com\/wp-content\/uploads\/2025\/08\/Fyri-Pool-Club-Dine-BV67-1200x675.jpg 1200w, https:\/\/fyriresort.com\/wp-content\/uploads\/2025\/08\/Fyri-Pool-Club-Dine-BV67.jpg 1920w\" data-sizes=\"auto\" data-orig-sizes=\"(max-width: 800px) 100vw, 600px\" \/><\/span><\/div><div class=\"fusion-builder-row fusion-builder-row-inner fusion-row fusion-flex-align-items-flex-start fusion-flex-content-wrap\" style=\"--awb-flex-grow:0;--awb-flex-grow-medium:0;--awb-flex-grow-small:0;--awb-flex-shrink:0;--awb-flex-shrink-medium:0;--awb-flex-shrink-small:0;width:calc( 100% + 40px ) !important;max-width:calc( 100% + 40px ) !important;margin-left: calc(-40px \/ 2 );margin-right: calc(-40px \/ 2 );\"><div class=\"fusion-layout-column fusion_builder_column_inner fusion-builder-nested-column-5 fusion_builder_column_inner_1_1 1_1 fusion-flex-column fusion-column-inner-bg-wrapper\" style=\"--awb-padding-top:25px;--awb-padding-right:20px;--awb-padding-bottom:25px;--awb-padding-left:20px;--awb-inner-bg-size:cover;--awb-width-large:100%;--awb-margin-top-large:0px;--awb-spacing-right-large:20px;--awb-margin-bottom-large:30px;--awb-spacing-left-large:20px;--awb-width-medium:100%;--awb-order-medium:0;--awb-spacing-right-medium:20px;--awb-spacing-left-medium:20px;--awb-width-small:100%;--awb-order-small:0;--awb-spacing-right-small:20px;--awb-spacing-left-small:20px;\"><span class=\"fusion-column-inner-bg hover-type-none\"><a class=\"fusion-column-anchor\" href=\"https:\/\/booking.fyriresort.com\/no\/package\/list?packageCategoryId=644a1283-74c2-436d-8da7-bfeacd278036&#038;currency=NOK&#038;langId=5\"><span class=\"fusion-column-inner-bg-image\"><\/span><\/a><\/span><div class=\"fusion-column-wrapper fusion-column-has-shadow fusion-flex-justify-content-flex-start fusion-content-layout-column\"><div class=\"fusion-title title fusion-title-7 fusion-sep-none fusion-title-text fusion-title-size-three\" style=\"--awb-margin-bottom:20px;--awb-margin-top-small:0px;--awb-margin-right-small:0px;--awb-margin-bottom-small:20px;--awb-margin-left-small:0px;\"><h3 class=\"fusion-title-heading title-heading-left fusion-responsive-typography-calculated\" style=\"margin:0;letter-spacing:0px;text-transform:none;--fontSize:30.45;line-height:var(--awb-typography1-line-height);\">Pool Club &amp; Dine<\/h3><\/div><div class=\"fusion-text fusion-text-5 fusion-text-no-margin\" style=\"--awb-content-alignment:left;--awb-margin-bottom:20px;\"><p>Opplev det beste av F\u00fdri i ett opphold: avslappende timer i Pool Club, treretters middag piLIV Restaurant og en lang frokost med god tid til \u00e5 nyte morgenen.<\/p>\n<\/div><div style=\"text-align:left;\"><a class=\"fusion-button button-flat fusion-button-default-size button-default fusion-button-default button-9 fusion-button-span-no fusion-button-default-type\" target=\"_blank\" rel=\"noopener noreferrer\" href=\"https:\/\/booking.fyriresort.com\/no\/package\/package-details?packageid=b54546f0-1eef-4115-85c4-c6824266fe6d\"><span class=\"fusion-button-text awb-button__text awb-button__text--default\">Bestill her<\/span><\/a><\/div><\/div><\/div><\/div><\/div><\/div><div class=\"fusion-layout-column fusion_builder_column fusion-builder-column-7 fusion_builder_column_1_3 1_3 fusion-flex-column fusion-flex-align-self-stretch\" style=\"--awb-bg-size:cover;--awb-width-large:33.333333333333%;--awb-margin-top-large:0px;--awb-spacing-right-large:20px;--awb-margin-bottom-large:30px;--awb-spacing-left-large:20px;--awb-width-medium:33.333333333333%;--awb-order-medium:0;--awb-spacing-right-medium:20px;--awb-spacing-left-medium:20px;--awb-width-small:100%;--awb-order-small:0;--awb-spacing-right-small:20px;--awb-margin-bottom-small:20px;--awb-spacing-left-small:20px;\"><div class=\"fusion-column-wrapper fusion-column-has-shadow fusion-flex-justify-content-flex-start fusion-content-layout-column\"><div class=\"fusion-image-element\" style=\"--awb-caption-title-font-family:var(--h2_typography-font-family);--awb-caption-title-font-weight:var(--h2_typography-font-weight);--awb-caption-title-font-style:var(--h2_typography-font-style);--awb-caption-title-size:var(--h2_typography-font-size);--awb-caption-title-transform:var(--h2_typography-text-transform);--awb-caption-title-line-height:var(--h2_typography-line-height);--awb-caption-title-letter-spacing:var(--h2_typography-letter-spacing);\"><span class=\" fusion-imageframe imageframe-none imageframe-5 hover-type-none\"><img decoding=\"async\" width=\"1920\" height=\"1080\" title=\"Fy\u0301ri &#8211; Winter At Fyri BV\" src=\"https:\/\/fyriresort.com\/wp-content\/uploads\/2025\/08\/Fyri-Winter-At-Fyri-BV.jpg\" data-orig-src=\"https:\/\/fyriresort.com\/wp-content\/uploads\/2025\/08\/Fyri-Winter-At-Fyri-BV.jpg\" alt class=\"lazyload img-responsive wp-image-37662\" srcset=\"data:image\/svg+xml,%3Csvg%20xmlns%3D%27http%3A%2F%2Fwww.w3.org%2F2000%2Fsvg%27%20width%3D%271920%27%20height%3D%271080%27%20viewBox%3D%270%200%201920%201080%27%3E%3Crect%20width%3D%271920%27%20height%3D%271080%27%20fill-opacity%3D%220%22%2F%3E%3C%2Fsvg%3E\" data-srcset=\"https:\/\/fyriresort.com\/wp-content\/uploads\/2025\/08\/Fyri-Winter-At-Fyri-BV-200x113.jpg 200w, https:\/\/fyriresort.com\/wp-content\/uploads\/2025\/08\/Fyri-Winter-At-Fyri-BV-400x225.jpg 400w, https:\/\/fyriresort.com\/wp-content\/uploads\/2025\/08\/Fyri-Winter-At-Fyri-BV-600x338.jpg 600w, https:\/\/fyriresort.com\/wp-content\/uploads\/2025\/08\/Fyri-Winter-At-Fyri-BV-800x450.jpg 800w, https:\/\/fyriresort.com\/wp-content\/uploads\/2025\/08\/Fyri-Winter-At-Fyri-BV-1200x675.jpg 1200w, https:\/\/fyriresort.com\/wp-content\/uploads\/2025\/08\/Fyri-Winter-At-Fyri-BV.jpg 1920w\" data-sizes=\"auto\" data-orig-sizes=\"(max-width: 800px) 100vw, 600px\" \/><\/span><\/div><div class=\"fusion-builder-row fusion-builder-row-inner fusion-row fusion-flex-align-items-flex-start fusion-flex-content-wrap\" style=\"--awb-flex-grow:0;--awb-flex-grow-medium:0;--awb-flex-grow-small:0;--awb-flex-shrink:0;--awb-flex-shrink-medium:0;--awb-flex-shrink-small:0;width:calc( 100% + 40px ) !important;max-width:calc( 100% + 40px ) !important;margin-left: calc(-40px \/ 2 );margin-right: calc(-40px \/ 2 );\"><div class=\"fusion-layout-column fusion_builder_column_inner fusion-builder-nested-column-6 fusion_builder_column_inner_1_1 1_1 fusion-flex-column fusion-column-inner-bg-wrapper\" style=\"--awb-padding-top:25px;--awb-padding-right:20px;--awb-padding-bottom:25px;--awb-padding-left:20px;--awb-inner-bg-size:cover;--awb-width-large:100%;--awb-margin-top-large:0px;--awb-spacing-right-large:20px;--awb-margin-bottom-large:30px;--awb-spacing-left-large:20px;--awb-width-medium:100%;--awb-order-medium:0;--awb-spacing-right-medium:20px;--awb-spacing-left-medium:20px;--awb-width-small:100%;--awb-order-small:0;--awb-spacing-right-small:20px;--awb-spacing-left-small:20px;\"><span class=\"fusion-column-inner-bg hover-type-none\"><a class=\"fusion-column-anchor\" href=\"https:\/\/booking.fyriresort.com\/no\/package\/package-details\/christmas-at-fyri-3-netter\"><span class=\"fusion-column-inner-bg-image\"><\/span><\/a><\/span><div class=\"fusion-column-wrapper fusion-column-has-shadow fusion-flex-justify-content-flex-start fusion-content-layout-column\"><div class=\"fusion-title title fusion-title-8 fusion-sep-none fusion-title-text fusion-title-size-three\" style=\"--awb-margin-bottom:20px;--awb-margin-top-small:0px;--awb-margin-right-small:0px;--awb-margin-bottom-small:20px;--awb-margin-left-small:0px;\"><h3 class=\"fusion-title-heading title-heading-left fusion-responsive-typography-calculated\" style=\"margin:0;letter-spacing:0px;text-transform:none;--fontSize:30.45;line-height:var(--awb-typography1-line-height);\">Winter at F\u00fdri<\/h3><\/div><div class=\"fusion-text fusion-text-6 fusion-text-no-margin\" style=\"--awb-content-alignment:left;--awb-margin-bottom:20px;\"><p>Hele vinteren, gjort ordentlig: st\u00e5 p\u00e5 ski, bad, spis godt, gjenta. Bli noen netter, og jo lenger du blir, jo mindre koster hver natt.<br \/>Bli lenger, spar mer! Opptil 30 % rabatt<\/p>\n<\/div><div style=\"text-align:left;\"><a class=\"fusion-button button-flat fusion-button-default-size button-default fusion-button-default button-10 fusion-button-span-no fusion-button-default-type\" target=\"_blank\" rel=\"noopener noreferrer\" href=\"https:\/\/booking.fyriresort.com\/no\/package\/package-details?packageid=5ab1f8d7-caad-43fc-9c1a-7bd4c4ec3f56 \"><span class=\"fusion-button-text awb-button__text awb-button__text--default\">Bestill her<\/span><\/a><\/div><\/div><\/div><\/div><\/div><\/div><\/div><\/div><div class=\"fusion-fullwidth fullwidth-box fusion-builder-row-5 fusion-flex-container nonhundred-percent-fullwidth non-hundred-percent-height-scrolling awb-cv-auto\" style=\"--awb-background-position:left top;--awb-border-radius-top-left:0px;--awb-border-radius-top-right:0px;--awb-border-radius-bottom-right:0px;--awb-border-radius-bottom-left:0px;--awb-flex-wrap:wrap;\" ><div class=\"fusion-builder-row fusion-row fusion-flex-align-items-stretch fusion-flex-justify-content-center fusion-flex-content-wrap\" style=\"max-width:calc( 1590px + 35px );margin-left: calc(-35px \/ 2 );margin-right: calc(-35px \/ 2 );\"><div class=\"fusion-layout-column fusion_builder_column fusion-builder-column-8 fusion-flex-column fusion-flex-align-self-stretch\" style=\"--awb-padding-right:2%;--awb-padding-left:2%;--awb-padding-top-small:40px;--awb-bg-size:cover;--awb-width-large:30%;--awb-margin-top-large:0px;--awb-spacing-right-large:17.5px;--awb-margin-bottom-large:30px;--awb-spacing-left-large:17.5px;--awb-width-medium:50%;--awb-order-medium:0;--awb-spacing-right-medium:17.5px;--awb-spacing-left-medium:17.5px;--awb-width-small:100%;--awb-order-small:2;--awb-spacing-right-small:17.5px;--awb-spacing-left-small:17.5px;\"><div class=\"fusion-column-wrapper fusion-column-has-shadow fusion-flex-justify-content-center fusion-content-layout-column\"><div class=\"fusion-title title fusion-title-9 fusion-sep-none fusion-title-text fusion-title-size-two\" style=\"--awb-text-color:var(--awb-color1);--awb-margin-top-small:0px;--awb-margin-right-small:0px;--awb-margin-bottom-small:20px;--awb-margin-left-small:0px;\"><h2 class=\"fusion-title-heading title-heading-left fusion-responsive-typography-calculated\" style=\"margin:0;text-transform:none;--fontSize:43.5;line-height:var(--awb-typography1-line-height);\">La utstyret v\u00e6re v\u00e5r sak<\/h2><\/div><div class=\"fusion-text fusion-text-7\" style=\"--awb-content-alignment:left;\"><p>Det er ingen mangel p\u00e5 ting \u00e5 gj\u00f8re om vinteren. Alpint, topptur, hundekj\u00f8ring, sk\u00f8yter, sn\u00f8scooter og mye mer. F\u00fdri ligger rett i bakken med ski-in, ski-out, s\u00e5 det er aldri langt til moroa. Lei ski hos oss, alpint eller langrenn. Vi ordner heiskortet og alt annet du trenger for dagen.<\/p>\n<\/div><div ><a class=\"fusion-button button-flat fusion-button-default-size button-custom fusion-button-default button-11 fusion-button-default-span fusion-button-default-type\" style=\"--awb-margin-bottom:10px;--button_accent_color:var(--awb-color1);--button_accent_hover_color:var(--awb-color1);--button_border_hover_color:#004953;--button_gradient_top_color:rgba(253,226,192,0);--button_gradient_bottom_color:rgba(253,226,192,0);--button_gradient_top_color_hover:rgba(253,226,192,0);--button_gradient_bottom_color_hover:rgba(253,226,192,0);\" target=\"_blank\" rel=\"noopener noreferrer\" href=\"https:\/\/rentals.fyriresort.com\/\"><span class=\"fusion-button-text awb-button__text awb-button__text--default\">Lei skiutstyr<\/span><\/a><\/div><\/div><\/div><div class=\"fusion-layout-column fusion_builder_column fusion-builder-column-9 fusion-flex-column fusion-flex-align-self-stretch\" style=\"--awb-bg-color:var(--awb-color4);--awb-bg-color-hover:var(--awb-color4);--awb-bg-size:cover;--awb-width-large:70%;--awb-margin-top-large:0px;--awb-spacing-right-large:17.5px;--awb-margin-bottom-large:0px;--awb-spacing-left-large:17.5px;--awb-width-medium:50%;--awb-order-medium:0;--awb-spacing-right-medium:17.5px;--awb-spacing-left-medium:17.5px;--awb-width-small:100%;--awb-order-small:0;--awb-spacing-right-small:17.5px;--awb-spacing-left-small:17.5px;\"><div class=\"fusion-column-wrapper fusion-column-has-shadow fusion-flex-justify-content-space-between fusion-content-layout-column\"><div class=\"fusion-image-element\" style=\"--awb-aspect-ratio: 100 \/ 70;--awb-caption-title-font-family:var(--h2_typography-font-family);--awb-caption-title-font-weight:var(--h2_typography-font-weight);--awb-caption-title-font-style:var(--h2_typography-font-style);--awb-caption-title-size:var(--h2_typography-font-size);--awb-caption-title-transform:var(--h2_typography-text-transform);--awb-caption-title-line-height:var(--h2_typography-line-height);--awb-caption-title-letter-spacing:var(--h2_typography-letter-spacing);\"><span class=\" fusion-imageframe imageframe-none imageframe-6 hover-type-none has-aspect-ratio\"><img decoding=\"async\" width=\"1024\" height=\"768\" alt=\"Langrenn i sn\u00f8dekt vinterlandskap n\u00e6r F\u00fdri Resort i Hemsedal\" title=\"Langrenn i Hemsedal \u2013 vinteropplevelser ved F\u00fdri Resort\" src=\"https:\/\/fyriresort.com\/wp-content\/uploads\/2026\/02\/fyri-resort-langrenn-hemsedal-vinter.webp\" data-orig-src=\"https:\/\/fyriresort.com\/wp-content\/uploads\/2026\/02\/fyri-resort-langrenn-hemsedal-vinter.webp\" class=\"lazyload img-responsive wp-image-38795 img-with-aspect-ratio\" data-parent-fit=\"cover\" data-parent-container=\".fusion-image-element\" srcset=\"data:image\/svg+xml,%3Csvg%20xmlns%3D%27http%3A%2F%2Fwww.w3.org%2F2000%2Fsvg%27%20width%3D%271024%27%20height%3D%27768%27%20viewBox%3D%270%200%201024%20768%27%3E%3Crect%20width%3D%271024%27%20height%3D%27768%27%20fill-opacity%3D%220%22%2F%3E%3C%2Fsvg%3E\" data-srcset=\"https:\/\/fyriresort.com\/wp-content\/uploads\/2026\/02\/fyri-resort-langrenn-hemsedal-vinter-200x150.webp 200w, https:\/\/fyriresort.com\/wp-content\/uploads\/2026\/02\/fyri-resort-langrenn-hemsedal-vinter-400x300.webp 400w, https:\/\/fyriresort.com\/wp-content\/uploads\/2026\/02\/fyri-resort-langrenn-hemsedal-vinter-600x450.webp 600w, https:\/\/fyriresort.com\/wp-content\/uploads\/2026\/02\/fyri-resort-langrenn-hemsedal-vinter-800x600.webp 800w, https:\/\/fyriresort.com\/wp-content\/uploads\/2026\/02\/fyri-resort-langrenn-hemsedal-vinter.webp 1024w\" data-sizes=\"auto\" data-orig-sizes=\"(max-width: 800px) 100vw, 1024px\" \/><\/span><\/div><\/div><\/div><\/div><\/div><div id=\"jul-og-nyttar\" class=\"fusion-container-anchor\"><div class=\"fusion-fullwidth fullwidth-box fusion-builder-row-6 fusion-flex-container has-pattern-background has-mask-background hundred-percent-fullwidth non-hundred-percent-height-scrolling awb-cv-auto\" style=\"--awb-border-radius-top-left:0px;--awb-border-radius-top-right:0px;--awb-border-radius-bottom-right:0px;--awb-border-radius-bottom-left:0px;--awb-padding-top:60px;--awb-padding-bottom:60px;--awb-padding-top-small:20px;--awb-padding-right-small:20px;--awb-padding-bottom-small:20px;--awb-padding-left-small:20px;--awb-flex-wrap:wrap;\" ><div class=\"fusion-builder-row fusion-row fusion-flex-align-items-flex-start fusion-flex-content-wrap\" style=\"width:calc( 100% + 40px ) !important;max-width:calc( 100% + 40px ) !important;margin-left: calc(-40px \/ 2 );margin-right: calc(-40px \/ 2 );\"><div class=\"fusion-layout-column fusion_builder_column fusion-builder-column-10 fusion_builder_column_1_1 1_1 fusion-flex-column\" style=\"--awb-bg-size:cover;--awb-width-large:100%;--awb-margin-top-large:0px;--awb-spacing-right-large:20px;--awb-margin-bottom-large:30px;--awb-spacing-left-large:20px;--awb-width-medium:100%;--awb-order-medium:0;--awb-spacing-right-medium:20px;--awb-spacing-left-medium:20px;--awb-width-small:100%;--awb-order-small:0;--awb-spacing-right-small:20px;--awb-spacing-left-small:20px;\"><div class=\"fusion-column-wrapper fusion-column-has-shadow fusion-flex-justify-content-flex-start fusion-content-layout-column\"><div class=\"fusion-title title fusion-title-10 fusion-sep-none fusion-title-center fusion-title-text fusion-title-size-two\" style=\"--awb-margin-bottom:20px;--awb-margin-top-small:0px;--awb-margin-right-small:0px;--awb-margin-bottom-small:20px;--awb-margin-left-small:0px;\"><h2 class=\"fusion-title-heading title-heading-center fusion-responsive-typography-calculated\" style=\"margin:0;text-transform:none;--fontSize:43.5;line-height:var(--awb-typography1-line-height);\">Jul og nytt\u00e5r, h\u00f8yt til fjells<\/h2><\/div><\/div><\/div><div class=\"fusion-layout-column fusion_builder_column fusion-builder-column-11 fusion_builder_column_1_3 1_3 fusion-flex-column fusion-flex-align-self-stretch\" style=\"--awb-bg-size:cover;--awb-width-large:33.333333333333%;--awb-margin-top-large:0px;--awb-spacing-right-large:20px;--awb-margin-bottom-large:30px;--awb-spacing-left-large:20px;--awb-width-medium:33.333333333333%;--awb-order-medium:0;--awb-spacing-right-medium:20px;--awb-spacing-left-medium:20px;--awb-width-small:100%;--awb-order-small:0;--awb-spacing-right-small:20px;--awb-margin-bottom-small:20px;--awb-spacing-left-small:20px;\"><div class=\"fusion-column-wrapper fusion-column-has-shadow fusion-flex-justify-content-flex-start fusion-content-layout-column\"><div class=\"fusion-image-element\" style=\"--awb-caption-title-font-family:var(--h2_typography-font-family);--awb-caption-title-font-weight:var(--h2_typography-font-weight);--awb-caption-title-font-style:var(--h2_typography-font-style);--awb-caption-title-size:var(--h2_typography-font-size);--awb-caption-title-transform:var(--h2_typography-text-transform);--awb-caption-title-line-height:var(--h2_typography-line-height);--awb-caption-title-letter-spacing:var(--h2_typography-letter-spacing);\"><span class=\" fusion-imageframe imageframe-none imageframe-7 hover-type-none\"><img decoding=\"async\" width=\"1000\" height=\"562\" title=\"Christmas at fyri\" src=\"https:\/\/fyriresort.com\/wp-content\/uploads\/2026\/01\/Christmas-at-fyri.jpg\" data-orig-src=\"https:\/\/fyriresort.com\/wp-content\/uploads\/2026\/01\/Christmas-at-fyri.jpg\" alt class=\"lazyload img-responsive wp-image-38695\" srcset=\"data:image\/svg+xml,%3Csvg%20xmlns%3D%27http%3A%2F%2Fwww.w3.org%2F2000%2Fsvg%27%20width%3D%271000%27%20height%3D%27562%27%20viewBox%3D%270%200%201000%20562%27%3E%3Crect%20width%3D%271000%27%20height%3D%27562%27%20fill-opacity%3D%220%22%2F%3E%3C%2Fsvg%3E\" data-srcset=\"https:\/\/fyriresort.com\/wp-content\/uploads\/2026\/01\/Christmas-at-fyri-200x112.jpg 200w, https:\/\/fyriresort.com\/wp-content\/uploads\/2026\/01\/Christmas-at-fyri-400x225.jpg 400w, https:\/\/fyriresort.com\/wp-content\/uploads\/2026\/01\/Christmas-at-fyri-600x337.jpg 600w, https:\/\/fyriresort.com\/wp-content\/uploads\/2026\/01\/Christmas-at-fyri-800x450.jpg 800w, https:\/\/fyriresort.com\/wp-content\/uploads\/2026\/01\/Christmas-at-fyri.jpg 1000w\" data-sizes=\"auto\" data-orig-sizes=\"(max-width: 800px) 100vw, 600px\" \/><\/span><\/div><div class=\"fusion-builder-row fusion-builder-row-inner fusion-row fusion-flex-align-items-flex-start fusion-flex-content-wrap\" style=\"--awb-flex-grow:0;--awb-flex-grow-medium:0;--awb-flex-grow-small:0;--awb-flex-shrink:0;--awb-flex-shrink-medium:0;--awb-flex-shrink-small:0;width:calc( 100% + 40px ) !important;max-width:calc( 100% + 40px ) !important;margin-left: calc(-40px \/ 2 );margin-right: calc(-40px \/ 2 );\"><div class=\"fusion-layout-column fusion_builder_column_inner fusion-builder-nested-column-7 fusion_builder_column_inner_1_1 1_1 fusion-flex-column\" style=\"--awb-padding-top:25px;--awb-padding-right:20px;--awb-padding-bottom:25px;--awb-padding-left:20px;--awb-padding-right-small:0px;--awb-padding-left-small:0px;--awb-bg-size:cover;--awb-width-large:100%;--awb-margin-top-large:0px;--awb-spacing-right-large:20px;--awb-margin-bottom-large:30px;--awb-spacing-left-large:20px;--awb-width-medium:100%;--awb-order-medium:0;--awb-spacing-right-medium:20px;--awb-spacing-left-medium:20px;--awb-width-small:100%;--awb-order-small:0;--awb-spacing-right-small:20px;--awb-spacing-left-small:20px;\"><div class=\"fusion-column-wrapper fusion-column-has-shadow fusion-flex-justify-content-flex-start fusion-content-layout-column\"><div class=\"fusion-title title fusion-title-11 fusion-sep-none fusion-title-text fusion-title-size-three\" style=\"--awb-margin-top-small:0px;--awb-margin-right-small:0px;--awb-margin-bottom-small:20px;--awb-margin-left-small:0px;\"><h3 class=\"fusion-title-heading title-heading-left fusion-responsive-typography-calculated\" style=\"margin:0;letter-spacing:0px;text-transform:none;--fontSize:30.45;line-height:var(--awb-typography1-line-height);\">Christmas at F\u00fdri &#8211; 3 netter<\/h3><\/div><div class=\"fusion-text fusion-text-8\" style=\"--awb-content-alignment:left;\"><p>Alt du trenger til h\u00f8ytiden: rom, frokost og middag hver kveld. Det eneste du tar med, er gavene til under treet.<\/p>\n<\/div><div style=\"text-align:left;\"><a class=\"fusion-button button-flat fusion-button-default-size button-default fusion-button-default button-12 fusion-button-default-span fusion-button-default-type\" target=\"_self\" href=\"https:\/\/booking.fyriresort.com\/no\/package\/package-details?packageid=28238716-32d6-464c-93fe-04f6ebac9227\"><span class=\"fusion-button-text awb-button__text awb-button__text--default\">Jul p\u00e5 F\u00fdri &#8211; 3 netter<\/span><\/a><\/div><\/div><\/div><\/div><\/div><\/div><div class=\"fusion-layout-column fusion_builder_column fusion-builder-column-12 fusion_builder_column_1_3 1_3 fusion-flex-column fusion-flex-align-self-stretch\" style=\"--awb-bg-size:cover;--awb-width-large:33.333333333333%;--awb-margin-top-large:0px;--awb-spacing-right-large:20px;--awb-margin-bottom-large:30px;--awb-spacing-left-large:20px;--awb-width-medium:33.333333333333%;--awb-order-medium:0;--awb-spacing-right-medium:20px;--awb-spacing-left-medium:20px;--awb-width-small:100%;--awb-order-small:0;--awb-spacing-right-small:20px;--awb-margin-bottom-small:20px;--awb-spacing-left-small:20px;\"><div class=\"fusion-column-wrapper fusion-column-has-shadow fusion-flex-justify-content-flex-start fusion-content-layout-column\"><div class=\"fusion-image-element\" style=\"--awb-caption-title-font-family:var(--h2_typography-font-family);--awb-caption-title-font-weight:var(--h2_typography-font-weight);--awb-caption-title-font-style:var(--h2_typography-font-style);--awb-caption-title-size:var(--h2_typography-font-size);--awb-caption-title-transform:var(--h2_typography-text-transform);--awb-caption-title-line-height:var(--h2_typography-line-height);--awb-caption-title-letter-spacing:var(--h2_typography-letter-spacing);\"><span class=\" fusion-imageframe imageframe-none imageframe-8 hover-type-none\"><img decoding=\"async\" width=\"1920\" height=\"1080\" title=\"Fy\u0301ri &#8211; Christmas At Fyri BV 3 Na\u0308tter\" src=\"https:\/\/fyriresort.com\/wp-content\/uploads\/2026\/02\/Fyri-Christmas-At-Fyri-BV-3-Natter.jpg\" data-orig-src=\"https:\/\/fyriresort.com\/wp-content\/uploads\/2026\/02\/Fyri-Christmas-At-Fyri-BV-3-Natter.jpg\" alt class=\"lazyload img-responsive wp-image-38732\" srcset=\"data:image\/svg+xml,%3Csvg%20xmlns%3D%27http%3A%2F%2Fwww.w3.org%2F2000%2Fsvg%27%20width%3D%271920%27%20height%3D%271080%27%20viewBox%3D%270%200%201920%201080%27%3E%3Crect%20width%3D%271920%27%20height%3D%271080%27%20fill-opacity%3D%220%22%2F%3E%3C%2Fsvg%3E\" data-srcset=\"https:\/\/fyriresort.com\/wp-content\/uploads\/2026\/02\/Fyri-Christmas-At-Fyri-BV-3-Natter-200x113.jpg 200w, https:\/\/fyriresort.com\/wp-content\/uploads\/2026\/02\/Fyri-Christmas-At-Fyri-BV-3-Natter-400x225.jpg 400w, https:\/\/fyriresort.com\/wp-content\/uploads\/2026\/02\/Fyri-Christmas-At-Fyri-BV-3-Natter-600x338.jpg 600w, https:\/\/fyriresort.com\/wp-content\/uploads\/2026\/02\/Fyri-Christmas-At-Fyri-BV-3-Natter-800x450.jpg 800w, https:\/\/fyriresort.com\/wp-content\/uploads\/2026\/02\/Fyri-Christmas-At-Fyri-BV-3-Natter-1200x675.jpg 1200w, https:\/\/fyriresort.com\/wp-content\/uploads\/2026\/02\/Fyri-Christmas-At-Fyri-BV-3-Natter.jpg 1920w\" data-sizes=\"auto\" data-orig-sizes=\"(max-width: 800px) 100vw, 600px\" \/><\/span><\/div><div class=\"fusion-builder-row fusion-builder-row-inner fusion-row fusion-flex-align-items-flex-start fusion-flex-content-wrap\" style=\"--awb-flex-grow:0;--awb-flex-grow-medium:0;--awb-flex-grow-small:0;--awb-flex-shrink:0;--awb-flex-shrink-medium:0;--awb-flex-shrink-small:0;width:calc( 100% + 40px ) !important;max-width:calc( 100% + 40px ) !important;margin-left: calc(-40px \/ 2 );margin-right: calc(-40px \/ 2 );\"><div class=\"fusion-layout-column fusion_builder_column_inner fusion-builder-nested-column-8 fusion_builder_column_inner_1_1 1_1 fusion-flex-column\" style=\"--awb-padding-top:25px;--awb-padding-right:20px;--awb-padding-bottom:25px;--awb-padding-left:20px;--awb-padding-right-small:0px;--awb-padding-left-small:0px;--awb-bg-size:cover;--awb-width-large:100%;--awb-margin-top-large:0px;--awb-spacing-right-large:20px;--awb-margin-bottom-large:30px;--awb-spacing-left-large:20px;--awb-width-medium:100%;--awb-order-medium:0;--awb-spacing-right-medium:20px;--awb-spacing-left-medium:20px;--awb-width-small:100%;--awb-order-small:0;--awb-spacing-right-small:20px;--awb-spacing-left-small:20px;\"><div class=\"fusion-column-wrapper fusion-column-has-shadow fusion-flex-justify-content-flex-start fusion-content-layout-column\"><div class=\"fusion-title title fusion-title-12 fusion-sep-none fusion-title-text fusion-title-size-three\" style=\"--awb-margin-top-small:0px;--awb-margin-right-small:0px;--awb-margin-bottom-small:20px;--awb-margin-left-small:0px;\"><h3 class=\"fusion-title-heading title-heading-left fusion-responsive-typography-calculated\" style=\"margin:0;letter-spacing:0px;text-transform:none;--fontSize:30.45;line-height:var(--awb-typography1-line-height);\">Christmas at F\u00fdri &#8211; 5 netter<\/h3><\/div><div class=\"fusion-text fusion-text-9\" style=\"--awb-content-alignment:left;\"><p>Hele julen, i rolig tempo: rom, frokost og middag hver kveld, med dager til \u00e5 st\u00e5 p\u00e5 ski, bade og bare senke skuldrene innimellom. Du pakker inn gavene, vi ordner resten.<\/p>\n<\/div><div style=\"text-align:left;\"><a class=\"fusion-button button-flat fusion-button-default-size button-default fusion-button-default button-13 fusion-button-span-no fusion-button-default-type\" target=\"_self\" href=\"https:\/\/booking.fyriresort.com\/no\/package\/package-details?packageid=8bf1b832-6fad-4fb5-93cb-cb796cd7acf8\"><span class=\"fusion-button-text awb-button__text awb-button__text--default\">Jul p\u00e5 F\u00fdri &#8211; 5 netter<\/span><\/a><\/div><\/div><\/div><\/div><\/div><\/div><div class=\"fusion-layout-column fusion_builder_column fusion-builder-column-13 fusion_builder_column_1_3 1_3 fusion-flex-column fusion-flex-align-self-stretch\" style=\"--awb-bg-size:cover;--awb-width-large:33.333333333333%;--awb-margin-top-large:0px;--awb-spacing-right-large:20px;--awb-margin-bottom-large:30px;--awb-spacing-left-large:20px;--awb-width-medium:33.333333333333%;--awb-order-medium:0;--awb-spacing-right-medium:20px;--awb-spacing-left-medium:20px;--awb-width-small:100%;--awb-order-small:0;--awb-spacing-right-small:20px;--awb-margin-bottom-small:20px;--awb-spacing-left-small:20px;\"><div class=\"fusion-column-wrapper fusion-column-has-shadow fusion-flex-justify-content-flex-start fusion-content-layout-column\"><div class=\"fusion-image-element\" style=\"--awb-caption-title-font-family:var(--h2_typography-font-family);--awb-caption-title-font-weight:var(--h2_typography-font-weight);--awb-caption-title-font-style:var(--h2_typography-font-style);--awb-caption-title-size:var(--h2_typography-font-size);--awb-caption-title-transform:var(--h2_typography-text-transform);--awb-caption-title-line-height:var(--h2_typography-line-height);--awb-caption-title-letter-spacing:var(--h2_typography-letter-spacing);\"><span class=\" fusion-imageframe imageframe-none imageframe-9 hover-type-none\"><img decoding=\"async\" width=\"1000\" height=\"562\" title=\"new years at fyri\" src=\"https:\/\/fyriresort.com\/wp-content\/uploads\/2026\/01\/new-years-at-fyri.jpg\" data-orig-src=\"https:\/\/fyriresort.com\/wp-content\/uploads\/2026\/01\/new-years-at-fyri.jpg\" alt class=\"lazyload img-responsive wp-image-38692\" srcset=\"data:image\/svg+xml,%3Csvg%20xmlns%3D%27http%3A%2F%2Fwww.w3.org%2F2000%2Fsvg%27%20width%3D%271000%27%20height%3D%27562%27%20viewBox%3D%270%200%201000%20562%27%3E%3Crect%20width%3D%271000%27%20height%3D%27562%27%20fill-opacity%3D%220%22%2F%3E%3C%2Fsvg%3E\" data-srcset=\"https:\/\/fyriresort.com\/wp-content\/uploads\/2026\/01\/new-years-at-fyri-200x112.jpg 200w, https:\/\/fyriresort.com\/wp-content\/uploads\/2026\/01\/new-years-at-fyri-400x225.jpg 400w, https:\/\/fyriresort.com\/wp-content\/uploads\/2026\/01\/new-years-at-fyri-600x337.jpg 600w, https:\/\/fyriresort.com\/wp-content\/uploads\/2026\/01\/new-years-at-fyri-800x450.jpg 800w, https:\/\/fyriresort.com\/wp-content\/uploads\/2026\/01\/new-years-at-fyri.jpg 1000w\" data-sizes=\"auto\" data-orig-sizes=\"(max-width: 800px) 100vw, 600px\" \/><\/span><\/div><div class=\"fusion-builder-row fusion-builder-row-inner fusion-row fusion-flex-align-items-flex-start fusion-flex-content-wrap\" style=\"--awb-flex-grow:0;--awb-flex-grow-medium:0;--awb-flex-grow-small:0;--awb-flex-shrink:0;--awb-flex-shrink-medium:0;--awb-flex-shrink-small:0;width:calc( 100% + 40px ) !important;max-width:calc( 100% + 40px ) !important;margin-left: calc(-40px \/ 2 );margin-right: calc(-40px \/ 2 );\"><div class=\"fusion-layout-column fusion_builder_column_inner fusion-builder-nested-column-9 fusion_builder_column_inner_1_1 1_1 fusion-flex-column\" style=\"--awb-padding-top:25px;--awb-padding-right:20px;--awb-padding-bottom:25px;--awb-padding-left:20px;--awb-padding-right-small:0px;--awb-padding-left-small:0px;--awb-bg-size:cover;--awb-width-large:100%;--awb-margin-top-large:0px;--awb-spacing-right-large:20px;--awb-margin-bottom-large:30px;--awb-spacing-left-large:20px;--awb-width-medium:100%;--awb-order-medium:0;--awb-spacing-right-medium:20px;--awb-spacing-left-medium:20px;--awb-width-small:100%;--awb-order-small:0;--awb-spacing-right-small:20px;--awb-spacing-left-small:20px;\"><div class=\"fusion-column-wrapper fusion-column-has-shadow fusion-flex-justify-content-flex-start fusion-content-layout-column\"><div class=\"fusion-title title fusion-title-13 fusion-sep-none fusion-title-text fusion-title-size-three\" style=\"--awb-margin-top-small:0px;--awb-margin-right-small:0px;--awb-margin-bottom-small:20px;--awb-margin-left-small:0px;\"><h3 class=\"fusion-title-heading title-heading-left fusion-responsive-typography-calculated\" style=\"margin:0;letter-spacing:0px;text-transform:none;--fontSize:30.45;line-height:var(--awb-typography1-line-height);\">New Year&#8217;s at Fyri &#8211; 5 netter<\/h3><\/div><div class=\"fusion-text fusion-text-10\" style=\"--awb-content-alignment:left;\"><p>Ta farvel med \u00e5ret til fjells: rom, frokost og middag hver kveld, pluss en firerretters nytt\u00e5rsmiddag med tilh\u00f8rende viner. Det nye \u00e5ret begynner rolig, med en lang frokost og ingen grunn til \u00e5 skynde seg.<\/p>\n<\/div><div style=\"text-align:left;\"><a class=\"fusion-button button-flat fusion-button-default-size button-default fusion-button-default button-14 fusion-button-span-no fusion-button-default-type\" target=\"_self\" href=\"https:\/\/booking.fyriresort.com\/no\/package\/package-details?packageid=b275f4d5-853e-4746-a5b1-0553388b260a\"><span class=\"fusion-button-text awb-button__text awb-button__text--default\">Nytt\u00e5r p\u00e5 F\u00fdri<\/span><\/a><\/div><\/div><\/div><\/div><\/div><\/div><\/div><\/div><\/div><div class=\"fusion-fullwidth fullwidth-box fusion-builder-row-7 fusion-flex-container nonhundred-percent-fullwidth non-hundred-percent-height-scrolling awb-cv-auto\" style=\"--awb-background-position:left top;--awb-border-radius-top-left:0px;--awb-border-radius-top-right:0px;--awb-border-radius-bottom-right:0px;--awb-border-radius-bottom-left:0px;--awb-flex-wrap:wrap;\" ><div class=\"fusion-builder-row fusion-row fusion-flex-align-items-stretch fusion-flex-justify-content-center fusion-flex-content-wrap\" style=\"max-width:calc( 1590px + 35px );margin-left: calc(-35px \/ 2 );margin-right: calc(-35px \/ 2 );\"><div class=\"fusion-layout-column fusion_builder_column fusion-builder-column-14 fusion-flex-column fusion-flex-align-self-stretch\" style=\"--awb-bg-color:var(--awb-color4);--awb-bg-color-hover:var(--awb-color4);--awb-bg-size:cover;--awb-width-large:70%;--awb-margin-top-large:0px;--awb-spacing-right-large:17.5px;--awb-margin-bottom-large:0px;--awb-spacing-left-large:17.5px;--awb-width-medium:50%;--awb-order-medium:0;--awb-spacing-right-medium:17.5px;--awb-spacing-left-medium:17.5px;--awb-width-small:100%;--awb-order-small:0;--awb-spacing-right-small:17.5px;--awb-spacing-left-small:17.5px;\"><div class=\"fusion-column-wrapper fusion-column-has-shadow fusion-flex-justify-content-space-between fusion-content-layout-column\"><div class=\"fusion-image-element\" style=\"--awb-aspect-ratio: 100 \/ 70;--awb-caption-title-font-family:var(--h2_typography-font-family);--awb-caption-title-font-weight:var(--h2_typography-font-weight);--awb-caption-title-font-style:var(--h2_typography-font-style);--awb-caption-title-size:var(--h2_typography-font-size);--awb-caption-title-transform:var(--h2_typography-text-transform);--awb-caption-title-line-height:var(--h2_typography-line-height);--awb-caption-title-letter-spacing:var(--h2_typography-letter-spacing);\"><span class=\" fusion-imageframe imageframe-none imageframe-10 hover-type-none has-aspect-ratio\"><img decoding=\"async\" width=\"768\" height=\"1024\" title=\"Andrea Bredesen Holm Julebord\" src=\"https:\/\/fyriresort.com\/wp-content\/uploads\/2026\/04\/Andrea-Bredesen-Holm-Julebord-.webp\" data-orig-src=\"https:\/\/fyriresort.com\/wp-content\/uploads\/2026\/04\/Andrea-Bredesen-Holm-Julebord-.webp\" class=\"lazyload img-responsive wp-image-39058 img-with-aspect-ratio\" data-parent-fit=\"cover\" data-parent-container=\".fusion-image-element\" alt srcset=\"data:image\/svg+xml,%3Csvg%20xmlns%3D%27http%3A%2F%2Fwww.w3.org%2F2000%2Fsvg%27%20width%3D%27768%27%20height%3D%271024%27%20viewBox%3D%270%200%20768%201024%27%3E%3Crect%20width%3D%27768%27%20height%3D%271024%27%20fill-opacity%3D%220%22%2F%3E%3C%2Fsvg%3E\" data-srcset=\"https:\/\/fyriresort.com\/wp-content\/uploads\/2026\/04\/Andrea-Bredesen-Holm-Julebord--200x267.webp 200w, https:\/\/fyriresort.com\/wp-content\/uploads\/2026\/04\/Andrea-Bredesen-Holm-Julebord--400x533.webp 400w, https:\/\/fyriresort.com\/wp-content\/uploads\/2026\/04\/Andrea-Bredesen-Holm-Julebord--600x800.webp 600w, https:\/\/fyriresort.com\/wp-content\/uploads\/2026\/04\/Andrea-Bredesen-Holm-Julebord-.webp 768w\" data-sizes=\"auto\" data-orig-sizes=\"(max-width: 800px) 100vw, 768px\" \/><\/span><\/div><\/div><\/div><div class=\"fusion-layout-column fusion_builder_column fusion-builder-column-15 fusion-flex-column fusion-flex-align-self-stretch\" style=\"--awb-padding-right:2%;--awb-padding-left:2%;--awb-padding-top-small:40px;--awb-bg-size:cover;--awb-width-large:30%;--awb-margin-top-large:0px;--awb-spacing-right-large:17.5px;--awb-margin-bottom-large:30px;--awb-spacing-left-large:17.5px;--awb-width-medium:50%;--awb-order-medium:0;--awb-spacing-right-medium:17.5px;--awb-spacing-left-medium:17.5px;--awb-width-small:100%;--awb-order-small:0;--awb-spacing-right-small:17.5px;--awb-spacing-left-small:17.5px;\"><div class=\"fusion-column-wrapper fusion-column-has-shadow fusion-flex-justify-content-center fusion-content-layout-column\"><div class=\"fusion-title title fusion-title-14 fusion-sep-none fusion-title-text fusion-title-size-two\" style=\"--awb-text-color:var(--awb-color1);--awb-margin-top-small:0px;--awb-margin-right-small:0px;--awb-margin-bottom-small:20px;--awb-margin-left-small:0px;\"><h2 class=\"fusion-title-heading title-heading-left fusion-responsive-typography-calculated\" style=\"margin:0;text-transform:none;--fontSize:43.5;line-height:var(--awb-typography1-line-height);\">Julebord med Andrea Bredesen Holm<\/h2><\/div><div class=\"fusion-text fusion-text-11\" style=\"--awb-content-alignment:left;--awb-text-color:#58503c;\"><p>The Voice-vinneren og lokal Hemsedaling inviterer til stemningsfull julekonsert med god mat og livemusikk. 3.\u20135. desember. Begrenset antall plasser.<\/p>\n<\/div><div ><a class=\"fusion-button button-flat fusion-button-default-size button-default fusion-button-default button-15 fusion-button-default-span fusion-button-default-type\" target=\"_self\" href=\"https:\/\/booking.fyriresort.com\/no\/extras\/08dc811d-a650-4214-b4cc-98f78c1918c6 \"><span class=\"fusion-button-text awb-button__text awb-button__text--default\">Les mer<\/span><\/a><\/div><\/div><\/div><\/div><\/div><div class=\"fusion-fullwidth fullwidth-box fusion-builder-row-8 fusion-flex-container nonhundred-percent-fullwidth non-hundred-percent-height-scrolling awb-cv-auto\" style=\"--awb-background-position:left top;--awb-border-radius-top-left:0px;--awb-border-radius-top-right:0px;--awb-border-radius-bottom-right:0px;--awb-border-radius-bottom-left:0px;--awb-flex-wrap:wrap;\" ><div class=\"fusion-builder-row fusion-row fusion-flex-align-items-stretch fusion-flex-justify-content-center fusion-flex-content-wrap\" style=\"max-width:calc( 1590px + 35px );margin-left: calc(-35px \/ 2 );margin-right: calc(-35px \/ 2 );\"><div class=\"fusion-layout-column fusion_builder_column fusion-builder-column-16 fusion-flex-column fusion-flex-align-self-stretch\" style=\"--awb-padding-right:2%;--awb-padding-left:2%;--awb-padding-top-small:40px;--awb-bg-size:cover;--awb-width-large:30%;--awb-margin-top-large:0px;--awb-spacing-right-large:17.5px;--awb-margin-bottom-large:30px;--awb-spacing-left-large:17.5px;--awb-width-medium:50%;--awb-order-medium:0;--awb-spacing-right-medium:17.5px;--awb-spacing-left-medium:17.5px;--awb-width-small:100%;--awb-order-small:2;--awb-spacing-right-small:17.5px;--awb-spacing-left-small:17.5px;\"><div class=\"fusion-column-wrapper fusion-column-has-shadow fusion-flex-justify-content-center fusion-content-layout-column\"><div class=\"fusion-title title fusion-title-15 fusion-sep-none fusion-title-text fusion-title-size-two\" style=\"--awb-text-color:var(--awb-color1);--awb-margin-top-small:0px;--awb-margin-right-small:0px;--awb-margin-bottom-small:20px;--awb-margin-left-small:0px;\"><h2 class=\"fusion-title-heading title-heading-left fusion-responsive-typography-calculated\" style=\"margin:0;text-transform:none;--fontSize:43.5;line-height:var(--awb-typography1-line-height);\">Vinterkonferanse p\u00e5 F\u00fdri<\/h2><\/div><div class=\"fusion-text fusion-text-12\" style=\"--awb-content-alignment:left;\"><p>M\u00f8tes i bakken, i et varmt m\u00f8terom eller ved bassenget. Nye omgivelser og klar fjellluft har en egen evne til \u00e5 skjerpe fokuset og bringe teamet tettere sammen. Med fem m\u00f8terom og plass til opptil 350 gjester tar vi imot grupper i alle st\u00f8rrelser.<\/p>\n<p>Det er tid til \u00e5 jobbe og tid til \u00e5 koble av, enten det er p\u00e5 ski, i snowracer eller bak et hundespann. N\u00e5r arbeidsdagen er over, serveres middagen p\u00e5 Restaurant Liv med utsikt til fjellet.<\/p>\n<\/div><div style=\"text-align:left;\"><a class=\"fusion-button button-flat fusion-button-default-size button-default fusion-button-default button-16 fusion-button-default-span fusion-button-default-type\" style=\"--awb-padding-right:8px;--awb-padding-bottom:0px;--awb-padding-left:8px;--button_text_transform:none;\" target=\"_self\" href=\"\/konferanse\/\"><span class=\"fusion-button-text awb-button__text awb-button__text--default\">Explore M\u00f8ter &amp; Konferanser<\/span><\/a><\/div><\/div><\/div><div class=\"fusion-layout-column fusion_builder_column fusion-builder-column-17 fusion-flex-column fusion-flex-align-self-stretch\" style=\"--awb-bg-color:var(--awb-color4);--awb-bg-color-hover:var(--awb-color4);--awb-bg-size:cover;--awb-width-large:70%;--awb-margin-top-large:0px;--awb-spacing-right-large:17.5px;--awb-margin-bottom-large:0px;--awb-spacing-left-large:17.5px;--awb-width-medium:50%;--awb-order-medium:0;--awb-spacing-right-medium:17.5px;--awb-spacing-left-medium:17.5px;--awb-width-small:100%;--awb-order-small:0;--awb-spacing-right-small:17.5px;--awb-spacing-left-small:17.5px;\"><div class=\"fusion-column-wrapper fusion-column-has-shadow fusion-flex-justify-content-space-between fusion-content-layout-column\"><div class=\"fusion-image-element\" style=\"--awb-aspect-ratio: 100 \/ 70;--awb-caption-title-font-family:var(--h2_typography-font-family);--awb-caption-title-font-weight:var(--h2_typography-font-weight);--awb-caption-title-font-style:var(--h2_typography-font-style);--awb-caption-title-size:var(--h2_typography-font-size);--awb-caption-title-transform:var(--h2_typography-text-transform);--awb-caption-title-line-height:var(--h2_typography-line-height);--awb-caption-title-letter-spacing:var(--h2_typography-letter-spacing);\"><span class=\" fusion-imageframe imageframe-none imageframe-11 hover-type-none has-aspect-ratio\"><img decoding=\"async\" width=\"2200\" height=\"1302\" alt=\"fyri resort hemsedal norge hotell konferanse m\u00f8ter\" title=\"fyri resort hemsedal norge hotell konferanse m\u00f8ter\" src=\"https:\/\/fyriresort.com\/wp-content\/uploads\/2020\/05\/fyri-resort-hemsedal-norge-hotell-konferanse-moter-header.jpg\" data-orig-src=\"https:\/\/fyriresort.com\/wp-content\/uploads\/2020\/05\/fyri-resort-hemsedal-norge-hotell-konferanse-moter-header.jpg\" class=\"lazyload img-responsive wp-image-10686 img-with-aspect-ratio\" data-parent-fit=\"cover\" data-parent-container=\".fusion-image-element\" srcset=\"data:image\/svg+xml,%3Csvg%20xmlns%3D%27http%3A%2F%2Fwww.w3.org%2F2000%2Fsvg%27%20width%3D%272200%27%20height%3D%271302%27%20viewBox%3D%270%200%202200%201302%27%3E%3Crect%20width%3D%272200%27%20height%3D%271302%27%20fill-opacity%3D%220%22%2F%3E%3C%2Fsvg%3E\" data-srcset=\"https:\/\/fyriresort.com\/wp-content\/uploads\/2020\/05\/fyri-resort-hemsedal-norge-hotell-konferanse-moter-header-200x118.jpg 200w, https:\/\/fyriresort.com\/wp-content\/uploads\/2020\/05\/fyri-resort-hemsedal-norge-hotell-konferanse-moter-header-400x237.jpg 400w, https:\/\/fyriresort.com\/wp-content\/uploads\/2020\/05\/fyri-resort-hemsedal-norge-hotell-konferanse-moter-header-600x355.jpg 600w, https:\/\/fyriresort.com\/wp-content\/uploads\/2020\/05\/fyri-resort-hemsedal-norge-hotell-konferanse-moter-header-800x473.jpg 800w, https:\/\/fyriresort.com\/wp-content\/uploads\/2020\/05\/fyri-resort-hemsedal-norge-hotell-konferanse-moter-header-1200x710.jpg 1200w, https:\/\/fyriresort.com\/wp-content\/uploads\/2020\/05\/fyri-resort-hemsedal-norge-hotell-konferanse-moter-header.jpg 2200w\" data-sizes=\"auto\" data-orig-sizes=\"(max-width: 800px) 100vw, 2200px\" \/><\/span><\/div><\/div><\/div><\/div><\/div><\/p>\n","protected":false},"excerpt":{"rendered":"","protected":false},"author":13,"featured_media":12291,"parent":0,"menu_order":0,"comment_status":"closed","ping_status":"closed","template":"100-width.php","meta":{"footnotes":""},"class_list":["post-30653","page","type-page","status-publish","has-post-thumbnail","hentry"],"yoast_head":"<!-- This site is optimized with the Yoast SEO plugin v28.3 - https:\/\/yoast.com\/product\/yoast-seo-wordpress\/ -->\n<title>Vinter p\u00e5 F\u00fdri Resort | Velkommen til F\u00fdri\u00ae | Resort Hemsedal<\/title>\n<meta name=\"description\" content=\"Hemsedal har blitt utnevnt til Norges beste skianlegg flere ganger og kalles &#039;de skandinaviske Alpene&#039; av en grunn. Takket v\u00e6re Hemsedals h\u00f8ye beliggenhet er skisesongen lang \u2013 og gunstig plassert med ski-in\/ski-out ligger fantastiske F\u00fdri Resort.\" \/>\n<meta name=\"robots\" content=\"index, follow, max-snippet:-1, max-image-preview:large, max-video-preview:-1\" \/>\n<link rel=\"canonical\" href=\"https:\/\/fyriresort.com\/no\/\" \/>\n<meta property=\"og:locale\" content=\"nb_NO\" \/>\n<meta property=\"og:type\" content=\"article\" \/>\n<meta property=\"og:title\" content=\"Velkommen til F\u00fdri\u00ae | Resort Hemsedal\" \/>\n<meta property=\"og:description\" content=\"Bli med p\u00e5 en reise 625 meter over havet, blant fjelltoppene og naturen som er like vakker om sommeren og vinteren. Velkommen til F\u00fdri - Hotel &amp; Resort i Hemsedal Norge.\" \/>\n<meta property=\"og:url\" content=\"https:\/\/fyriresort.com\" \/>\n<meta property=\"og:site_name\" content=\"Fyri\u00ae\" \/>\n<meta property=\"article:publisher\" content=\"https:\/\/www.facebook.com\/FyriResort\" \/>\n<meta property=\"article:modified_time\" content=\"2026-08-31T09:50:27+00:00\" \/>\n<meta property=\"og:image\" content=\"https:\/\/fyriresort.com\/wp-content\/uploads\/2020\/09\/fyri-resort-hemsedal-og-image.jpg\" \/>\n\t<meta property=\"og:image:width\" content=\"1250\" \/>\n\t<meta property=\"og:image:height\" content=\"630\" \/>\n\t<meta property=\"og:image:type\" content=\"image\/jpeg\" \/>\n<meta name=\"twitter:label1\" content=\"Ansl. lesetid\" \/>\n\t<meta name=\"twitter:data1\" content=\"23 minutter\" \/>\n<script type=\"application\/ld+json\" class=\"yoast-schema-graph\">{\"@context\":\"https:\\\/\\\/schema.org\",\"@graph\":[{\"@type\":\"WebPage\",\"@id\":\"https:\\\/\\\/fyriresort.com\\\/no\\\/vinter-pa-fyri\\\/\",\"url\":\"https:\\\/\\\/fyriresort.com\",\"name\":\"Vinter p\u00e5 F\u00fdri Resort | Velkommen til F\u00fdri\u00ae | Resort Hemsedal\",\"isPartOf\":{\"@id\":\"https:\\\/\\\/fyriresort.com\\\/no\\\/#website\"},\"primaryImageOfPage\":{\"@id\":\"https:\\\/\\\/fyriresort.com#primaryimage\"},\"image\":{\"@id\":\"https:\\\/\\\/fyriresort.com#primaryimage\"},\"thumbnailUrl\":\"https:\\\/\\\/fyriresort.com\\\/wp-content\\\/uploads\\\/2020\\\/09\\\/fyri-resort-hemsedal-og-image.jpg\",\"datePublished\":\"2024-01-08T16:11:41+00:00\",\"dateModified\":\"2026-08-31T09:50:27+00:00\",\"description\":\"Hemsedal har blitt utnevnt til Norges beste skianlegg flere ganger og kalles 'de skandinaviske Alpene' av en grunn. Takket v\u00e6re Hemsedals h\u00f8ye beliggenhet er skisesongen lang \u2013 og gunstig plassert med ski-in\\\/ski-out ligger fantastiske F\u00fdri Resort.\",\"breadcrumb\":{\"@id\":\"https:\\\/\\\/fyriresort.com#breadcrumb\"},\"inLanguage\":\"nb-NO\",\"potentialAction\":[{\"@type\":\"ReadAction\",\"target\":[\"https:\\\/\\\/fyriresort.com\"]}]},{\"@type\":\"ImageObject\",\"inLanguage\":\"nb-NO\",\"@id\":\"https:\\\/\\\/fyriresort.com#primaryimage\",\"url\":\"https:\\\/\\\/fyriresort.com\\\/wp-content\\\/uploads\\\/2020\\\/09\\\/fyri-resort-hemsedal-og-image.jpg\",\"contentUrl\":\"https:\\\/\\\/fyriresort.com\\\/wp-content\\\/uploads\\\/2020\\\/09\\\/fyri-resort-hemsedal-og-image.jpg\",\"width\":1250,\"height\":630},{\"@type\":\"BreadcrumbList\",\"@id\":\"https:\\\/\\\/fyriresort.com#breadcrumb\",\"itemListElement\":[{\"@type\":\"ListItem\",\"position\":1,\"name\":\"Home\",\"item\":\"https:\\\/\\\/fyriresort.com\\\/no\\\/\"},{\"@type\":\"ListItem\",\"position\":2,\"name\":\"Vinter p\u00e5 F\u00fdri Resort\"}]},{\"@type\":\"WebSite\",\"@id\":\"https:\\\/\\\/fyriresort.com\\\/no\\\/#website\",\"url\":\"https:\\\/\\\/fyriresort.com\\\/no\\\/\",\"name\":\"Fyri\u00ae\",\"description\":\"Resort of Norway\",\"publisher\":{\"@id\":\"https:\\\/\\\/fyriresort.com\\\/no\\\/#organization\"},\"potentialAction\":[{\"@type\":\"SearchAction\",\"target\":{\"@type\":\"EntryPoint\",\"urlTemplate\":\"https:\\\/\\\/fyriresort.com\\\/no\\\/?s={search_term_string}\"},\"query-input\":{\"@type\":\"PropertyValueSpecification\",\"valueRequired\":true,\"valueName\":\"search_term_string\"}}],\"inLanguage\":\"nb-NO\"},{\"@type\":\"Organization\",\"@id\":\"https:\\\/\\\/fyriresort.com\\\/no\\\/#organization\",\"name\":\"F\u00fdri Resort Hemsedal\",\"url\":\"https:\\\/\\\/fyriresort.com\\\/no\\\/\",\"logo\":{\"@type\":\"ImageObject\",\"inLanguage\":\"nb-NO\",\"@id\":\"https:\\\/\\\/fyriresort.com\\\/no\\\/#\\\/schema\\\/logo\\\/image\\\/\",\"url\":\"https:\\\/\\\/fyriresort.com\\\/wp-content\\\/uploads\\\/2026\\\/08\\\/Fyri_Resort_Icon.webp\",\"contentUrl\":\"https:\\\/\\\/fyriresort.com\\\/wp-content\\\/uploads\\\/2026\\\/08\\\/Fyri_Resort_Icon.webp\",\"width\":696,\"height\":696,\"caption\":\"F\u00fdri Resort Hemsedal\"},\"image\":{\"@id\":\"https:\\\/\\\/fyriresort.com\\\/no\\\/#\\\/schema\\\/logo\\\/image\\\/\"},\"sameAs\":[\"https:\\\/\\\/www.facebook.com\\\/FyriResort\"]}]}<\/script>\n<!-- \/ Yoast SEO plugin. -->","yoast_head_json":{"title":"Vinter p\u00e5 F\u00fdri Resort | Velkommen til F\u00fdri\u00ae | Resort Hemsedal","description":"Hemsedal har blitt utnevnt til Norges beste skianlegg flere ganger og kalles 'de skandinaviske Alpene' av en grunn. Takket v\u00e6re Hemsedals h\u00f8ye beliggenhet er skisesongen lang \u2013 og gunstig plassert med ski-in\/ski-out ligger fantastiske F\u00fdri Resort.","robots":{"index":"index","follow":"follow","max-snippet":"max-snippet:-1","max-image-preview":"max-image-preview:large","max-video-preview":"max-video-preview:-1"},"canonical":"https:\/\/fyriresort.com\/no\/","og_locale":"nb_NO","og_type":"article","og_title":"Velkommen til F\u00fdri\u00ae | Resort Hemsedal","og_description":"Bli med p\u00e5 en reise 625 meter over havet, blant fjelltoppene og naturen som er like vakker om sommeren og vinteren. Velkommen til F\u00fdri - Hotel & Resort i Hemsedal Norge.","og_url":"https:\/\/fyriresort.com","og_site_name":"Fyri\u00ae","article_publisher":"https:\/\/www.facebook.com\/FyriResort","article_modified_time":"2026-08-31T09:50:27+00:00","og_image":[{"width":1250,"height":630,"url":"https:\/\/fyriresort.com\/wp-content\/uploads\/2020\/09\/fyri-resort-hemsedal-og-image.jpg","type":"image\/jpeg"}],"twitter_misc":{"Ansl. lesetid":"23 minutter"},"schema":{"@context":"https:\/\/schema.org","@graph":[{"@type":"WebPage","@id":"https:\/\/fyriresort.com\/no\/vinter-pa-fyri\/","url":"https:\/\/fyriresort.com","name":"Vinter p\u00e5 F\u00fdri Resort | Velkommen til F\u00fdri\u00ae | Resort Hemsedal","isPartOf":{"@id":"https:\/\/fyriresort.com\/no\/#website"},"primaryImageOfPage":{"@id":"https:\/\/fyriresort.com#primaryimage"},"image":{"@id":"https:\/\/fyriresort.com#primaryimage"},"thumbnailUrl":"https:\/\/fyriresort.com\/wp-content\/uploads\/2020\/09\/fyri-resort-hemsedal-og-image.jpg","datePublished":"2024-01-08T16:11:41+00:00","dateModified":"2026-08-31T09:50:27+00:00","description":"Hemsedal har blitt utnevnt til Norges beste skianlegg flere ganger og kalles 'de skandinaviske Alpene' av en grunn. Takket v\u00e6re Hemsedals h\u00f8ye beliggenhet er skisesongen lang \u2013 og gunstig plassert med ski-in\/ski-out ligger fantastiske F\u00fdri Resort.","breadcrumb":{"@id":"https:\/\/fyriresort.com#breadcrumb"},"inLanguage":"nb-NO","potentialAction":[{"@type":"ReadAction","target":["https:\/\/fyriresort.com"]}]},{"@type":"ImageObject","inLanguage":"nb-NO","@id":"https:\/\/fyriresort.com#primaryimage","url":"https:\/\/fyriresort.com\/wp-content\/uploads\/2020\/09\/fyri-resort-hemsedal-og-image.jpg","contentUrl":"https:\/\/fyriresort.com\/wp-content\/uploads\/2020\/09\/fyri-resort-hemsedal-og-image.jpg","width":1250,"height":630},{"@type":"BreadcrumbList","@id":"https:\/\/fyriresort.com#breadcrumb","itemListElement":[{"@type":"ListItem","position":1,"name":"Home","item":"https:\/\/fyriresort.com\/no\/"},{"@type":"ListItem","position":2,"name":"Vinter p\u00e5 F\u00fdri Resort"}]},{"@type":"WebSite","@id":"https:\/\/fyriresort.com\/no\/#website","url":"https:\/\/fyriresort.com\/no\/","name":"Fyri\u00ae","description":"Resort of Norway","publisher":{"@id":"https:\/\/fyriresort.com\/no\/#organization"},"potentialAction":[{"@type":"SearchAction","target":{"@type":"EntryPoint","urlTemplate":"https:\/\/fyriresort.com\/no\/?s={search_term_string}"},"query-input":{"@type":"PropertyValueSpecification","valueRequired":true,"valueName":"search_term_string"}}],"inLanguage":"nb-NO"},{"@type":"Organization","@id":"https:\/\/fyriresort.com\/no\/#organization","name":"F\u00fdri Resort Hemsedal","url":"https:\/\/fyriresort.com\/no\/","logo":{"@type":"ImageObject","inLanguage":"nb-NO","@id":"https:\/\/fyriresort.com\/no\/#\/schema\/logo\/image\/","url":"https:\/\/fyriresort.com\/wp-content\/uploads\/2026\/08\/Fyri_Resort_Icon.webp","contentUrl":"https:\/\/fyriresort.com\/wp-content\/uploads\/2026\/08\/Fyri_Resort_Icon.webp","width":696,"height":696,"caption":"F\u00fdri Resort Hemsedal"},"image":{"@id":"https:\/\/fyriresort.com\/no\/#\/schema\/logo\/image\/"},"sameAs":["https:\/\/www.facebook.com\/FyriResort"]}]}},"_links":{"self":[{"href":"https:\/\/fyriresort.com\/no\/wp-json\/wp\/v2\/pages\/30653","targetHints":{"allow":["GET"]}}],"collection":[{"href":"https:\/\/fyriresort.com\/no\/wp-json\/wp\/v2\/pages"}],"about":[{"href":"https:\/\/fyriresort.com\/no\/wp-json\/wp\/v2\/types\/page"}],"author":[{"embeddable":true,"href":"https:\/\/fyriresort.com\/no\/wp-json\/wp\/v2\/users\/13"}],"replies":[{"embeddable":true,"href":"https:\/\/fyriresort.com\/no\/wp-json\/wp\/v2\/comments?post=30653"}],"version-history":[{"count":11,"href":"https:\/\/fyriresort.com\/no\/wp-json\/wp\/v2\/pages\/30653\/revisions"}],"predecessor-version":[{"id":42627,"href":"https:\/\/fyriresort.com\/no\/wp-json\/wp\/v2\/pages\/30653\/revisions\/42627"}],"wp:attachment":[{"href":"https:\/\/fyriresort.com\/no\/wp-json\/wp\/v2\/media?parent=30653"}],"curies":[{"name":"wp","href":"https:\/\/api.w.org\/{rel}","templated":true}]}}