{"id":21065,"date":"2022-04-27T13:02:27","date_gmt":"2022-04-27T11:02:27","guid":{"rendered":"https:\/\/fyriresort.com\/?page_id=21065"},"modified":"2026-08-28T12:26:41","modified_gmt":"2026-08-28T10:26:41","slug":"vinter","status":"publish","type":"page","link":"https:\/\/fyriresort.com\/no\/aktiviteter\/vinter\/","title":{"rendered":"Vinteraktiviteter"},"content":{"rendered":"<p><div class=\"fusion-fullwidth fullwidth-box fusion-builder-row-1 fusion-flex-container fusion-parallax-none nonhundred-percent-fullwidth non-hundred-percent-height-scrolling lazyload fusion-animated\" style=\"--awb-border-radius-top-left:0px;--awb-border-radius-top-right:0px;--awb-border-radius-bottom-right:0px;--awb-border-radius-bottom-left:0px;--awb-padding-right-small:4%;--awb-padding-left-small:4%;--awb-min-height:90vh;--awb-min-height-small:85vh;--awb-background-image:linear-gradient(180deg, rgba(0,0,0,0.1) 63%,rgba(0,0,0,0.1) 100%);;--awb-background-size:cover;--awb-flex-wrap:wrap;\" data-bg=\"https:\/\/fyriresort.com\/wp-content\/uploads\/2026\/08\/fyri-resort-gallery-37.webp\" data-bg-gradient=\"linear-gradient(180deg, rgba(0,0,0,0.1) 63%,rgba(0,0,0,0.1) 100%)\" data-animationType=\"fadeIn\" data-animationDuration=\"0.3\" data-animationOffset=\"top-into-view\" ><div class=\"fusion-builder-row fusion-row fusion-flex-align-items-center fusion-flex-align-content-center fusion-flex-justify-content-center fusion-flex-content-wrap\" style=\"max-width:calc( 1590px + 0px );margin-left: calc(-0px \/ 2 );margin-right: calc(-0px \/ 2 );\"><div class=\"fusion-layout-column fusion_builder_column fusion-builder-column-0 fusion-flex-column fusion-flex-align-self-center\" style=\"--awb-bg-size:cover;--awb-width-large:500px;--awb-margin-top-large:0px;--awb-spacing-right-large:0px;--awb-margin-bottom-large:30px;--awb-spacing-left-large:0px;--awb-width-medium:500px;--awb-spacing-right-medium:0px;--awb-spacing-left-medium:0px;--awb-width-small:100%;--awb-spacing-right-small:0px;--awb-spacing-left-small:0px;\"><div class=\"fusion-column-wrapper fusion-column-has-shadow fusion-flex-justify-content-center fusion-content-layout-column\"><div class=\"fusion-title title fusion-title-1 fusion-sep-none fusion-title-center fusion-title-text fusion-title-size-one label\" style=\"--awb-text-color:var(--awb-color3);--awb-margin-top-small:0px;--awb-margin-right-small:0px;--awb-margin-bottom-small:20px;--awb-margin-left-small:0px;\"><h1 class=\"fusion-title-heading title-heading-center fusion-responsive-typography-calculated\" style=\"margin:0;--fontSize:58;line-height:var(--awb-typography1-line-height);text-shadow:0px;\"><strong>VINTERAKTIVITETER I HEMSEDAL<\/strong><\/h1><\/div><div class=\"fusion-title title fusion-title-2 fusion-sep-none fusion-title-center fusion-title-text fusion-title-size-two\" style=\"--awb-text-color:var(--awb-color3);--awb-margin-top-small:0px;--awb-margin-right-small:0px;--awb-margin-bottom-small:30px;--awb-margin-left-small:0px;--awb-font-size:4rem;\"><h2 class=\"fusion-title-heading title-heading-center fusion-responsive-typography-calculated\" style=\"margin:0;font-size:1em;--fontSize:58;line-height:var(--awb-typography1-line-height);text-shadow:0px;\">Your winter in the Scandinavian Alps<\/h2><\/div><div class=\"fusion-text fusion-text-1\" style=\"--awb-content-alignment:center;--awb-font-size:18px;--awb-text-color:var(--awb-color3);--awb-text-font-family:&quot;ThePicnicClub-Regular&quot;;--awb-text-font-style:normal;--awb-text-font-weight:400;\"><p>Takket v\u00e6re Hemsedals h\u00f8ye beliggenhet er skisesongen lang \u2013 og gunstig plassert med ski-in\/ski-out ligger fantastiske F\u00fdri Resort.<\/p>\n<\/div><\/div><\/div><\/div><\/div><div id=\"about-fyri\" class=\"fusion-container-anchor\"><div class=\"fusion-fullwidth fullwidth-box fusion-builder-row-2 fusion-flex-container nonhundred-percent-fullwidth non-hundred-percent-height-scrolling fusion-custom-z-index\" style=\"--awb-background-position:left top;--awb-border-radius-top-left:0px;--awb-border-radius-top-right:0px;--awb-border-radius-bottom-right:0px;--awb-border-radius-bottom-left:0px;--awb-z-index:99;--awb-padding-top-small:50px;--awb-padding-bottom-small:50px;--awb-flex-wrap:wrap;\" ><div class=\"fusion-builder-row fusion-row fusion-flex-align-items-center fusion-flex-justify-content-center fusion-flex-content-wrap\" style=\"max-width:calc( 1590px + 40px );margin-left: calc(-40px \/ 2 );margin-right: calc(-40px \/ 2 );\"><div class=\"fusion-layout-column fusion_builder_column fusion-builder-column-1 fusion_builder_column_2_3 2_3 fusion-flex-column fusion-flex-align-self-stretch\" style=\"--awb-padding-right:10%;--awb-padding-left:10%;--awb-padding-right-small:3%;--awb-padding-left-small:3%;--awb-bg-size:cover;--awb-width-large:66.666666666667%;--awb-margin-top-large:0px;--awb-spacing-right-large:20px;--awb-margin-bottom-large:30px;--awb-spacing-left-large:20px;--awb-width-medium:50%;--awb-order-medium:0;--awb-spacing-right-medium:20px;--awb-spacing-left-medium:20px;--awb-width-small:100%;--awb-order-small:0;--awb-spacing-right-small:20px;--awb-spacing-left-small:20px;\"><div class=\"fusion-column-wrapper fusion-column-has-shadow fusion-flex-justify-content-center fusion-content-layout-column\"><div class=\"fusion-title title fusion-title-3 fusion-sep-none fusion-title-center fusion-title-text fusion-title-size-two typing-heading\" style=\"--awb-margin-top-small:0px;--awb-margin-right-small:0px;--awb-margin-bottom-small:20px;--awb-margin-left-small:0px;\"><h2 class=\"fusion-title-heading title-heading-center fusion-responsive-typography-calculated\" style=\"margin:0;text-transform:none;--fontSize:43.5;line-height:var(--awb-typography1-line-height);\">Ski beyond your limits i skandinaviske alper<\/h2><\/div><div class=\"fusion-text fusion-text-2\" style=\"--awb-content-alignment:center;\"><p>Det viktigste er tross alt \u00e5 f\u00e5 maksimal tid i bakken! St\u00e5 p\u00e5 ski fra fjelltoppene Totten, Roni og Tinden hvor den h\u00f8yeste toppen er 1450 meter over havet, med en fallh\u00f8yde p\u00e5 810 meter \u2013 velkommen til \u201cDe skandinaviske alper\u201d.<\/p>\n<\/div><div style=\"text-align:center;\"><a class=\"fusion-button button-flat fusion-button-default-size button-default fusion-button-default button-1 fusion-button-default-span fusion-button-default-type\" target=\"_self\" href=\"#activites\"><span class=\"fusion-button-text awb-button__text awb-button__text--default\">Se alle vinteraktiviteter<\/span><\/a><\/div><\/div><\/div><\/div><\/div><\/div><div class=\"fusion-fullwidth fullwidth-box fusion-builder-row-3 fusion-flex-container has-pattern-background has-mask-background nonhundred-percent-fullwidth non-hundred-percent-height-scrolling awb-cv-auto\" style=\"--awb-border-radius-top-left:0px;--awb-border-radius-top-right:0px;--awb-border-radius-bottom-right:0px;--awb-border-radius-bottom-left:0px;--awb-padding-top:40px;--awb-flex-wrap:wrap;\" ><div class=\"fusion-builder-row fusion-row fusion-flex-align-items-flex-start fusion-flex-justify-content-center fusion-flex-content-wrap\" style=\"max-width:calc( 1590px + 40px );margin-left: calc(-40px \/ 2 );margin-right: calc(-40px \/ 2 );\"><div class=\"fusion-layout-column fusion_builder_column fusion-builder-column-2 fusion_builder_column_1_1 1_1 fusion-flex-column\" style=\"--awb-bg-size:cover;--awb-width-large:100%;--awb-margin-top-large:0px;--awb-spacing-right-large:20px;--awb-margin-bottom-large:0px;--awb-spacing-left-large:20px;--awb-width-medium:100%;--awb-order-medium:0;--awb-spacing-right-medium:20px;--awb-spacing-left-medium:20px;--awb-width-small:100%;--awb-order-small:0;--awb-spacing-right-small:20px;--awb-spacing-left-small:20px;\"><div class=\"fusion-column-wrapper fusion-column-has-shadow fusion-flex-justify-content-flex-start fusion-content-layout-column\"><div class=\"fusion-menu-anchor\" id=\"activites\"><\/div><\/div><\/div><div class=\"fusion-layout-column fusion_builder_column fusion-builder-column-3 fusion_builder_column_1_1 1_1 fusion-flex-column\" style=\"--awb-bg-size:cover;--awb-width-large:100%;--awb-margin-top-large:0px;--awb-spacing-right-large:20px;--awb-margin-bottom-large:30px;--awb-spacing-left-large:20px;--awb-width-medium:100%;--awb-order-medium:0;--awb-spacing-right-medium:20px;--awb-spacing-left-medium:20px;--awb-width-small:100%;--awb-order-small:0;--awb-spacing-right-small:20px;--awb-spacing-left-small:20px;\"><div class=\"fusion-column-wrapper fusion-column-has-shadow fusion-flex-justify-content-flex-start fusion-content-layout-column\"><div class=\"fusion-text fusion-text-3\">\t\t<div class=\"ttd-cards-wrap\"\n\t\t\tdata-ttd-grid\n\t\t\tdata-page=\"1\"\n\t\t\tdata-max-pages=\"1\"\n\t\t\tdata-per-page=\"40\"\n\t\t\tdata-category=\"winter\"\n\t\t\tdata-lang=\"\"\n\t\t\tdata-wpml-lang=\"no\"\n\t\t\tdata-nonce=\"093f57e563\">\n\t\t\t<div class=\"ttd-cards\" style=\"--ttd-columns: 2\">\n\t\t\t\t\t\t<article class=\"ttd-card\" data-ttd-preview='{&quot;title&quot;:&quot;NF Videreg\\u00e5ende Skredkurs Hemsedal&quot;,&quot;excerpt&quot;:&quot;&quot;,&quot;image&quot;:&quot;https:\\\/\\\/fyriresort.com\\\/wp-content\\\/uploads\\\/2023\\\/02\\\/skiing-2.jpg&quot;,&quot;url&quot;:&quot;https:\\\/\\\/fyriresort.com\\\/no\\\/aktivitet\\\/nf-advanced-avalanche-course-hemsedal\\\/&quot;,&quot;category&quot;:&quot;vinter&quot;,&quot;price&quot;:&quot;&quot;,&quot;location&quot;:&quot;&quot;,&quot;duration&quot;:&quot;&quot;,&quot;bestTime&quot;:&quot;&quot;,&quot;bookingUrl&quot;:&quot;&quot;,&quot;bookingText&quot;:&quot;Learn More&quot;}'>\n\t\t\t\t\t\t\t<a href=\"https:\/\/fyriresort.com\/no\/aktivitet\/nf-advanced-avalanche-course-hemsedal\/\" class=\"ttd-card__image-link\">\n\t\t\t\t\t<img decoding=\"async\" width=\"768\" height=\"768\" src=\"https:\/\/fyriresort.com\/wp-content\/uploads\/2023\/02\/skiing-2-768x768.jpg\" class=\"ttd-card__img lazyload wp-post-image\" alt=\"\" srcset=\"data:image\/svg+xml,%3Csvg%20xmlns%3D%27http%3A%2F%2Fwww.w3.org%2F2000%2Fsvg%27%20width%3D%271000%27%20height%3D%271000%27%20viewBox%3D%270%200%201000%201000%27%3E%3Crect%20width%3D%271000%27%20height%3D%271000%27%20fill-opacity%3D%220%22%2F%3E%3C%2Fsvg%3E\" data-orig-src=\"https:\/\/fyriresort.com\/wp-content\/uploads\/2023\/02\/skiing-2-768x768.jpg\" data-srcset=\"https:\/\/fyriresort.com\/wp-content\/uploads\/2023\/02\/skiing-2-66x66.jpg 66w, https:\/\/fyriresort.com\/wp-content\/uploads\/2023\/02\/skiing-2-150x150.jpg 150w, https:\/\/fyriresort.com\/wp-content\/uploads\/2023\/02\/skiing-2-200x200.jpg 200w, https:\/\/fyriresort.com\/wp-content\/uploads\/2023\/02\/skiing-2-300x300.jpg 300w, https:\/\/fyriresort.com\/wp-content\/uploads\/2023\/02\/skiing-2-400x400.jpg 400w, https:\/\/fyriresort.com\/wp-content\/uploads\/2023\/02\/skiing-2-600x600.jpg 600w, https:\/\/fyriresort.com\/wp-content\/uploads\/2023\/02\/skiing-2-768x768.jpg 768w, https:\/\/fyriresort.com\/wp-content\/uploads\/2023\/02\/skiing-2-800x800.jpg 800w, https:\/\/fyriresort.com\/wp-content\/uploads\/2023\/02\/skiing-2.jpg 1000w\" data-sizes=\"auto\" \/>\t\t\t\t<\/a>\n\t\t\t\t\t\t<div class=\"ttd-card__body\">\n\t\t\t\t<h3 class=\"ttd-card__title\">\n\t\t\t\t\t<a href=\"https:\/\/fyriresort.com\/no\/aktivitet\/nf-advanced-avalanche-course-hemsedal\/\">NF Videreg\u00e5ende Skredkurs Hemsedal<\/a>\n\t\t\t\t<\/h3>\n\t\t\t\t\t\t\t\t\t<div class=\"ttd-card__excerpt\">\n\t\t\t\t\t\t<p>Dette er kurset for deg som allerede har g\u00e5tt et grunnkurs skred og \u00f8nsker \u00e5 l\u00e6re mer eller fortsette NF-utdanningen til kurs-veileder i Norsk Fjellsportforums utdanningstige.<\/p>\n\t\t\t\t\t<\/div>\n\t\t\t\t\t\t\t\t<div class=\"ttd-card__actions\">\n\t\t\t\t\t\t\t\t\t\t<a href=\"https:\/\/fyriresort.com\/no\/aktivitet\/nf-advanced-avalanche-course-hemsedal\/\" class=\"ttd-card__btn\">\n\t\t\t\t\t\tRead More\t\t\t\t\t<\/a>\n\t\t\t\t<\/div>\n\t\t\t<\/div>\n\t\t<\/article>\n\t\t\t\t<article class=\"ttd-card\" data-ttd-preview='{&quot;title&quot;:&quot;Aking i Fjell\\u00f8ypa&quot;,&quot;excerpt&quot;:&quot;Pris:\\u00a0Voksen 395 NOKVoksen m. barn under 10 \\u00e5r 425 NOK\\u00d8ver 10 \\u00e5r samme pris som voksen. Med Stiga Snowracers suser man ned fjellet p\\u00e5 kveldstid&hellip;&quot;,&quot;image&quot;:&quot;https:\\\/\\\/fyriresort.com\\\/wp-content\\\/uploads\\\/2023\\\/03\\\/aking-683x1024.jpg&quot;,&quot;url&quot;:&quot;https:\\\/\\\/fyriresort.com\\\/no\\\/aktivitet\\\/aking-i-fjelloypa\\\/&quot;,&quot;category&quot;:&quot;vinter&quot;,&quot;price&quot;:&quot;&quot;,&quot;location&quot;:&quot;&quot;,&quot;duration&quot;:&quot;&quot;,&quot;bestTime&quot;:&quot;&quot;,&quot;bookingUrl&quot;:&quot;&quot;,&quot;bookingText&quot;:&quot;Learn More&quot;}'>\n\t\t\t\t\t\t\t<a href=\"https:\/\/fyriresort.com\/no\/aktivitet\/aking-i-fjelloypa\/\" class=\"ttd-card__image-link\">\n\t\t\t\t\t<img decoding=\"async\" width=\"768\" height=\"1152\" src=\"https:\/\/fyriresort.com\/wp-content\/uploads\/2023\/03\/aking-768x1152.jpg\" class=\"ttd-card__img lazyload wp-post-image\" alt=\"\" srcset=\"data:image\/svg+xml,%3Csvg%20xmlns%3D%27http%3A%2F%2Fwww.w3.org%2F2000%2Fsvg%27%20width%3D%271000%27%20height%3D%271500%27%20viewBox%3D%270%200%201000%201500%27%3E%3Crect%20width%3D%271000%27%20height%3D%271500%27%20fill-opacity%3D%220%22%2F%3E%3C%2Fsvg%3E\" data-orig-src=\"https:\/\/fyriresort.com\/wp-content\/uploads\/2023\/03\/aking-768x1152.jpg\" data-srcset=\"https:\/\/fyriresort.com\/wp-content\/uploads\/2023\/03\/aking-200x300.jpg 200w, https:\/\/fyriresort.com\/wp-content\/uploads\/2023\/03\/aking-400x600.jpg 400w, https:\/\/fyriresort.com\/wp-content\/uploads\/2023\/03\/aking-600x900.jpg 600w, https:\/\/fyriresort.com\/wp-content\/uploads\/2023\/03\/aking-683x1024.jpg 683w, https:\/\/fyriresort.com\/wp-content\/uploads\/2023\/03\/aking-768x1152.jpg 768w, https:\/\/fyriresort.com\/wp-content\/uploads\/2023\/03\/aking-800x1200.jpg 800w, https:\/\/fyriresort.com\/wp-content\/uploads\/2023\/03\/aking.jpg 1000w\" data-sizes=\"auto\" \/>\t\t\t\t<\/a>\n\t\t\t\t\t\t<div class=\"ttd-card__body\">\n\t\t\t\t<h3 class=\"ttd-card__title\">\n\t\t\t\t\t<a href=\"https:\/\/fyriresort.com\/no\/aktivitet\/aking-i-fjelloypa\/\">Aking i Fjell\u00f8ypa<\/a>\n\t\t\t\t<\/h3>\n\t\t\t\t\t\t\t\t\t<div class=\"ttd-card__excerpt\">\n\t\t\t\t\t\t<p>Kj\u00f8r ned Fjell\u00f8ypa p\u00e5 en snowracer og nyt en fartsfylt vinteraktivitet for hele familien.<\/p>\n\t\t\t\t\t<\/div>\n\t\t\t\t\t\t\t\t<div class=\"ttd-card__actions\">\n\t\t\t\t\t\t\t\t\t\t<a href=\"https:\/\/fyriresort.com\/no\/aktivitet\/aking-i-fjelloypa\/\" class=\"ttd-card__btn\">\n\t\t\t\t\t\tRead More\t\t\t\t\t<\/a>\n\t\t\t\t<\/div>\n\t\t\t<\/div>\n\t\t<\/article>\n\t\t\t\t<article class=\"ttd-card\" data-ttd-preview='{&quot;title&quot;:&quot;Aking Topp til Bun&quot;,&quot;excerpt&quot;:&quot;Pris:\\u00a0Voksen 395 NOKVoksen m. barn under 10 \\u00e5r 435 NOK\\u00d8ver 10 \\u00e5r samme pris som voksen. Sus ned fjellet etter skiheisens stengetid med Stiga Snowracers&hellip;&quot;,&quot;image&quot;:&quot;https:\\\/\\\/fyriresort.com\\\/wp-content\\\/uploads\\\/2023\\\/02\\\/Aking-Top-till-Bun-1-1-1024x683.jpg&quot;,&quot;url&quot;:&quot;https:\\\/\\\/fyriresort.com\\\/no\\\/aktivitet\\\/aking-topp-til-bun\\\/&quot;,&quot;category&quot;:&quot;vinter&quot;,&quot;price&quot;:&quot;&quot;,&quot;location&quot;:&quot;&quot;,&quot;duration&quot;:&quot;&quot;,&quot;bestTime&quot;:&quot;&quot;,&quot;bookingUrl&quot;:&quot;&quot;,&quot;bookingText&quot;:&quot;Learn More&quot;}'>\n\t\t\t\t\t\t\t<a href=\"https:\/\/fyriresort.com\/no\/aktivitet\/aking-topp-til-bun\/\" class=\"ttd-card__image-link\">\n\t\t\t\t\t<img decoding=\"async\" width=\"768\" height=\"512\" src=\"https:\/\/fyriresort.com\/wp-content\/uploads\/2023\/02\/Aking-Top-till-Bun-1-1-768x512.jpg\" class=\"ttd-card__img lazyload wp-post-image\" alt=\"Aking Top till Bun\" srcset=\"data:image\/svg+xml,%3Csvg%20xmlns%3D%27http%3A%2F%2Fwww.w3.org%2F2000%2Fsvg%27%20width%3D%271500%27%20height%3D%271000%27%20viewBox%3D%270%200%201500%201000%27%3E%3Crect%20width%3D%271500%27%20height%3D%271000%27%20fill-opacity%3D%220%22%2F%3E%3C%2Fsvg%3E\" data-orig-src=\"https:\/\/fyriresort.com\/wp-content\/uploads\/2023\/02\/Aking-Top-till-Bun-1-1-768x512.jpg\" data-srcset=\"https:\/\/fyriresort.com\/wp-content\/uploads\/2023\/02\/Aking-Top-till-Bun-1-1-200x133.jpg 200w, https:\/\/fyriresort.com\/wp-content\/uploads\/2023\/02\/Aking-Top-till-Bun-1-1-300x200.jpg 300w, https:\/\/fyriresort.com\/wp-content\/uploads\/2023\/02\/Aking-Top-till-Bun-1-1-400x267.jpg 400w, https:\/\/fyriresort.com\/wp-content\/uploads\/2023\/02\/Aking-Top-till-Bun-1-1-600x400.jpg 600w, https:\/\/fyriresort.com\/wp-content\/uploads\/2023\/02\/Aking-Top-till-Bun-1-1-768x512.jpg 768w, https:\/\/fyriresort.com\/wp-content\/uploads\/2023\/02\/Aking-Top-till-Bun-1-1-800x533.jpg 800w, https:\/\/fyriresort.com\/wp-content\/uploads\/2023\/02\/Aking-Top-till-Bun-1-1-1024x683.jpg 1024w, https:\/\/fyriresort.com\/wp-content\/uploads\/2023\/02\/Aking-Top-till-Bun-1-1-1200x800.jpg 1200w, https:\/\/fyriresort.com\/wp-content\/uploads\/2023\/02\/Aking-Top-till-Bun-1-1.jpg 1500w\" data-sizes=\"auto\" \/>\t\t\t\t<\/a>\n\t\t\t\t\t\t<div class=\"ttd-card__body\">\n\t\t\t\t<h3 class=\"ttd-card__title\">\n\t\t\t\t\t<a href=\"https:\/\/fyriresort.com\/no\/aktivitet\/aking-topp-til-bun\/\">Aking Topp til Bun<\/a>\n\t\t\t\t<\/h3>\n\t\t\t\t\t\t\t\t\t<div class=\"ttd-card__excerpt\">\n\t\t\t\t\t\t<p>Kj\u00f8r fra toppen av fjellet til bunnen p\u00e5 en snowracer, og nyt en fartsfylt tur med spektakul\u00e6r utsikt underveis.<\/p>\n\t\t\t\t\t<\/div>\n\t\t\t\t\t\t\t\t<div class=\"ttd-card__actions\">\n\t\t\t\t\t\t\t\t\t\t<a href=\"https:\/\/fyriresort.com\/no\/aktivitet\/aking-topp-til-bun\/\" class=\"ttd-card__btn\">\n\t\t\t\t\t\tRead More\t\t\t\t\t<\/a>\n\t\t\t\t<\/div>\n\t\t\t<\/div>\n\t\t<\/article>\n\t\t\t\t<article class=\"ttd-card\" data-ttd-preview='{&quot;title&quot;:&quot;NF Videreg\\u00e5ende Skredkurs Hemsedal&quot;,&quot;excerpt&quot;:&quot;Ta skredkunnskapen til neste niv\\u00e5 p\\u00e5 F\\u00fdri Resort i Hemsedal. Et videreg\\u00e5ende kurs for deg som \\u00f8nsker mer kunnskap og praktisk erfaring med ferdsel i&hellip;&quot;,&quot;image&quot;:&quot;https:\\\/\\\/fyriresort.com\\\/wp-content\\\/uploads\\\/2025\\\/09\\\/fyri-berg-hemsedal-1024x576.jpg&quot;,&quot;url&quot;:&quot;https:\\\/\\\/fyriresort.com\\\/no\\\/aktivitet\\\/nf-videregaende-skredkurs-hemsedal\\\/&quot;,&quot;category&quot;:&quot;vinter&quot;,&quot;price&quot;:&quot;&quot;,&quot;location&quot;:&quot;&quot;,&quot;duration&quot;:&quot;&quot;,&quot;bestTime&quot;:&quot;&quot;,&quot;bookingUrl&quot;:&quot;&quot;,&quot;bookingText&quot;:&quot;Learn More&quot;}'>\n\t\t\t\t\t\t\t<a href=\"https:\/\/fyriresort.com\/no\/aktivitet\/nf-videregaende-skredkurs-hemsedal\/\" class=\"ttd-card__image-link\">\n\t\t\t\t\t<img decoding=\"async\" width=\"768\" height=\"432\" src=\"https:\/\/fyriresort.com\/wp-content\/uploads\/2025\/09\/fyri-berg-hemsedal-768x432.jpg\" class=\"ttd-card__img lazyload wp-post-image\" alt=\"Berg i Hemsedal F\u00fdri Reseort\" srcset=\"data:image\/svg+xml,%3Csvg%20xmlns%3D%27http%3A%2F%2Fwww.w3.org%2F2000%2Fsvg%27%20width%3D%271920%27%20height%3D%271080%27%20viewBox%3D%270%200%201920%201080%27%3E%3Crect%20width%3D%271920%27%20height%3D%271080%27%20fill-opacity%3D%220%22%2F%3E%3C%2Fsvg%3E\" data-orig-src=\"https:\/\/fyriresort.com\/wp-content\/uploads\/2025\/09\/fyri-berg-hemsedal-768x432.jpg\" data-srcset=\"https:\/\/fyriresort.com\/wp-content\/uploads\/2025\/09\/fyri-berg-hemsedal-200x113.jpg 200w, https:\/\/fyriresort.com\/wp-content\/uploads\/2025\/09\/fyri-berg-hemsedal-300x169.jpg 300w, https:\/\/fyriresort.com\/wp-content\/uploads\/2025\/09\/fyri-berg-hemsedal-400x225.jpg 400w, https:\/\/fyriresort.com\/wp-content\/uploads\/2025\/09\/fyri-berg-hemsedal-600x338.jpg 600w, https:\/\/fyriresort.com\/wp-content\/uploads\/2025\/09\/fyri-berg-hemsedal-768x432.jpg 768w, https:\/\/fyriresort.com\/wp-content\/uploads\/2025\/09\/fyri-berg-hemsedal-800x450.jpg 800w, https:\/\/fyriresort.com\/wp-content\/uploads\/2025\/09\/fyri-berg-hemsedal-1024x576.jpg 1024w, https:\/\/fyriresort.com\/wp-content\/uploads\/2025\/09\/fyri-berg-hemsedal-1200x675.jpg 1200w, https:\/\/fyriresort.com\/wp-content\/uploads\/2025\/09\/fyri-berg-hemsedal-1536x864.jpg 1536w, https:\/\/fyriresort.com\/wp-content\/uploads\/2025\/09\/fyri-berg-hemsedal.jpg 1920w\" data-sizes=\"auto\" \/>\t\t\t\t<\/a>\n\t\t\t\t\t\t<div class=\"ttd-card__body\">\n\t\t\t\t<h3 class=\"ttd-card__title\">\n\t\t\t\t\t<a href=\"https:\/\/fyriresort.com\/no\/aktivitet\/nf-videregaende-skredkurs-hemsedal\/\">NF Videreg\u00e5ende Skredkurs Hemsedal<\/a>\n\t\t\t\t<\/h3>\n\t\t\t\t\t\t\t\t\t<div class=\"ttd-card__excerpt\">\n\t\t\t\t\t\t<p>Utvikle skredkunnskapen din og f\u00e5 mer praktisk erfaring med ferdsel i skredterreng i Hemsedal.<\/p>\n\t\t\t\t\t<\/div>\n\t\t\t\t\t\t\t\t<div class=\"ttd-card__actions\">\n\t\t\t\t\t\t\t\t\t\t<a href=\"https:\/\/fyriresort.com\/no\/aktivitet\/nf-videregaende-skredkurs-hemsedal\/\" class=\"ttd-card__btn\">\n\t\t\t\t\t\tRead More\t\t\t\t\t<\/a>\n\t\t\t\t<\/div>\n\t\t\t<\/div>\n\t\t<\/article>\n\t\t\t\t<article class=\"ttd-card\" data-ttd-preview='{&quot;title&quot;:&quot;Skredkurs&quot;,&quot;excerpt&quot;:&quot;Det finnes ingen fasit for \\u00e5 vurdere skredfare. P\\u00e5 kurset l\\u00e6rer du derfor \\u00e5 forst\\u00e5 faktorene som p\\u00e5virker skredfaren, og hvordan du kan ferdes trygt&hellip;&quot;,&quot;image&quot;:&quot;https:\\\/\\\/fyriresort.com\\\/wp-content\\\/uploads\\\/2022\\\/04\\\/skiing.jpg&quot;,&quot;url&quot;:&quot;https:\\\/\\\/fyriresort.com\\\/no\\\/aktivitet\\\/skredkurs\\\/&quot;,&quot;category&quot;:&quot;vinter&quot;,&quot;price&quot;:&quot;&quot;,&quot;location&quot;:&quot;&quot;,&quot;duration&quot;:&quot;&quot;,&quot;bestTime&quot;:&quot;&quot;,&quot;bookingUrl&quot;:&quot;&quot;,&quot;bookingText&quot;:&quot;Learn More&quot;}'>\n\t\t\t\t\t\t\t<a href=\"https:\/\/fyriresort.com\/no\/aktivitet\/skredkurs\/\" class=\"ttd-card__image-link\">\n\t\t\t\t\t<img decoding=\"async\" width=\"768\" height=\"461\" src=\"https:\/\/fyriresort.com\/wp-content\/uploads\/2022\/04\/skiing-768x461.jpg\" class=\"ttd-card__img lazyload wp-post-image\" alt=\"\" srcset=\"data:image\/svg+xml,%3Csvg%20xmlns%3D%27http%3A%2F%2Fwww.w3.org%2F2000%2Fsvg%27%20width%3D%271000%27%20height%3D%27600%27%20viewBox%3D%270%200%201000%20600%27%3E%3Crect%20width%3D%271000%27%20height%3D%27600%27%20fill-opacity%3D%220%22%2F%3E%3C%2Fsvg%3E\" data-orig-src=\"https:\/\/fyriresort.com\/wp-content\/uploads\/2022\/04\/skiing-768x461.jpg\" data-srcset=\"https:\/\/fyriresort.com\/wp-content\/uploads\/2022\/04\/skiing-200x120.jpg 200w, https:\/\/fyriresort.com\/wp-content\/uploads\/2022\/04\/skiing-300x180.jpg 300w, https:\/\/fyriresort.com\/wp-content\/uploads\/2022\/04\/skiing-400x240.jpg 400w, https:\/\/fyriresort.com\/wp-content\/uploads\/2022\/04\/skiing-600x360.jpg 600w, https:\/\/fyriresort.com\/wp-content\/uploads\/2022\/04\/skiing-768x461.jpg 768w, https:\/\/fyriresort.com\/wp-content\/uploads\/2022\/04\/skiing-800x480.jpg 800w, https:\/\/fyriresort.com\/wp-content\/uploads\/2022\/04\/skiing.jpg 1000w\" data-sizes=\"auto\" \/>\t\t\t\t<\/a>\n\t\t\t\t\t\t<div class=\"ttd-card__body\">\n\t\t\t\t<h3 class=\"ttd-card__title\">\n\t\t\t\t\t<a href=\"https:\/\/fyriresort.com\/no\/aktivitet\/skredkurs\/\">Skredkurs<\/a>\n\t\t\t\t<\/h3>\n\t\t\t\t\t\t\t\t\t<div class=\"ttd-card__excerpt\">\n\t\t\t\t\t\t<p>L\u00e6r \u00e5 forst\u00e5 skredfare og ferdes trygt i skredterreng. Kurset kombinerer sn\u00f8kunnskap, skredvarsling, rutevalg og praktisk trening med skreds\u00f8ker ute i felt.<\/p>\n\t\t\t\t\t<\/div>\n\t\t\t\t\t\t\t\t<div class=\"ttd-card__actions\">\n\t\t\t\t\t\t\t\t\t\t<a href=\"https:\/\/fyriresort.com\/no\/aktivitet\/skredkurs\/\" class=\"ttd-card__btn\">\n\t\t\t\t\t\tRead More\t\t\t\t\t<\/a>\n\t\t\t\t<\/div>\n\t\t\t<\/div>\n\t\t<\/article>\n\t\t\t\t<article class=\"ttd-card\" data-ttd-preview='{&quot;title&quot;:&quot;Topptur&quot;,&quot;excerpt&quot;:&quot;For deg som er nybegynner p\\u00e5 topptur. Her l\\u00e6rer du om utstyr, turplanlegging og skredl\\u00e6re. Kurset starter fredag kveld.&quot;,&quot;image&quot;:&quot;https:\\\/\\\/fyriresort.com\\\/wp-content\\\/uploads\\\/2023\\\/03\\\/Trugetur-1024x683.jpg&quot;,&quot;url&quot;:&quot;https:\\\/\\\/fyriresort.com\\\/no\\\/aktivitet\\\/topptur\\\/&quot;,&quot;category&quot;:&quot;vinter&quot;,&quot;price&quot;:&quot;&quot;,&quot;location&quot;:&quot;&quot;,&quot;duration&quot;:&quot;&quot;,&quot;bestTime&quot;:&quot;&quot;,&quot;bookingUrl&quot;:&quot;&quot;,&quot;bookingText&quot;:&quot;Learn More&quot;}'>\n\t\t\t\t\t\t\t<a href=\"https:\/\/fyriresort.com\/no\/aktivitet\/topptur\/\" class=\"ttd-card__image-link\">\n\t\t\t\t\t<img decoding=\"async\" width=\"768\" height=\"512\" src=\"https:\/\/fyriresort.com\/wp-content\/uploads\/2023\/03\/Trugetur-768x512.jpg\" class=\"ttd-card__img lazyload wp-post-image\" alt=\"\" srcset=\"data:image\/svg+xml,%3Csvg%20xmlns%3D%27http%3A%2F%2Fwww.w3.org%2F2000%2Fsvg%27%20width%3D%271500%27%20height%3D%271000%27%20viewBox%3D%270%200%201500%201000%27%3E%3Crect%20width%3D%271500%27%20height%3D%271000%27%20fill-opacity%3D%220%22%2F%3E%3C%2Fsvg%3E\" data-orig-src=\"https:\/\/fyriresort.com\/wp-content\/uploads\/2023\/03\/Trugetur-768x512.jpg\" data-srcset=\"https:\/\/fyriresort.com\/wp-content\/uploads\/2023\/03\/Trugetur-200x133.jpg 200w, https:\/\/fyriresort.com\/wp-content\/uploads\/2023\/03\/Trugetur-300x200.jpg 300w, https:\/\/fyriresort.com\/wp-content\/uploads\/2023\/03\/Trugetur-400x267.jpg 400w, https:\/\/fyriresort.com\/wp-content\/uploads\/2023\/03\/Trugetur-600x400.jpg 600w, https:\/\/fyriresort.com\/wp-content\/uploads\/2023\/03\/Trugetur-768x512.jpg 768w, https:\/\/fyriresort.com\/wp-content\/uploads\/2023\/03\/Trugetur-800x533.jpg 800w, https:\/\/fyriresort.com\/wp-content\/uploads\/2023\/03\/Trugetur-1024x683.jpg 1024w, https:\/\/fyriresort.com\/wp-content\/uploads\/2023\/03\/Trugetur-1200x800.jpg 1200w, https:\/\/fyriresort.com\/wp-content\/uploads\/2023\/03\/Trugetur.jpg 1500w\" data-sizes=\"auto\" \/>\t\t\t\t<\/a>\n\t\t\t\t\t\t<div class=\"ttd-card__body\">\n\t\t\t\t<h3 class=\"ttd-card__title\">\n\t\t\t\t\t<a href=\"https:\/\/fyriresort.com\/no\/aktivitet\/topptur\/\">Topptur<\/a>\n\t\t\t\t<\/h3>\n\t\t\t\t\t\t\t\t\t<div class=\"ttd-card__excerpt\">\n\t\t\t\t\t\t<p>For deg som er nybegynner p\u00e5 topptur. Her l\u00e6rer du om utstyr, turplanlegging og skredl\u00e6re. Kurset starter fredag kveld.<\/p>\n\t\t\t\t\t<\/div>\n\t\t\t\t\t\t\t\t<div class=\"ttd-card__actions\">\n\t\t\t\t\t\t\t\t\t\t<a href=\"https:\/\/fyriresort.com\/no\/aktivitet\/topptur\/\" class=\"ttd-card__btn\">\n\t\t\t\t\t\tRead More\t\t\t\t\t<\/a>\n\t\t\t\t<\/div>\n\t\t\t<\/div>\n\t\t<\/article>\n\t\t\t\t<article class=\"ttd-card\" data-ttd-preview='{&quot;title&quot;:&quot;Hundekj\\u00f8ring&quot;,&quot;excerpt&quot;:&quot;Pris:\\u00a0Voksen 1700 NOKBarn (3-9 \\u00e5r) 850 NOKTransport:\\u00a0700 NOK\\\/booking P\\u00e5 denne opplevelsen f\\u00e5r du oppleve hvordan det er \\u00e5 v\\u00e6re hundekj\\u00f8rer. Bli med \\u00e5 sele p\\u00e5&hellip;&quot;,&quot;image&quot;:&quot;https:\\\/\\\/fyriresort.com\\\/wp-content\\\/uploads\\\/2022\\\/04\\\/hundspann.jpg&quot;,&quot;url&quot;:&quot;https:\\\/\\\/fyriresort.com\\\/no\\\/aktivitet\\\/hundekjoring\\\/&quot;,&quot;category&quot;:&quot;vinter&quot;,&quot;price&quot;:&quot;&quot;,&quot;location&quot;:&quot;&quot;,&quot;duration&quot;:&quot;&quot;,&quot;bestTime&quot;:&quot;&quot;,&quot;bookingUrl&quot;:&quot;&quot;,&quot;bookingText&quot;:&quot;Learn More&quot;}'>\n\t\t\t\t\t\t\t<a href=\"https:\/\/fyriresort.com\/no\/aktivitet\/hundekjoring\/\" class=\"ttd-card__image-link\">\n\t\t\t\t\t<img decoding=\"async\" width=\"768\" height=\"461\" src=\"https:\/\/fyriresort.com\/wp-content\/uploads\/2022\/04\/hundspann-768x461.jpg\" class=\"ttd-card__img lazyload wp-post-image\" alt=\"\" srcset=\"data:image\/svg+xml,%3Csvg%20xmlns%3D%27http%3A%2F%2Fwww.w3.org%2F2000%2Fsvg%27%20width%3D%271000%27%20height%3D%27600%27%20viewBox%3D%270%200%201000%20600%27%3E%3Crect%20width%3D%271000%27%20height%3D%27600%27%20fill-opacity%3D%220%22%2F%3E%3C%2Fsvg%3E\" data-orig-src=\"https:\/\/fyriresort.com\/wp-content\/uploads\/2022\/04\/hundspann-768x461.jpg\" data-srcset=\"https:\/\/fyriresort.com\/wp-content\/uploads\/2022\/04\/hundspann-200x120.jpg 200w, https:\/\/fyriresort.com\/wp-content\/uploads\/2022\/04\/hundspann-300x180.jpg 300w, https:\/\/fyriresort.com\/wp-content\/uploads\/2022\/04\/hundspann-400x240.jpg 400w, https:\/\/fyriresort.com\/wp-content\/uploads\/2022\/04\/hundspann-600x360.jpg 600w, https:\/\/fyriresort.com\/wp-content\/uploads\/2022\/04\/hundspann-768x461.jpg 768w, https:\/\/fyriresort.com\/wp-content\/uploads\/2022\/04\/hundspann-800x480.jpg 800w, https:\/\/fyriresort.com\/wp-content\/uploads\/2022\/04\/hundspann.jpg 1000w\" data-sizes=\"auto\" \/>\t\t\t\t<\/a>\n\t\t\t\t\t\t<div class=\"ttd-card__body\">\n\t\t\t\t<h3 class=\"ttd-card__title\">\n\t\t\t\t\t<a href=\"https:\/\/fyriresort.com\/no\/aktivitet\/hundekjoring\/\">Hundekj\u00f8ring<\/a>\n\t\t\t\t<\/h3>\n\t\t\t\t\t\t\t\t\t<div class=\"ttd-card__excerpt\">\n\t\t\t\t\t\t<p>Opplev magien ved \u00e5 kj\u00f8re ditt eget hundespann gjennom et fantastisk vinterlandskap, guidet av et ivrig team med huskyer.<\/p>\n\t\t\t\t\t<\/div>\n\t\t\t\t\t\t\t\t<div class=\"ttd-card__actions\">\n\t\t\t\t\t\t\t\t\t\t<a href=\"https:\/\/fyriresort.com\/no\/aktivitet\/hundekjoring\/\" class=\"ttd-card__btn\">\n\t\t\t\t\t\tRead More\t\t\t\t\t<\/a>\n\t\t\t\t<\/div>\n\t\t\t<\/div>\n\t\t<\/article>\n\t\t\t\t<article class=\"ttd-card\" data-ttd-preview='{&quot;title&quot;:&quot;Kanefart og Sledetur med hest&quot;,&quot;excerpt&quot;:&quot;Kanefart\\\/sledetur med hest Pris:&nbsp;1800 NOK\\\/slede&nbsp;(Plass for 5 personer)Barn 0-3 \\u00e5r kj\\u00f8rer gratis p\\u00e5 fanget til en voksen Bli med oss p\\u00e5 kanefart p\\u00e5 Lykkja med&hellip;&quot;,&quot;image&quot;:&quot;https:\\\/\\\/fyriresort.com\\\/wp-content\\\/uploads\\\/2022\\\/04\\\/Ridetur-fyri.jpg&quot;,&quot;url&quot;:&quot;https:\\\/\\\/fyriresort.com\\\/no\\\/aktivitet\\\/winter-horse-riding-or-sleigh-rides\\\/&quot;,&quot;category&quot;:&quot;vinter&quot;,&quot;price&quot;:&quot;&quot;,&quot;location&quot;:&quot;&quot;,&quot;duration&quot;:&quot;&quot;,&quot;bestTime&quot;:&quot;&quot;,&quot;bookingUrl&quot;:&quot;&quot;,&quot;bookingText&quot;:&quot;Learn More&quot;}'>\n\t\t\t\t\t\t\t<a href=\"https:\/\/fyriresort.com\/no\/aktivitet\/winter-horse-riding-or-sleigh-rides\/\" class=\"ttd-card__image-link\">\n\t\t\t\t\t<img decoding=\"async\" width=\"768\" height=\"461\" src=\"https:\/\/fyriresort.com\/wp-content\/uploads\/2022\/04\/Ridetur-fyri-768x461.jpg\" class=\"ttd-card__img lazyload wp-post-image\" alt=\"\" srcset=\"data:image\/svg+xml,%3Csvg%20xmlns%3D%27http%3A%2F%2Fwww.w3.org%2F2000%2Fsvg%27%20width%3D%271000%27%20height%3D%27600%27%20viewBox%3D%270%200%201000%20600%27%3E%3Crect%20width%3D%271000%27%20height%3D%27600%27%20fill-opacity%3D%220%22%2F%3E%3C%2Fsvg%3E\" data-orig-src=\"https:\/\/fyriresort.com\/wp-content\/uploads\/2022\/04\/Ridetur-fyri-768x461.jpg\" data-srcset=\"https:\/\/fyriresort.com\/wp-content\/uploads\/2022\/04\/Ridetur-fyri-200x120.jpg 200w, https:\/\/fyriresort.com\/wp-content\/uploads\/2022\/04\/Ridetur-fyri-300x180.jpg 300w, https:\/\/fyriresort.com\/wp-content\/uploads\/2022\/04\/Ridetur-fyri-400x240.jpg 400w, https:\/\/fyriresort.com\/wp-content\/uploads\/2022\/04\/Ridetur-fyri-600x360.jpg 600w, https:\/\/fyriresort.com\/wp-content\/uploads\/2022\/04\/Ridetur-fyri-768x461.jpg 768w, https:\/\/fyriresort.com\/wp-content\/uploads\/2022\/04\/Ridetur-fyri-800x480.jpg 800w, https:\/\/fyriresort.com\/wp-content\/uploads\/2022\/04\/Ridetur-fyri.jpg 1000w\" data-sizes=\"auto\" \/>\t\t\t\t<\/a>\n\t\t\t\t\t\t<div class=\"ttd-card__body\">\n\t\t\t\t<h3 class=\"ttd-card__title\">\n\t\t\t\t\t<a href=\"https:\/\/fyriresort.com\/no\/aktivitet\/winter-horse-riding-or-sleigh-rides\/\">Kanefart og Sledetur med hest<\/a>\n\t\t\t\t<\/h3>\n\t\t\t\t\t\t\t\t\t<div class=\"ttd-card__excerpt\">\n\t\t\t\t\t\t<p>Experience the magic of winter with a scenic horseback ride through the mountains or a cosy horse-drawn sleigh ride followed by warm mulled wine by the fire.<\/p>\n\t\t\t\t\t<\/div>\n\t\t\t\t\t\t\t\t<div class=\"ttd-card__actions\">\n\t\t\t\t\t\t\t\t\t\t<a href=\"https:\/\/fyriresort.com\/no\/aktivitet\/winter-horse-riding-or-sleigh-rides\/\" class=\"ttd-card__btn\">\n\t\t\t\t\t\tRead More\t\t\t\t\t<\/a>\n\t\t\t\t<\/div>\n\t\t\t<\/div>\n\t\t<\/article>\n\t\t\t\t<article class=\"ttd-card\" data-ttd-preview='{&quot;title&quot;:&quot;Hemsedal Klatresenter&quot;,&quot;excerpt&quot;:&quot;Pris:\\u00a0160 + 80 leie utstyr NOK\\\/personAldersgrense:\\u00a04 \\u00e5rBarn under 10 \\u00e5r kun i f\\u00f8lge med voksen. Dra p\\u00e5 klatreeventyr i Hemsedals topp moderne klatresenter innend\\u00f8rs med&hellip;&quot;,&quot;image&quot;:&quot;https:\\\/\\\/fyriresort.com\\\/wp-content\\\/uploads\\\/2022\\\/04\\\/Klatresenter.jpg&quot;,&quot;url&quot;:&quot;https:\\\/\\\/fyriresort.com\\\/no\\\/aktivitet\\\/hemsedal-klatresenter\\\/&quot;,&quot;category&quot;:&quot;sommer&quot;,&quot;price&quot;:&quot;&quot;,&quot;location&quot;:&quot;&quot;,&quot;duration&quot;:&quot;&quot;,&quot;bestTime&quot;:&quot;&quot;,&quot;bookingUrl&quot;:&quot;&quot;,&quot;bookingText&quot;:&quot;Learn More&quot;}'>\n\t\t\t\t\t\t\t<a href=\"https:\/\/fyriresort.com\/no\/aktivitet\/hemsedal-klatresenter\/\" class=\"ttd-card__image-link\">\n\t\t\t\t\t<img decoding=\"async\" width=\"768\" height=\"461\" src=\"https:\/\/fyriresort.com\/wp-content\/uploads\/2022\/04\/Klatresenter-768x461.jpg\" class=\"ttd-card__img lazyload wp-post-image\" alt=\"\" srcset=\"data:image\/svg+xml,%3Csvg%20xmlns%3D%27http%3A%2F%2Fwww.w3.org%2F2000%2Fsvg%27%20width%3D%271000%27%20height%3D%27600%27%20viewBox%3D%270%200%201000%20600%27%3E%3Crect%20width%3D%271000%27%20height%3D%27600%27%20fill-opacity%3D%220%22%2F%3E%3C%2Fsvg%3E\" data-orig-src=\"https:\/\/fyriresort.com\/wp-content\/uploads\/2022\/04\/Klatresenter-768x461.jpg\" data-srcset=\"https:\/\/fyriresort.com\/wp-content\/uploads\/2022\/04\/Klatresenter-200x120.jpg 200w, https:\/\/fyriresort.com\/wp-content\/uploads\/2022\/04\/Klatresenter-300x180.jpg 300w, https:\/\/fyriresort.com\/wp-content\/uploads\/2022\/04\/Klatresenter-400x240.jpg 400w, https:\/\/fyriresort.com\/wp-content\/uploads\/2022\/04\/Klatresenter-600x360.jpg 600w, https:\/\/fyriresort.com\/wp-content\/uploads\/2022\/04\/Klatresenter-768x461.jpg 768w, https:\/\/fyriresort.com\/wp-content\/uploads\/2022\/04\/Klatresenter-800x480.jpg 800w, https:\/\/fyriresort.com\/wp-content\/uploads\/2022\/04\/Klatresenter.jpg 1000w\" data-sizes=\"auto\" \/>\t\t\t\t<\/a>\n\t\t\t\t\t\t<div class=\"ttd-card__body\">\n\t\t\t\t<h3 class=\"ttd-card__title\">\n\t\t\t\t\t<a href=\"https:\/\/fyriresort.com\/no\/aktivitet\/hemsedal-klatresenter\/\">Hemsedal Klatresenter<\/a>\n\t\t\t\t<\/h3>\n\t\t\t\t\t\t\t\t\t<div class=\"ttd-card__excerpt\">\n\t\t\t\t\t\t<p>Dra p\u00e5 klatreeventyr i Hemsedals topp moderne klatresenter innend\u00f8rs med utfordringer for alle niv\u00e5er.<\/p>\n\t\t\t\t\t<\/div>\n\t\t\t\t\t\t\t\t<div class=\"ttd-card__actions\">\n\t\t\t\t\t\t\t\t\t\t<a href=\"https:\/\/fyriresort.com\/no\/aktivitet\/hemsedal-klatresenter\/\" class=\"ttd-card__btn\">\n\t\t\t\t\t\tRead More\t\t\t\t\t<\/a>\n\t\t\t\t<\/div>\n\t\t\t<\/div>\n\t\t<\/article>\n\t\t\t\t<article class=\"ttd-card\" data-ttd-preview='{&quot;title&quot;:&quot;Ski &amp; St\\u00f8vler&quot;,&quot;excerpt&quot;:&quot;Lei ski og st\\u00f8vler og gj\\u00f8r deg klar for en dag i bakken. Finn utstyret som passer deg, og nyt skikj\\u00f8ring i Hemsedals fantastiske fjell.&quot;,&quot;image&quot;:&quot;https:\\\/\\\/fyriresort.com\\\/wp-content\\\/uploads\\\/2024\\\/08\\\/Fyri-skidor-FIL-1024x576.jpg&quot;,&quot;url&quot;:&quot;https:\\\/\\\/fyriresort.com\\\/no\\\/aktivitet\\\/ski-stovler\\\/&quot;,&quot;category&quot;:&quot;vinter&quot;,&quot;price&quot;:&quot;&quot;,&quot;location&quot;:&quot;&quot;,&quot;duration&quot;:&quot;&quot;,&quot;bestTime&quot;:&quot;&quot;,&quot;bookingUrl&quot;:&quot;&quot;,&quot;bookingText&quot;:&quot;Learn More&quot;}'>\n\t\t\t\t\t\t\t<a href=\"https:\/\/fyriresort.com\/no\/aktivitet\/ski-stovler\/\" class=\"ttd-card__image-link\">\n\t\t\t\t\t<img decoding=\"async\" width=\"768\" height=\"432\" src=\"https:\/\/fyriresort.com\/wp-content\/uploads\/2024\/08\/Fyri-skidor-FIL-768x432.jpg\" class=\"ttd-card__img lazyload wp-post-image\" alt=\"\" srcset=\"data:image\/svg+xml,%3Csvg%20xmlns%3D%27http%3A%2F%2Fwww.w3.org%2F2000%2Fsvg%27%20width%3D%271920%27%20height%3D%271080%27%20viewBox%3D%270%200%201920%201080%27%3E%3Crect%20width%3D%271920%27%20height%3D%271080%27%20fill-opacity%3D%220%22%2F%3E%3C%2Fsvg%3E\" data-orig-src=\"https:\/\/fyriresort.com\/wp-content\/uploads\/2024\/08\/Fyri-skidor-FIL-768x432.jpg\" data-srcset=\"https:\/\/fyriresort.com\/wp-content\/uploads\/2024\/08\/Fyri-skidor-FIL-200x113.jpg 200w, https:\/\/fyriresort.com\/wp-content\/uploads\/2024\/08\/Fyri-skidor-FIL-300x169.jpg 300w, https:\/\/fyriresort.com\/wp-content\/uploads\/2024\/08\/Fyri-skidor-FIL-400x225.jpg 400w, https:\/\/fyriresort.com\/wp-content\/uploads\/2024\/08\/Fyri-skidor-FIL-600x338.jpg 600w, https:\/\/fyriresort.com\/wp-content\/uploads\/2024\/08\/Fyri-skidor-FIL-768x432.jpg 768w, https:\/\/fyriresort.com\/wp-content\/uploads\/2024\/08\/Fyri-skidor-FIL-800x450.jpg 800w, https:\/\/fyriresort.com\/wp-content\/uploads\/2024\/08\/Fyri-skidor-FIL-1024x576.jpg 1024w, https:\/\/fyriresort.com\/wp-content\/uploads\/2024\/08\/Fyri-skidor-FIL-1200x675.jpg 1200w, https:\/\/fyriresort.com\/wp-content\/uploads\/2024\/08\/Fyri-skidor-FIL-1536x864.jpg 1536w, https:\/\/fyriresort.com\/wp-content\/uploads\/2024\/08\/Fyri-skidor-FIL.jpg 1920w\" data-sizes=\"auto\" \/>\t\t\t\t<\/a>\n\t\t\t\t\t\t<div class=\"ttd-card__body\">\n\t\t\t\t<h3 class=\"ttd-card__title\">\n\t\t\t\t\t<a href=\"https:\/\/fyriresort.com\/no\/aktivitet\/ski-stovler\/\">Ski &amp; St\u00f8vler<\/a>\n\t\t\t\t<\/h3>\n\t\t\t\t\t\t\t\t\t<div class=\"ttd-card__excerpt\">\n\t\t\t\t\t\t<p>Lei ski og st\u00f8vler og gj\u00f8r deg klar for en dag med skikj\u00f8ring i Hemsedal.<\/p>\n\t\t\t\t\t<\/div>\n\t\t\t\t\t\t\t\t<div class=\"ttd-card__actions\">\n\t\t\t\t\t\t\t\t\t\t<a href=\"https:\/\/fyriresort.com\/no\/aktivitet\/ski-stovler\/\" class=\"ttd-card__btn\">\n\t\t\t\t\t\tRead More\t\t\t\t\t<\/a>\n\t\t\t\t<\/div>\n\t\t\t<\/div>\n\t\t<\/article>\n\t\t\t\t\t<\/div>\n\t\t\t\t\t<\/div>\n\t\t\n<\/div><\/div><\/div><\/div><\/div><div class=\"fusion-fullwidth fullwidth-box fusion-builder-row-4 fusion-flex-container has-pattern-background has-mask-background nonhundred-percent-fullwidth non-hundred-percent-height-scrolling awb-cv-auto\" style=\"--awb-border-radius-top-left:0px;--awb-border-radius-top-right:0px;--awb-border-radius-bottom-right:0px;--awb-border-radius-bottom-left:0px;--awb-min-height:70vh;--awb-background-color:var(--awb-color1);--awb-flex-wrap:wrap;--awb-cv-intrinsic-size:70vh;\" ><div class=\"fusion-builder-row fusion-row fusion-flex-align-items-flex-start fusion-flex-align-content-center fusion-flex-content-wrap\" style=\"max-width:calc( 1590px + 40px );margin-left: calc(-40px \/ 2 );margin-right: calc(-40px \/ 2 );\"><div class=\"fusion-layout-column fusion_builder_column fusion-builder-column-4 fusion_builder_column_2_5 2_5 fusion-flex-column\" style=\"--awb-padding-right:2%;--awb-padding-left:2%;--awb-bg-size:cover;--awb-width-large:40%;--awb-margin-top-large:0px;--awb-spacing-right-large:20px;--awb-margin-bottom-large:30px;--awb-spacing-left-large:20px;--awb-width-medium:40%;--awb-order-medium:0;--awb-spacing-right-medium:20px;--awb-spacing-left-medium:20px;--awb-width-small:100%;--awb-order-small:0;--awb-spacing-right-small:20px;--awb-spacing-left-small:20px;\"><div class=\"fusion-column-wrapper fusion-column-has-shadow fusion-flex-justify-content-flex-start fusion-content-layout-column\"><div class=\"fusion-title title fusion-title-4 fusion-sep-none fusion-title-text fusion-title-size-three\" style=\"--awb-text-color:var(--awb-color3);--awb-margin-top-small:0px;--awb-margin-right-small:0px;--awb-margin-bottom-small:20px;--awb-margin-left-small:0px;--awb-font-size:3.5rem;\"><h3 class=\"fusion-title-heading title-heading-left fusion-responsive-typography-calculated\" style=\"margin:0;font-size:1em;--fontSize:50.75;line-height:var(--awb-typography1-line-height);\">FAQ<\/h3><\/div><div class=\"fusion-text fusion-text-4\" style=\"--awb-content-alignment:left;--awb-text-color:var(--awb-color3);\"><p>Alt du trenger \u00e5 vite om vinteren p\u00e5 F\u00fdri, fra utleie av ski og heiskort til \u00e5 f\u00e5 mest mulig ut av sesongen i Hemsedal.<\/p>\n<\/div><\/div><\/div><div class=\"fusion-layout-column fusion_builder_column fusion-builder-column-5 fusion_builder_column_3_5 3_5 fusion-flex-column\" style=\"--awb-bg-size:cover;--awb-width-large:60%;--awb-margin-top-large:0px;--awb-spacing-right-large:20px;--awb-margin-bottom-large:30px;--awb-spacing-left-large:20px;--awb-width-medium:60%;--awb-order-medium:0;--awb-spacing-right-medium:20px;--awb-spacing-left-medium:20px;--awb-width-small:100%;--awb-order-small:0;--awb-spacing-right-small:20px;--awb-spacing-left-small:20px;\"><div class=\"fusion-column-wrapper fusion-column-has-shadow fusion-flex-justify-content-flex-start fusion-content-layout-column\"><style type=\"text\/css\">.fusion-faqs-wrapper #accordian-1 .fusion-panel { border-color:rgba(251,247,245,0.52); }.fusion-faqs-wrapper #accordian-1 .fusion-panel:hover{ border-color: var(--awb-color3); }.fusion-accordian #accordian-1 .panel-title a .fa-fusion-box:before{ font-size: 13px;width: 13px;}.fusion-accordian #accordian-1 .panel-title a .fa-fusion-box{ color: var(--awb-color3);}.fusion-accordian  #accordian-1 .panel-title a{font-family:\"Roboto\";font-style:normal;font-weight:300;}.fusion-accordian  #accordian-1 .panel-title a:not(:hover){}.fusion-accordian  #accordian-1 .toggle-content{font-family:\"Roboto\";font-style:normal;font-weight:300;}.fusion-accordian #accordian-1 .panel-title a:hover,.fusion-accordian #accordian-1 .panel-title a.hover { color: var(--awb-color4);}.fusion-faq-shortcode .fusion-accordian #accordian-1 .fusion-toggle-boxed-mode:hover .panel-title a { color: var(--awb-color4);}.fusion-accordian #accordian-1.fusion-toggle-icon-unboxed .panel-title a:hover .fa-fusion-box,.fusion-accordian #accordian-1.fusion-toggle-icon-unboxed .panel-title a.hover .fa-fusion-box { color: var(--awb-color4); }.fusion-faqs-wrapper .fusion-accordian #accordian-1 .panel-title a.active{ color: var(--awb-color4) !important;}.fusion-faqs-wrapper .fusion-accordian  #accordian-1.fusion-toggle-icon-unboxed .fusion-panel .panel-title a.active .fa-fusion-box{ color: var(--awb-color4) !important;}<\/style><div class=\"fusion-faq-shortcode\" style=\"\"><div class=\"fusion-faqs-wrapper\"><div class=\"accordian fusion-accordian\"><div class=\"panel-group  fusion-toggle-icon-unboxed\" id=\"accordian-1\"><div class=\"fusion-panel panel-default fusion-faq-post fusion-faq-post-42105 vinter-aktiviteter \"><span class=\"entry-title rich-snippet-hidden\">Finnes det et sted \u00e5 oppbevare ski og skost\u00f8vler?<\/span><div class=\"panel-heading\"><h4 id=\"faq_1-42105\" class=\"panel-title toggle\"><a data-toggle=\"collapse\" class=\"collapsed\" data-parent=\"#accordian-1\" data-target=\"#collapse-1-42105\" href=\"#collapse-1-42105\" aria-expanded=\"false\"><div class=\"fusion-toggle-icon-wrapper\"><div class=\"fusion-toggle-icon-wrapper-main\"><div class=\"fusion-toggle-icon-wrapper-sub\"><i class=\"fa-fusion-box active-icon fa-angle-up fal\" aria-hidden=\"true\"><\/i><i class=\"fa-fusion-box inactive-icon fa-angle-right fal\" aria-hidden=\"true\"><\/i><\/div><\/div><\/div><div class=\"fusion-toggle-heading\">Finnes det et sted \u00e5 oppbevare ski og skost\u00f8vler?<\/div><\/a><\/h4><\/div><div id=\"collapse-1-42105\" aria-labelledby=\"faq_1-42105\" class=\"panel-collapse collapse\"><div class=\"panel-body toggle-content post-content\"><div class=\"fusion-fullwidth fullwidth-box fusion-builder-row-4-1 fusion-flex-container has-pattern-background has-mask-background nonhundred-percent-fullwidth non-hundred-percent-height-scrolling\" style=\"--awb-border-radius-top-left:0px;--awb-border-radius-top-right:0px;--awb-border-radius-bottom-right:0px;--awb-border-radius-bottom-left:0px;--awb-flex-wrap:wrap;\" ><div class=\"fusion-builder-row fusion-row fusion-flex-align-items-flex-start fusion-flex-content-wrap\" style=\"width:calc( 100% + 40px ) !important;max-width:calc( 100% + 40px ) !important;margin-left: calc(-40px \/ 2 );margin-right: calc(-40px \/ 2 );\"><div class=\"fusion-layout-column fusion_builder_column fusion-builder-column-6 fusion_builder_column_1_1 1_1 fusion-flex-column\" style=\"--awb-bg-size:cover;--awb-width-large:100%;--awb-flex-grow:0;--awb-flex-shrink:0;--awb-margin-top-large:0px;--awb-spacing-right-large:20px;--awb-margin-bottom-large:30px;--awb-spacing-left-large:20px;--awb-width-medium:100%;--awb-order-medium:0;--awb-flex-grow-medium:;--awb-flex-shrink-medium:;--awb-spacing-right-medium:20px;--awb-spacing-left-medium:20px;--awb-width-small:100%;--awb-order-small:0;--awb-flex-grow-small:;--awb-flex-shrink-small:;--awb-spacing-right-small:20px;--awb-spacing-left-small:20px;\"><div class=\"fusion-column-wrapper fusion-column-has-shadow fusion-flex-justify-content-flex-start fusion-content-layout-column\"><div class=\"fusion-text fusion-text-5\"><p>Ja, det er skiskap ved heisen. Vi har ogs\u00e5 et eget skiskaprom i v\u00e5r Sports Club ved Rambler, hvor du trygt kan oppbevare utstyret ditt. Du bruker romn\u00f8kkelen for \u00e5 f\u00e5 tilgang til ditt eget private skiskap, som er inkludert i oppholdet. Det er ett skiskap per rom.<\/p>\n<\/div><\/div><\/div><\/div><\/div>\n<\/div><\/div><\/div><div class=\"fusion-panel panel-default fusion-faq-post fusion-faq-post-42107 vinter-aktiviteter \"><span class=\"entry-title rich-snippet-hidden\">Kan jeg ha med hunden?<\/span><div class=\"panel-heading\"><h4 id=\"faq_1-42107\" class=\"panel-title toggle\"><a data-toggle=\"collapse\" class=\"collapsed\" data-parent=\"#accordian-1\" data-target=\"#collapse-1-42107\" href=\"#collapse-1-42107\" aria-expanded=\"false\"><div class=\"fusion-toggle-icon-wrapper\"><div class=\"fusion-toggle-icon-wrapper-main\"><div class=\"fusion-toggle-icon-wrapper-sub\"><i class=\"fa-fusion-box active-icon fa-angle-up fal\" aria-hidden=\"true\"><\/i><i class=\"fa-fusion-box inactive-icon fa-angle-right fal\" aria-hidden=\"true\"><\/i><\/div><\/div><\/div><div class=\"fusion-toggle-heading\">Kan jeg ha med hunden?<\/div><\/a><\/h4><\/div><div id=\"collapse-1-42107\" aria-labelledby=\"faq_1-42107\" class=\"panel-collapse collapse\"><div class=\"panel-body toggle-content post-content\"><div class=\"fusion-fullwidth fullwidth-box fusion-builder-row-4-2 fusion-flex-container has-pattern-background has-mask-background nonhundred-percent-fullwidth non-hundred-percent-height-scrolling\" style=\"--awb-border-radius-top-left:0px;--awb-border-radius-top-right:0px;--awb-border-radius-bottom-right:0px;--awb-border-radius-bottom-left:0px;--awb-flex-wrap:wrap;\" ><div class=\"fusion-builder-row fusion-row fusion-flex-align-items-flex-start fusion-flex-content-wrap\" style=\"width:calc( 100% + 40px ) !important;max-width:calc( 100% + 40px ) !important;margin-left: calc(-40px \/ 2 );margin-right: calc(-40px \/ 2 );\"><div class=\"fusion-layout-column fusion_builder_column fusion-builder-column-7 fusion_builder_column_1_1 1_1 fusion-flex-column\" style=\"--awb-bg-size:cover;--awb-width-large:100%;--awb-flex-grow:0;--awb-flex-shrink:0;--awb-margin-top-large:0px;--awb-spacing-right-large:20px;--awb-margin-bottom-large:30px;--awb-spacing-left-large:20px;--awb-width-medium:100%;--awb-order-medium:0;--awb-flex-grow-medium:;--awb-flex-shrink-medium:;--awb-spacing-right-medium:20px;--awb-spacing-left-medium:20px;--awb-width-small:100%;--awb-order-small:0;--awb-flex-grow-small:;--awb-flex-shrink-small:;--awb-spacing-right-small:20px;--awb-spacing-left-small:20px;\"><div class=\"fusion-column-wrapper fusion-column-has-shadow fusion-flex-justify-content-flex-start fusion-content-layout-column\"><div class=\"fusion-text fusion-text-6\"><p>Hunden din er mer enn velkommen p\u00e5 F\u00fdri! Vi har et utvalg hundevennlige hotellrom hvor du kan bo sammen med hunden. Et tillegg p\u00e5 400 NOK per natt gjelder.<\/p>\n<\/div><\/div><\/div><\/div><\/div>\n<\/div><\/div><\/div><div class=\"fusion-panel panel-default fusion-faq-post fusion-faq-post-42109 vinter-aktiviteter \"><span class=\"entry-title rich-snippet-hidden\">Hvor langt er F\u00fdri fra Oslo og Bergen?<\/span><div class=\"panel-heading\"><h4 id=\"faq_1-42109\" class=\"panel-title toggle\"><a data-toggle=\"collapse\" class=\"collapsed\" data-parent=\"#accordian-1\" data-target=\"#collapse-1-42109\" href=\"#collapse-1-42109\" aria-expanded=\"false\"><div class=\"fusion-toggle-icon-wrapper\"><div class=\"fusion-toggle-icon-wrapper-main\"><div class=\"fusion-toggle-icon-wrapper-sub\"><i class=\"fa-fusion-box active-icon fa-angle-up fal\" aria-hidden=\"true\"><\/i><i class=\"fa-fusion-box inactive-icon fa-angle-right fal\" aria-hidden=\"true\"><\/i><\/div><\/div><\/div><div class=\"fusion-toggle-heading\">Hvor langt er F\u00fdri fra Oslo og Bergen?<\/div><\/a><\/h4><\/div><div id=\"collapse-1-42109\" aria-labelledby=\"faq_1-42109\" class=\"panel-collapse collapse\"><div class=\"panel-body toggle-content post-content\"><div class=\"fusion-fullwidth fullwidth-box fusion-builder-row-4-3 fusion-flex-container has-pattern-background has-mask-background nonhundred-percent-fullwidth non-hundred-percent-height-scrolling\" style=\"--awb-border-radius-top-left:0px;--awb-border-radius-top-right:0px;--awb-border-radius-bottom-right:0px;--awb-border-radius-bottom-left:0px;--awb-flex-wrap:wrap;\" ><div class=\"fusion-builder-row fusion-row fusion-flex-align-items-flex-start fusion-flex-content-wrap\" style=\"width:calc( 100% + 40px ) !important;max-width:calc( 100% + 40px ) !important;margin-left: calc(-40px \/ 2 );margin-right: calc(-40px \/ 2 );\"><div class=\"fusion-layout-column fusion_builder_column fusion-builder-column-8 fusion_builder_column_1_1 1_1 fusion-flex-column\" style=\"--awb-bg-size:cover;--awb-width-large:100%;--awb-flex-grow:0;--awb-flex-shrink:0;--awb-margin-top-large:0px;--awb-spacing-right-large:20px;--awb-margin-bottom-large:30px;--awb-spacing-left-large:20px;--awb-width-medium:100%;--awb-order-medium:0;--awb-flex-grow-medium:;--awb-flex-shrink-medium:;--awb-spacing-right-medium:20px;--awb-spacing-left-medium:20px;--awb-width-small:100%;--awb-order-small:0;--awb-flex-grow-small:;--awb-flex-shrink-small:;--awb-spacing-right-small:20px;--awb-spacing-left-small:20px;\"><div class=\"fusion-column-wrapper fusion-column-has-shadow fusion-flex-justify-content-flex-start fusion-content-layout-column\"><div class=\"fusion-text fusion-text-7\"><p>Rundt tre timer fra Oslo og fire fra Bergen.<\/p>\n<\/div><\/div><\/div><\/div><\/div>\n<\/div><\/div><\/div><div class=\"fusion-panel panel-default fusion-faq-post fusion-faq-post-42111 vinter-aktiviteter \"><span class=\"entry-title rich-snippet-hidden\">Er bakkene fine for nybegynnere og familier?<\/span><div class=\"panel-heading\"><h4 id=\"faq_1-42111\" class=\"panel-title toggle\"><a data-toggle=\"collapse\" class=\"collapsed\" data-parent=\"#accordian-1\" data-target=\"#collapse-1-42111\" href=\"#collapse-1-42111\" aria-expanded=\"false\"><div class=\"fusion-toggle-icon-wrapper\"><div class=\"fusion-toggle-icon-wrapper-main\"><div class=\"fusion-toggle-icon-wrapper-sub\"><i class=\"fa-fusion-box active-icon fa-angle-up fal\" aria-hidden=\"true\"><\/i><i class=\"fa-fusion-box inactive-icon fa-angle-right fal\" aria-hidden=\"true\"><\/i><\/div><\/div><\/div><div class=\"fusion-toggle-heading\">Er bakkene fine for nybegynnere og familier?<\/div><\/a><\/h4><\/div><div id=\"collapse-1-42111\" aria-labelledby=\"faq_1-42111\" class=\"panel-collapse collapse\"><div class=\"panel-body toggle-content post-content\"><div class=\"fusion-fullwidth fullwidth-box fusion-builder-row-4-4 fusion-flex-container has-pattern-background has-mask-background nonhundred-percent-fullwidth non-hundred-percent-height-scrolling\" style=\"--awb-border-radius-top-left:0px;--awb-border-radius-top-right:0px;--awb-border-radius-bottom-right:0px;--awb-border-radius-bottom-left:0px;--awb-flex-wrap:wrap;\" ><div class=\"fusion-builder-row fusion-row fusion-flex-align-items-flex-start fusion-flex-content-wrap\" style=\"width:calc( 100% + 40px ) !important;max-width:calc( 100% + 40px ) !important;margin-left: calc(-40px \/ 2 );margin-right: calc(-40px \/ 2 );\"><div class=\"fusion-layout-column fusion_builder_column fusion-builder-column-9 fusion_builder_column_1_1 1_1 fusion-flex-column\" style=\"--awb-bg-size:cover;--awb-width-large:100%;--awb-flex-grow:0;--awb-flex-shrink:0;--awb-margin-top-large:0px;--awb-spacing-right-large:20px;--awb-margin-bottom-large:30px;--awb-spacing-left-large:20px;--awb-width-medium:100%;--awb-order-medium:0;--awb-flex-grow-medium:;--awb-flex-shrink-medium:;--awb-spacing-right-medium:20px;--awb-spacing-left-medium:20px;--awb-width-small:100%;--awb-order-small:0;--awb-flex-grow-small:;--awb-flex-shrink-small:;--awb-spacing-right-small:20px;--awb-spacing-left-small:20px;\"><div class=\"fusion-column-wrapper fusion-column-has-shadow fusion-flex-justify-content-flex-start fusion-content-layout-column\"><div class=\"fusion-text fusion-text-8\"><p>Ja, vi har et eget barneomr\u00e5de i skianlegget. Heisen fra F\u00fdri tar deg direkte til barneomr\u00e5det, noe som gj\u00f8r det enkelt og greit for barnefamilier. Omr\u00e5det har flere familievennlige aktiviteter og spisesteder, og er et fint valg for en morsom dag i bakken.<\/p>\n<\/div><\/div><\/div><\/div><\/div>\n<\/div><\/div><\/div><div class=\"fusion-panel panel-default fusion-faq-post fusion-faq-post-42113 vinter-aktiviteter \"><span class=\"entry-title rich-snippet-hidden\">Er Pool Club \u00e5pen om vinteren?<\/span><div class=\"panel-heading\"><h4 id=\"faq_1-42113\" class=\"panel-title toggle\"><a data-toggle=\"collapse\" class=\"collapsed\" data-parent=\"#accordian-1\" data-target=\"#collapse-1-42113\" href=\"#collapse-1-42113\" aria-expanded=\"false\"><div class=\"fusion-toggle-icon-wrapper\"><div class=\"fusion-toggle-icon-wrapper-main\"><div class=\"fusion-toggle-icon-wrapper-sub\"><i class=\"fa-fusion-box active-icon fa-angle-up fal\" aria-hidden=\"true\"><\/i><i class=\"fa-fusion-box inactive-icon fa-angle-right fal\" aria-hidden=\"true\"><\/i><\/div><\/div><\/div><div class=\"fusion-toggle-heading\">Er Pool Club \u00e5pen om vinteren?<\/div><\/a><\/h4><\/div><div id=\"collapse-1-42113\" aria-labelledby=\"faq_1-42113\" class=\"panel-collapse collapse\"><div class=\"panel-body toggle-content post-content\"><div class=\"fusion-fullwidth fullwidth-box fusion-builder-row-4-5 fusion-flex-container has-pattern-background has-mask-background nonhundred-percent-fullwidth non-hundred-percent-height-scrolling\" style=\"--awb-border-radius-top-left:0px;--awb-border-radius-top-right:0px;--awb-border-radius-bottom-right:0px;--awb-border-radius-bottom-left:0px;--awb-flex-wrap:wrap;\" ><div class=\"fusion-builder-row fusion-row fusion-flex-align-items-flex-start fusion-flex-content-wrap\" style=\"width:calc( 100% + 40px ) !important;max-width:calc( 100% + 40px ) !important;margin-left: calc(-40px \/ 2 );margin-right: calc(-40px \/ 2 );\"><div class=\"fusion-layout-column fusion_builder_column fusion-builder-column-10 fusion_builder_column_1_1 1_1 fusion-flex-column\" style=\"--awb-bg-size:cover;--awb-width-large:100%;--awb-flex-grow:0;--awb-flex-shrink:0;--awb-margin-top-large:0px;--awb-spacing-right-large:20px;--awb-margin-bottom-large:30px;--awb-spacing-left-large:20px;--awb-width-medium:100%;--awb-order-medium:0;--awb-flex-grow-medium:;--awb-flex-shrink-medium:;--awb-spacing-right-medium:20px;--awb-spacing-left-medium:20px;--awb-width-small:100%;--awb-order-small:0;--awb-flex-grow-small:;--awb-flex-shrink-small:;--awb-spacing-right-small:20px;--awb-spacing-left-small:20px;\"><div class=\"fusion-column-wrapper fusion-column-has-shadow fusion-flex-justify-content-flex-start fusion-content-layout-column\"><div class=\"fusion-text fusion-text-9\"><p>Ja. Pool Club er \u00e5pen hele \u00e5ret, med 35\u00b0C i vannet og et oppvarmet utebasseng, perfekt etter en dag i bakken.<\/p>\n<\/div><\/div><\/div><\/div><\/div>\n<\/div><\/div><\/div><div class=\"fusion-panel panel-default fusion-faq-post fusion-faq-post-42115 vinter-aktiviteter \"><span class=\"entry-title rich-snippet-hidden\">Hvilke vinteraktiviteter finnes utenom ski?<\/span><div class=\"panel-heading\"><h4 id=\"faq_1-42115\" class=\"panel-title toggle\"><a data-toggle=\"collapse\" class=\"collapsed\" data-parent=\"#accordian-1\" data-target=\"#collapse-1-42115\" href=\"#collapse-1-42115\" aria-expanded=\"false\"><div class=\"fusion-toggle-icon-wrapper\"><div class=\"fusion-toggle-icon-wrapper-main\"><div class=\"fusion-toggle-icon-wrapper-sub\"><i class=\"fa-fusion-box active-icon fa-angle-up fal\" aria-hidden=\"true\"><\/i><i class=\"fa-fusion-box inactive-icon fa-angle-right fal\" aria-hidden=\"true\"><\/i><\/div><\/div><\/div><div class=\"fusion-toggle-heading\">Hvilke vinteraktiviteter finnes utenom ski?<\/div><\/a><\/h4><\/div><div id=\"collapse-1-42115\" aria-labelledby=\"faq_1-42115\" class=\"panel-collapse collapse\"><div class=\"panel-body toggle-content post-content\"><div class=\"fusion-fullwidth fullwidth-box fusion-builder-row-4-6 fusion-flex-container has-pattern-background has-mask-background nonhundred-percent-fullwidth non-hundred-percent-height-scrolling\" style=\"--awb-border-radius-top-left:0px;--awb-border-radius-top-right:0px;--awb-border-radius-bottom-right:0px;--awb-border-radius-bottom-left:0px;--awb-flex-wrap:wrap;\" ><div class=\"fusion-builder-row fusion-row fusion-flex-align-items-flex-start fusion-flex-content-wrap\" style=\"width:calc( 100% + 40px ) !important;max-width:calc( 100% + 40px ) !important;margin-left: calc(-40px \/ 2 );margin-right: calc(-40px \/ 2 );\"><div class=\"fusion-layout-column fusion_builder_column fusion-builder-column-11 fusion_builder_column_1_1 1_1 fusion-flex-column\" style=\"--awb-bg-size:cover;--awb-width-large:100%;--awb-flex-grow:0;--awb-flex-shrink:0;--awb-margin-top-large:0px;--awb-spacing-right-large:20px;--awb-margin-bottom-large:30px;--awb-spacing-left-large:20px;--awb-width-medium:100%;--awb-order-medium:0;--awb-flex-grow-medium:;--awb-flex-shrink-medium:;--awb-spacing-right-medium:20px;--awb-spacing-left-medium:20px;--awb-width-small:100%;--awb-order-small:0;--awb-flex-grow-small:;--awb-flex-shrink-small:;--awb-spacing-right-small:20px;--awb-spacing-left-small:20px;\"><div class=\"fusion-column-wrapper fusion-column-has-shadow fusion-flex-justify-content-flex-start fusion-content-layout-column\"><div class=\"fusion-text fusion-text-10\"><p>Mye: topptur, hundekj\u00f8ring, sledeturer, aking, sn\u00f8scooter, sk\u00f8yter og innend\u00f8rs klatring.<\/p>\n<\/div><\/div><\/div><\/div><\/div>\n<\/div><\/div><\/div><div class=\"fusion-panel panel-default fusion-faq-post fusion-faq-post-42117 vinter-aktiviteter \"><span class=\"entry-title rich-snippet-hidden\">Hvor lang er skisesongen i Hemsedal?<\/span><div class=\"panel-heading\"><h4 id=\"faq_1-42117\" class=\"panel-title toggle\"><a data-toggle=\"collapse\" class=\"collapsed\" data-parent=\"#accordian-1\" data-target=\"#collapse-1-42117\" href=\"#collapse-1-42117\" aria-expanded=\"false\"><div class=\"fusion-toggle-icon-wrapper\"><div class=\"fusion-toggle-icon-wrapper-main\"><div class=\"fusion-toggle-icon-wrapper-sub\"><i class=\"fa-fusion-box active-icon fa-angle-up fal\" aria-hidden=\"true\"><\/i><i class=\"fa-fusion-box inactive-icon fa-angle-right fal\" aria-hidden=\"true\"><\/i><\/div><\/div><\/div><div class=\"fusion-toggle-heading\">Hvor lang er skisesongen i Hemsedal?<\/div><\/a><\/h4><\/div><div id=\"collapse-1-42117\" aria-labelledby=\"faq_1-42117\" class=\"panel-collapse collapse\"><div class=\"panel-body toggle-content post-content\"><div class=\"fusion-fullwidth fullwidth-box fusion-builder-row-4-7 fusion-flex-container has-pattern-background has-mask-background nonhundred-percent-fullwidth non-hundred-percent-height-scrolling\" style=\"--awb-border-radius-top-left:0px;--awb-border-radius-top-right:0px;--awb-border-radius-bottom-right:0px;--awb-border-radius-bottom-left:0px;--awb-flex-wrap:wrap;\" ><div class=\"fusion-builder-row fusion-row fusion-flex-align-items-flex-start fusion-flex-content-wrap\" style=\"width:calc( 100% + 40px ) !important;max-width:calc( 100% + 40px ) !important;margin-left: calc(-40px \/ 2 );margin-right: calc(-40px \/ 2 );\"><div class=\"fusion-layout-column fusion_builder_column fusion-builder-column-12 fusion_builder_column_1_1 1_1 fusion-flex-column\" style=\"--awb-bg-size:cover;--awb-width-large:100%;--awb-flex-grow:0;--awb-flex-shrink:0;--awb-margin-top-large:0px;--awb-spacing-right-large:20px;--awb-margin-bottom-large:30px;--awb-spacing-left-large:20px;--awb-width-medium:100%;--awb-order-medium:0;--awb-flex-grow-medium:;--awb-flex-shrink-medium:;--awb-spacing-right-medium:20px;--awb-spacing-left-medium:20px;--awb-width-small:100%;--awb-order-small:0;--awb-flex-grow-small:;--awb-flex-shrink-small:;--awb-spacing-right-small:20px;--awb-spacing-left-small:20px;\"><div class=\"fusion-column-wrapper fusion-column-has-shadow fusion-flex-justify-content-flex-start fusion-content-layout-column\"><div class=\"fusion-text fusion-text-11\"><p>Sn\u00f8en kan komme allerede i november i Hemsedal, men skianlegget \u00e5pner vanligvis i begynnelsen av desember. N\u00f8yaktig \u00e5pningsdato avhenger i stor grad av naturlig sn\u00f8fall og temperaturer. Vi har en lang skisesong, og anlegget stenger vanligvis i begynnelsen av mai. Selv etter at anlegget stenger, er det fortsatt gode muligheter for toppturer og frikj\u00f8ring i fjellene rundt.<\/p>\n<p>Langrenn kan ogs\u00e5 v\u00e6re tilgjengelig tidlig i sesongen. Gravset Skistadion, bare 15 minutter fra F\u00fdri, har sn\u00f8produksjon, s\u00e5 du kan komme deg ut i l\u00f8ypene tidlig selv n\u00e5r det er lite naturlig sn\u00f8. Det g\u00e5r ogs\u00e5 langrennsl\u00f8yper rett fra F\u00fdri, s\u00e5 det er enkelt \u00e5 komme seg ut i fjellet direkte fra hotellet.<\/p>\n<\/div><\/div><\/div><\/div><\/div>\n<\/div><\/div><\/div><div class=\"fusion-panel panel-default fusion-faq-post fusion-faq-post-42119 vinter-aktiviteter \"><span class=\"entry-title rich-snippet-hidden\">Kan jeg leie skiutstyr, og ordner dere heiskort?<\/span><div class=\"panel-heading\"><h4 id=\"faq_1-42119\" class=\"panel-title toggle\"><a data-toggle=\"collapse\" class=\"collapsed\" data-parent=\"#accordian-1\" data-target=\"#collapse-1-42119\" href=\"#collapse-1-42119\" aria-expanded=\"false\"><div class=\"fusion-toggle-icon-wrapper\"><div class=\"fusion-toggle-icon-wrapper-main\"><div class=\"fusion-toggle-icon-wrapper-sub\"><i class=\"fa-fusion-box active-icon fa-angle-up fal\" aria-hidden=\"true\"><\/i><i class=\"fa-fusion-box inactive-icon fa-angle-right fal\" aria-hidden=\"true\"><\/i><\/div><\/div><\/div><div class=\"fusion-toggle-heading\">Kan jeg leie skiutstyr, og ordner dere heiskort?<\/div><\/a><\/h4><\/div><div id=\"collapse-1-42119\" aria-labelledby=\"faq_1-42119\" class=\"panel-collapse collapse\"><div class=\"panel-body toggle-content post-content\"><div class=\"fusion-fullwidth fullwidth-box fusion-builder-row-4-8 fusion-flex-container has-pattern-background has-mask-background nonhundred-percent-fullwidth non-hundred-percent-height-scrolling\" style=\"--awb-border-radius-top-left:0px;--awb-border-radius-top-right:0px;--awb-border-radius-bottom-right:0px;--awb-border-radius-bottom-left:0px;--awb-flex-wrap:wrap;\" ><div class=\"fusion-builder-row fusion-row fusion-flex-align-items-flex-start fusion-flex-content-wrap\" style=\"width:calc( 100% + 40px ) !important;max-width:calc( 100% + 40px ) !important;margin-left: calc(-40px \/ 2 );margin-right: calc(-40px \/ 2 );\"><div class=\"fusion-layout-column fusion_builder_column fusion-builder-column-13 fusion_builder_column_1_1 1_1 fusion-flex-column\" style=\"--awb-bg-size:cover;--awb-width-large:100%;--awb-flex-grow:0;--awb-flex-shrink:0;--awb-margin-top-large:0px;--awb-spacing-right-large:20px;--awb-margin-bottom-large:30px;--awb-spacing-left-large:20px;--awb-width-medium:100%;--awb-order-medium:0;--awb-flex-grow-medium:;--awb-flex-shrink-medium:;--awb-spacing-right-medium:20px;--awb-spacing-left-medium:20px;--awb-width-small:100%;--awb-order-small:0;--awb-flex-grow-small:;--awb-flex-shrink-small:;--awb-spacing-right-small:20px;--awb-spacing-left-small:20px;\"><div class=\"fusion-column-wrapper fusion-column-has-shadow fusion-flex-justify-content-flex-start fusion-content-layout-column\"><div class=\"fusion-text fusion-text-12\"><p>Ja p\u00e5 begge deler. Du kan leie ski hos oss, alpint eller langrenn, og vi ordner heiskortet og alt annet du trenger for dagen.<\/p>\n<\/div><\/div><\/div><\/div><\/div>\n<\/div><\/div><\/div><div class=\"fusion-panel panel-default fusion-faq-post fusion-faq-post-42156 vinter-aktiviteter \"><span class=\"entry-title rich-snippet-hidden\">Er F\u00fdri virkelig ski-in, ski-out?<\/span><div class=\"panel-heading\"><h4 id=\"faq_1-42156\" class=\"panel-title toggle\"><a data-toggle=\"collapse\" class=\"collapsed\" data-parent=\"#accordian-1\" data-target=\"#collapse-1-42156\" href=\"#collapse-1-42156\" aria-expanded=\"false\"><div class=\"fusion-toggle-icon-wrapper\"><div class=\"fusion-toggle-icon-wrapper-main\"><div class=\"fusion-toggle-icon-wrapper-sub\"><i class=\"fa-fusion-box active-icon fa-angle-up fal\" aria-hidden=\"true\"><\/i><i class=\"fa-fusion-box inactive-icon fa-angle-right fal\" aria-hidden=\"true\"><\/i><\/div><\/div><\/div><div class=\"fusion-toggle-heading\">Er F\u00fdri virkelig ski-in, ski-out?<\/div><\/a><\/h4><\/div><div id=\"collapse-1-42156\" aria-labelledby=\"faq_1-42156\" class=\"panel-collapse collapse\"><div class=\"panel-body toggle-content post-content\"><div class=\"fusion-fullwidth fullwidth-box fusion-builder-row-4-9 fusion-flex-container has-pattern-background has-mask-background nonhundred-percent-fullwidth non-hundred-percent-height-scrolling\" style=\"--awb-border-radius-top-left:0px;--awb-border-radius-top-right:0px;--awb-border-radius-bottom-right:0px;--awb-border-radius-bottom-left:0px;--awb-flex-wrap:wrap;\" ><div class=\"fusion-builder-row fusion-row fusion-flex-align-items-flex-start fusion-flex-content-wrap\" style=\"width:calc( 100% + 40px ) !important;max-width:calc( 100% + 40px ) !important;margin-left: calc(-40px \/ 2 );margin-right: calc(-40px \/ 2 );\"><div class=\"fusion-layout-column fusion_builder_column fusion-builder-column-14 fusion_builder_column_1_1 1_1 fusion-flex-column\" style=\"--awb-bg-size:cover;--awb-width-large:100%;--awb-flex-grow:0;--awb-flex-shrink:0;--awb-margin-top-large:0px;--awb-spacing-right-large:20px;--awb-margin-bottom-large:30px;--awb-spacing-left-large:20px;--awb-width-medium:100%;--awb-order-medium:0;--awb-flex-grow-medium:;--awb-flex-shrink-medium:;--awb-spacing-right-medium:20px;--awb-spacing-left-medium:20px;--awb-width-small:100%;--awb-order-small:0;--awb-flex-grow-small:;--awb-flex-shrink-small:;--awb-spacing-right-small:20px;--awb-spacing-left-small:20px;\"><div class=\"fusion-column-wrapper fusion-column-has-shadow fusion-flex-justify-content-flex-start fusion-content-layout-column\"><div class=\"fusion-text fusion-text-13\"><p>Ja. F\u00fdri ligger rett ved bakkene, med v\u00e5r egen skiheis som tar deg direkte fra hotellet til skianlegget. Vi har ogs\u00e5 Centrum Run, som vanligvis \u00e5pner senere i sesongen og lar deg kj\u00f8re p\u00e5 ski rett fra skianlegget tilbake til F\u00fdri.<\/p>\n<\/div><\/div><\/div><\/div><\/div>\n<\/div><\/div><\/div><\/div><\/div><\/div><\/div><\/div><\/div><\/div><\/div><\/p>\n","protected":false},"excerpt":{"rendered":"","protected":false},"author":15,"featured_media":0,"parent":40420,"menu_order":0,"comment_status":"closed","ping_status":"closed","template":"100-width.php","meta":{"footnotes":""},"class_list":["post-21065","page","type-page","status-publish","hentry"],"yoast_head":"<!-- This site is optimized with the Yoast SEO plugin v28.3 - https:\/\/yoast.com\/product\/yoast-seo-wordpress\/ -->\n<title>Vinteraktiviteter | Fyri\u00ae<\/title>\n<meta name=\"description\" content=\"Takket v\u00e6re Hemsedals h\u00f8ye beliggenhet er skisesongen lang. F\u00fdri Resort har en praktisk beliggenhet med ski-in \/ ski-out.\" \/>\n<meta name=\"robots\" content=\"index, follow, max-snippet:-1, max-image-preview:large, max-video-preview:-1\" \/>\n<link rel=\"canonical\" href=\"https:\/\/fyriresort.com\/no\/aktiviteter\/vinter\/\" \/>\n<meta property=\"og:locale\" content=\"nb_NO\" \/>\n<meta property=\"og:type\" content=\"article\" \/>\n<meta property=\"og:title\" content=\"Vinteraktiviteter | Fyri\u00ae\" \/>\n<meta property=\"og:description\" content=\"Takket v\u00e6re Hemsedals h\u00f8ye beliggenhet er skisesongen lang. F\u00fdri Resort har en praktisk beliggenhet med ski-in \/ ski-out.\" \/>\n<meta property=\"og:url\" content=\"https:\/\/fyriresort.com\/no\/aktiviteter\/vinter\/\" \/>\n<meta property=\"og:site_name\" content=\"Fyri\u00ae\" \/>\n<meta property=\"article:publisher\" content=\"https:\/\/www.facebook.com\/FyriResort\" \/>\n<meta property=\"article:modified_time\" content=\"2026-08-28T10:26:41+00:00\" \/>\n<meta property=\"og:image\" content=\"https:\/\/fyriresort.com\/wp-content\/uploads\/2022\/05\/OG-image-fyri-aktiviteter-vinter.jpg\" \/>\n\t<meta property=\"og:image:width\" content=\"1200\" \/>\n\t<meta property=\"og:image:height\" content=\"630\" \/>\n\t<meta property=\"og:image:type\" content=\"image\/jpeg\" \/>\n<meta name=\"twitter:label1\" content=\"Ansl. lesetid\" \/>\n\t<meta name=\"twitter:data1\" content=\"29 minutter\" \/>\n<script type=\"application\/ld+json\" class=\"yoast-schema-graph\">{\"@context\":\"https:\\\/\\\/schema.org\",\"@graph\":[{\"@type\":\"WebPage\",\"@id\":\"https:\\\/\\\/fyriresort.com\\\/no\\\/aktiviteter\\\/vinter\\\/\",\"url\":\"https:\\\/\\\/fyriresort.com\\\/no\\\/aktiviteter\\\/vinter\\\/\",\"name\":\"Vinteraktiviteter | Fyri\u00ae\",\"isPartOf\":{\"@id\":\"https:\\\/\\\/fyriresort.com\\\/no\\\/#website\"},\"datePublished\":\"2022-04-27T11:02:27+00:00\",\"dateModified\":\"2026-08-28T10:26:41+00:00\",\"description\":\"Takket v\u00e6re Hemsedals h\u00f8ye beliggenhet er skisesongen lang. F\u00fdri Resort har en praktisk beliggenhet med ski-in \\\/ ski-out.\",\"breadcrumb\":{\"@id\":\"https:\\\/\\\/fyriresort.com\\\/no\\\/aktiviteter\\\/vinter\\\/#breadcrumb\"},\"inLanguage\":\"nb-NO\",\"potentialAction\":[{\"@type\":\"ReadAction\",\"target\":[\"https:\\\/\\\/fyriresort.com\\\/no\\\/aktiviteter\\\/vinter\\\/\"]}]},{\"@type\":\"BreadcrumbList\",\"@id\":\"https:\\\/\\\/fyriresort.com\\\/no\\\/aktiviteter\\\/vinter\\\/#breadcrumb\",\"itemListElement\":[{\"@type\":\"ListItem\",\"position\":1,\"name\":\"Home\",\"item\":\"https:\\\/\\\/fyriresort.com\\\/no\\\/\"},{\"@type\":\"ListItem\",\"position\":2,\"name\":\"Vinter\"}]},{\"@type\":\"WebSite\",\"@id\":\"https:\\\/\\\/fyriresort.com\\\/no\\\/#website\",\"url\":\"https:\\\/\\\/fyriresort.com\\\/no\\\/\",\"name\":\"Fyri\u00ae\",\"description\":\"Resort of Norway\",\"publisher\":{\"@id\":\"https:\\\/\\\/fyriresort.com\\\/no\\\/#organization\"},\"potentialAction\":[{\"@type\":\"SearchAction\",\"target\":{\"@type\":\"EntryPoint\",\"urlTemplate\":\"https:\\\/\\\/fyriresort.com\\\/no\\\/?s={search_term_string}\"},\"query-input\":{\"@type\":\"PropertyValueSpecification\",\"valueRequired\":true,\"valueName\":\"search_term_string\"}}],\"inLanguage\":\"nb-NO\"},{\"@type\":\"Organization\",\"@id\":\"https:\\\/\\\/fyriresort.com\\\/no\\\/#organization\",\"name\":\"F\u00fdri Resort Hemsedal\",\"url\":\"https:\\\/\\\/fyriresort.com\\\/no\\\/\",\"logo\":{\"@type\":\"ImageObject\",\"inLanguage\":\"nb-NO\",\"@id\":\"https:\\\/\\\/fyriresort.com\\\/no\\\/#\\\/schema\\\/logo\\\/image\\\/\",\"url\":\"https:\\\/\\\/fyriresort.com\\\/wp-content\\\/uploads\\\/2026\\\/08\\\/Fyri_Resort_Icon.webp\",\"contentUrl\":\"https:\\\/\\\/fyriresort.com\\\/wp-content\\\/uploads\\\/2026\\\/08\\\/Fyri_Resort_Icon.webp\",\"width\":696,\"height\":696,\"caption\":\"F\u00fdri Resort Hemsedal\"},\"image\":{\"@id\":\"https:\\\/\\\/fyriresort.com\\\/no\\\/#\\\/schema\\\/logo\\\/image\\\/\"},\"sameAs\":[\"https:\\\/\\\/www.facebook.com\\\/FyriResort\"]}]}<\/script>\n<!-- \/ Yoast SEO plugin. -->","yoast_head_json":{"title":"Vinteraktiviteter | Fyri\u00ae","description":"Takket v\u00e6re Hemsedals h\u00f8ye beliggenhet er skisesongen lang. F\u00fdri Resort har en praktisk beliggenhet med ski-in \/ ski-out.","robots":{"index":"index","follow":"follow","max-snippet":"max-snippet:-1","max-image-preview":"max-image-preview:large","max-video-preview":"max-video-preview:-1"},"canonical":"https:\/\/fyriresort.com\/no\/aktiviteter\/vinter\/","og_locale":"nb_NO","og_type":"article","og_title":"Vinteraktiviteter | Fyri\u00ae","og_description":"Takket v\u00e6re Hemsedals h\u00f8ye beliggenhet er skisesongen lang. F\u00fdri Resort har en praktisk beliggenhet med ski-in \/ ski-out.","og_url":"https:\/\/fyriresort.com\/no\/aktiviteter\/vinter\/","og_site_name":"Fyri\u00ae","article_publisher":"https:\/\/www.facebook.com\/FyriResort","article_modified_time":"2026-08-28T10:26:41+00:00","og_image":[{"width":1200,"height":630,"url":"https:\/\/fyriresort.com\/wp-content\/uploads\/2022\/05\/OG-image-fyri-aktiviteter-vinter.jpg","type":"image\/jpeg"}],"twitter_misc":{"Ansl. lesetid":"29 minutter"},"schema":{"@context":"https:\/\/schema.org","@graph":[{"@type":"WebPage","@id":"https:\/\/fyriresort.com\/no\/aktiviteter\/vinter\/","url":"https:\/\/fyriresort.com\/no\/aktiviteter\/vinter\/","name":"Vinteraktiviteter | Fyri\u00ae","isPartOf":{"@id":"https:\/\/fyriresort.com\/no\/#website"},"datePublished":"2022-04-27T11:02:27+00:00","dateModified":"2026-08-28T10:26:41+00:00","description":"Takket v\u00e6re Hemsedals h\u00f8ye beliggenhet er skisesongen lang. F\u00fdri Resort har en praktisk beliggenhet med ski-in \/ ski-out.","breadcrumb":{"@id":"https:\/\/fyriresort.com\/no\/aktiviteter\/vinter\/#breadcrumb"},"inLanguage":"nb-NO","potentialAction":[{"@type":"ReadAction","target":["https:\/\/fyriresort.com\/no\/aktiviteter\/vinter\/"]}]},{"@type":"BreadcrumbList","@id":"https:\/\/fyriresort.com\/no\/aktiviteter\/vinter\/#breadcrumb","itemListElement":[{"@type":"ListItem","position":1,"name":"Home","item":"https:\/\/fyriresort.com\/no\/"},{"@type":"ListItem","position":2,"name":"Vinter"}]},{"@type":"WebSite","@id":"https:\/\/fyriresort.com\/no\/#website","url":"https:\/\/fyriresort.com\/no\/","name":"Fyri\u00ae","description":"Resort of Norway","publisher":{"@id":"https:\/\/fyriresort.com\/no\/#organization"},"potentialAction":[{"@type":"SearchAction","target":{"@type":"EntryPoint","urlTemplate":"https:\/\/fyriresort.com\/no\/?s={search_term_string}"},"query-input":{"@type":"PropertyValueSpecification","valueRequired":true,"valueName":"search_term_string"}}],"inLanguage":"nb-NO"},{"@type":"Organization","@id":"https:\/\/fyriresort.com\/no\/#organization","name":"F\u00fdri Resort Hemsedal","url":"https:\/\/fyriresort.com\/no\/","logo":{"@type":"ImageObject","inLanguage":"nb-NO","@id":"https:\/\/fyriresort.com\/no\/#\/schema\/logo\/image\/","url":"https:\/\/fyriresort.com\/wp-content\/uploads\/2026\/08\/Fyri_Resort_Icon.webp","contentUrl":"https:\/\/fyriresort.com\/wp-content\/uploads\/2026\/08\/Fyri_Resort_Icon.webp","width":696,"height":696,"caption":"F\u00fdri Resort Hemsedal"},"image":{"@id":"https:\/\/fyriresort.com\/no\/#\/schema\/logo\/image\/"},"sameAs":["https:\/\/www.facebook.com\/FyriResort"]}]}},"_links":{"self":[{"href":"https:\/\/fyriresort.com\/no\/wp-json\/wp\/v2\/pages\/21065","targetHints":{"allow":["GET"]}}],"collection":[{"href":"https:\/\/fyriresort.com\/no\/wp-json\/wp\/v2\/pages"}],"about":[{"href":"https:\/\/fyriresort.com\/no\/wp-json\/wp\/v2\/types\/page"}],"author":[{"embeddable":true,"href":"https:\/\/fyriresort.com\/no\/wp-json\/wp\/v2\/users\/15"}],"replies":[{"embeddable":true,"href":"https:\/\/fyriresort.com\/no\/wp-json\/wp\/v2\/comments?post=21065"}],"version-history":[{"count":8,"href":"https:\/\/fyriresort.com\/no\/wp-json\/wp\/v2\/pages\/21065\/revisions"}],"predecessor-version":[{"id":42344,"href":"https:\/\/fyriresort.com\/no\/wp-json\/wp\/v2\/pages\/21065\/revisions\/42344"}],"up":[{"embeddable":true,"href":"https:\/\/fyriresort.com\/no\/wp-json\/wp\/v2\/pages\/40420"}],"wp:attachment":[{"href":"https:\/\/fyriresort.com\/no\/wp-json\/wp\/v2\/media?parent=21065"}],"curies":[{"name":"wp","href":"https:\/\/api.w.org\/{rel}","templated":true}]}}